{"id":9686,"date":"2023-10-11T17:47:51","date_gmt":"2023-10-11T20:47:51","guid":{"rendered":"https:\/\/www.ficindaial.com.br\/fundacao\/?page_id=9686"},"modified":"2023-10-25T10:31:36","modified_gmt":"2023-10-25T13:31:36","slug":"receitas-e-mostras-fic-2023","status":"publish","type":"page","link":"https:\/\/www.ficindaial.com.br\/fundacao\/receitas-e-mostras-fic-2023\/","title":{"rendered":"Recitais e Mostras FIC &#8211; 2023"},"content":{"rendered":"\n<p>A Funda\u00e7\u00e3o Indaialense de Cultura inicia seus recitais e mostra de  fim de ano dos <strong>Cursos da FIC e Programa Sensibilizarte. <\/strong><\/p>\n\n\n\n<div class=\"wp-block-image\"><figure class=\"alignright is-resized\"><img loading=\"lazy\" decoding=\"async\" src=\"https:\/\/www.ficindaial.com.br\/fundacao\/wp-content\/uploads\/2023\/10\/RECITAL-21-1024x1024.png\" alt=\"\" class=\"wp-image-9726\" width=\"256\" height=\"256\" srcset=\"https:\/\/www.ficindaial.com.br\/fundacao\/wp-content\/uploads\/2023\/10\/RECITAL-21-1024x1024.png 1024w, https:\/\/www.ficindaial.com.br\/fundacao\/wp-content\/uploads\/2023\/10\/RECITAL-21-150x150.png 150w, https:\/\/www.ficindaial.com.br\/fundacao\/wp-content\/uploads\/2023\/10\/RECITAL-21-300x300.png 300w, https:\/\/www.ficindaial.com.br\/fundacao\/wp-content\/uploads\/2023\/10\/RECITAL-21-768x768.png 768w, https:\/\/www.ficindaial.com.br\/fundacao\/wp-content\/uploads\/2023\/10\/RECITAL-21-270x270.png 270w, https:\/\/www.ficindaial.com.br\/fundacao\/wp-content\/uploads\/2023\/10\/RECITAL-21-230x230.png 230w, https:\/\/www.ficindaial.com.br\/fundacao\/wp-content\/uploads\/2023\/10\/RECITAL-21.png 1080w\" sizes=\"(max-width: 256px) 100vw, 256px\" \/><\/figure><\/div>\n\n\n\n<p>Os recitais e mostras de fim de ano s\u00e3o uma tradi\u00e7\u00e3o da Funda\u00e7\u00e3o Indaialense de Cultura e representam uma oportunidade \u00fanica para que os alunos possam apresentar ao p\u00fablico o resultado de todo o esfor\u00e7o e dedica\u00e7\u00e3o dedicados aos cursos oferecidos pela institui\u00e7\u00e3o ao longo do ano.<\/p>\n\n\n\n<p>Al\u00e9m disso, as apresenta\u00e7\u00f5es permitem que os familiares e amigos dos alunos possam compartilhar desse momento especial, acompanhando de perto o desenvolvimento art\u00edstico e cultural de seus entes queridos.<\/p>\n\n\n\n<p>A FIC oferece uma ampla variedade de cursos, que v\u00e3o desde aulas de m\u00fasica e dan\u00e7a at\u00e9 oficinas de teatro e desenho. Essa diversidade contribui para a forma\u00e7\u00e3o de um p\u00fablico ecl\u00e9tico e interessado em diferentes formas de express\u00e3o art\u00edstica.<\/p>\n\n\n\n<p>Assim, as apresenta\u00e7\u00f5es de fim de ano da Funda\u00e7\u00e3o Indaialense de Cultura s\u00e3o uma celebra\u00e7\u00e3o da diversidade e da arte, um momento de encontro entre alunos, familiares e amigos.<\/p>\n\n\n\n<hr class=\"wp-block-separator\"\/>\n\n\n\n<h4 class=\"wp-block-heading\"><strong>Confira abaixo a Programa\u00e7\u00e3o:<\/strong><\/h4>\n\n\n\n<hr class=\"wp-block-separator\"\/>\n\n\n\n<div class=\"wp-block-image\"><figure class=\"alignleft is-resized\"><img loading=\"lazy\" decoding=\"async\" src=\"https:\/\/www.ficindaial.com.br\/fundacao\/wp-content\/uploads\/2023\/10\/RECITAL-20-1024x1024.png\" alt=\"\" class=\"wp-image-9724\" width=\"323\" height=\"323\" srcset=\"https:\/\/www.ficindaial.com.br\/fundacao\/wp-content\/uploads\/2023\/10\/RECITAL-20-1024x1024.png 1024w, https:\/\/www.ficindaial.com.br\/fundacao\/wp-content\/uploads\/2023\/10\/RECITAL-20-150x150.png 150w, https:\/\/www.ficindaial.com.br\/fundacao\/wp-content\/uploads\/2023\/10\/RECITAL-20-300x300.png 300w, https:\/\/www.ficindaial.com.br\/fundacao\/wp-content\/uploads\/2023\/10\/RECITAL-20-768x768.png 768w, https:\/\/www.ficindaial.com.br\/fundacao\/wp-content\/uploads\/2023\/10\/RECITAL-20-270x270.png 270w, https:\/\/www.ficindaial.com.br\/fundacao\/wp-content\/uploads\/2023\/10\/RECITAL-20-230x230.png 230w, https:\/\/www.ficindaial.com.br\/fundacao\/wp-content\/uploads\/2023\/10\/RECITAL-20.png 1080w\" sizes=\"(max-width: 323px) 100vw, 323px\" \/><\/figure><\/div>\n\n\n\n<p><strong>RECITAL DE INSTRUMENTOS DE SOPROS<\/strong><br><strong>Data<\/strong>: 18 de Outubro<br><strong>Hor\u00e1rio<\/strong>: 19 horas<br><strong>Local<\/strong>: Galp\u00e3o das Artes &#8220;Prof. M\u00e1rio Dem\u00e9trio&#8221; anexo \u00e0 FIC <\/p>\n\n\n\n<p>Apresenta\u00e7\u00e3o dos alunos da FIC  com o  Prof. Alexandre Lira e do Programa SensibilizArte com os  monitores: <br>Alexandre Cardozo Filho com alunos da ABN &#8211; Associa\u00e7\u00e3o do Bairro das Na\u00e7\u00f5es; <br>Luan Felipe Ramos com alunos da E.B.M. Encano Baixo Rudolfo Alfarth; e Luana Beatriz Ramos com alunos da ABN &#8211; Associa\u00e7\u00e3o do Bairro das Na\u00e7\u00f5es e E.B.M. Juvenal Carvalho  <\/p>\n\n\n\n<hr class=\"wp-block-separator\"\/>\n\n\n\n<div style=\"height:53px\" aria-hidden=\"true\" class=\"wp-block-spacer\"><\/div>\n\n\n\n<div class=\"wp-block-image\"><figure class=\"alignleft is-resized\"><img loading=\"lazy\" decoding=\"async\" src=\"https:\/\/www.ficindaial.com.br\/fundacao\/wp-content\/uploads\/2023\/10\/RECITAL-11-1024x1024.png\" alt=\"\" class=\"wp-image-9699\" width=\"330\" height=\"330\" srcset=\"https:\/\/www.ficindaial.com.br\/fundacao\/wp-content\/uploads\/2023\/10\/RECITAL-11-1024x1024.png 1024w, https:\/\/www.ficindaial.com.br\/fundacao\/wp-content\/uploads\/2023\/10\/RECITAL-11-150x150.png 150w, https:\/\/www.ficindaial.com.br\/fundacao\/wp-content\/uploads\/2023\/10\/RECITAL-11-300x300.png 300w, https:\/\/www.ficindaial.com.br\/fundacao\/wp-content\/uploads\/2023\/10\/RECITAL-11-768x768.png 768w, https:\/\/www.ficindaial.com.br\/fundacao\/wp-content\/uploads\/2023\/10\/RECITAL-11-270x270.png 270w, https:\/\/www.ficindaial.com.br\/fundacao\/wp-content\/uploads\/2023\/10\/RECITAL-11-230x230.png 230w, https:\/\/www.ficindaial.com.br\/fundacao\/wp-content\/uploads\/2023\/10\/RECITAL-11.png 1080w\" sizes=\"(max-width: 330px) 100vw, 330px\" \/><\/figure><\/div>\n\n\n\n<p><strong><span style=\"background-color: rgb(232, 234, 235);\">MOSTRA CURSO DE MUSICALIZA\u00c7\u00c3O INFANTIL<\/span><\/strong><\/p>\n\n\n\n<p><strong>Data<\/strong>: 19 de Outubro<br><strong>Hor\u00e1rio<\/strong>: 19 horas<br><strong>Local<\/strong>: Galp\u00e3o das Artes &#8220;Prof. M\u00e1rio Dem\u00e9trio&#8221; anexo \u00e0 FIC  <\/p>\n\n\n\n<p>Apresenta\u00e7\u00e3o dos alunos de Musicaliza\u00e7\u00e3o Infantil com a Prof. Viviane Wendorf May.<\/p>\n\n\n\n<div style=\"height:100px\" aria-hidden=\"true\" class=\"wp-block-spacer\"><\/div>\n\n\n\n<hr class=\"wp-block-separator\"\/>\n\n\n\n<div class=\"wp-block-image\"><figure class=\"alignleft is-resized\"><img loading=\"lazy\" decoding=\"async\" src=\"https:\/\/www.ficindaial.com.br\/fundacao\/wp-content\/uploads\/2023\/10\/RECITAL-12-1024x1024.png\" alt=\"\" class=\"wp-image-9700\" width=\"328\" height=\"328\" srcset=\"https:\/\/www.ficindaial.com.br\/fundacao\/wp-content\/uploads\/2023\/10\/RECITAL-12-1024x1024.png 1024w, https:\/\/www.ficindaial.com.br\/fundacao\/wp-content\/uploads\/2023\/10\/RECITAL-12-150x150.png 150w, https:\/\/www.ficindaial.com.br\/fundacao\/wp-content\/uploads\/2023\/10\/RECITAL-12-300x300.png 300w, https:\/\/www.ficindaial.com.br\/fundacao\/wp-content\/uploads\/2023\/10\/RECITAL-12-768x768.png 768w, https:\/\/www.ficindaial.com.br\/fundacao\/wp-content\/uploads\/2023\/10\/RECITAL-12-270x270.png 270w, https:\/\/www.ficindaial.com.br\/fundacao\/wp-content\/uploads\/2023\/10\/RECITAL-12-230x230.png 230w, https:\/\/www.ficindaial.com.br\/fundacao\/wp-content\/uploads\/2023\/10\/RECITAL-12.png 1080w\" sizes=\"(max-width: 328px) 100vw, 328px\" \/><\/figure><\/div>\n\n\n\n<p><strong>RECITAL DE VIOLINO<\/strong><\/p>\n\n\n\n<p><strong>Data<\/strong>: 20 de Outubro<br><strong>Hor\u00e1rio<\/strong>: 19 horas<br><strong>Local<\/strong>: Galp\u00e3o das Artes &#8220;Prof. M\u00e1rio Dem\u00e9trio&#8221; anexo \u00e0 FIC  <\/p>\n\n\n\n<p>Apresenta\u00e7\u00e3o dos alunos do curso de Violino da FIC com a Prof\u00aa. N\u00e1talie Nietsche.<\/p>\n\n\n\n<hr class=\"wp-block-separator\"\/>\n\n\n\n<div style=\"height:146px\" aria-hidden=\"true\" class=\"wp-block-spacer\"><\/div>\n\n\n\n<div class=\"wp-block-image\"><figure class=\"alignleft is-resized\"><img loading=\"lazy\" decoding=\"async\" src=\"https:\/\/www.ficindaial.com.br\/fundacao\/wp-content\/uploads\/2023\/10\/RECITAL-13-1024x1024.png\" alt=\"\" class=\"wp-image-9701\" width=\"330\" height=\"330\" srcset=\"https:\/\/www.ficindaial.com.br\/fundacao\/wp-content\/uploads\/2023\/10\/RECITAL-13-1024x1024.png 1024w, https:\/\/www.ficindaial.com.br\/fundacao\/wp-content\/uploads\/2023\/10\/RECITAL-13-150x150.png 150w, https:\/\/www.ficindaial.com.br\/fundacao\/wp-content\/uploads\/2023\/10\/RECITAL-13-300x300.png 300w, https:\/\/www.ficindaial.com.br\/fundacao\/wp-content\/uploads\/2023\/10\/RECITAL-13-768x768.png 768w, https:\/\/www.ficindaial.com.br\/fundacao\/wp-content\/uploads\/2023\/10\/RECITAL-13-270x270.png 270w, https:\/\/www.ficindaial.com.br\/fundacao\/wp-content\/uploads\/2023\/10\/RECITAL-13-230x230.png 230w, https:\/\/www.ficindaial.com.br\/fundacao\/wp-content\/uploads\/2023\/10\/RECITAL-13.png 1080w\" sizes=\"(max-width: 330px) 100vw, 330px\" \/><\/figure><\/div>\n\n\n\n<p><strong>RECITAL DE VIOLINO<\/strong><\/p>\n\n\n\n<p><strong>Data<\/strong>: 25 de Outubro<br><strong>Hor\u00e1rio<\/strong>: 19 horas<br><strong>Local<\/strong>: Galp\u00e3o das Artes &#8220;Prof. M\u00e1rio Dem\u00e9trio&#8221; anexo \u00e0 FIC  <\/p>\n\n\n\n<p>Apresenta\u00e7\u00e3o dos alunos do curso de Violino da FIC com o Prof. Paulo Lira.<\/p>\n\n\n\n<hr class=\"wp-block-separator\"\/>\n\n\n\n<div style=\"height:100px\" aria-hidden=\"true\" class=\"wp-block-spacer\"><\/div>\n\n\n\n<div class=\"wp-block-image\"><figure class=\"alignleft is-resized\"><img loading=\"lazy\" decoding=\"async\" src=\"https:\/\/www.ficindaial.com.br\/fundacao\/wp-content\/uploads\/2023\/10\/5-VIOL\u00c3O-CL\u00c1SSICO-POPULAR-1-1024x1024.png\" alt=\"\" class=\"wp-image-9702\" width=\"322\" height=\"322\" srcset=\"https:\/\/www.ficindaial.com.br\/fundacao\/wp-content\/uploads\/2023\/10\/5-VIOL\u00c3O-CL\u00c1SSICO-POPULAR-1-1024x1024.png 1024w, https:\/\/www.ficindaial.com.br\/fundacao\/wp-content\/uploads\/2023\/10\/5-VIOL\u00c3O-CL\u00c1SSICO-POPULAR-1-150x150.png 150w, https:\/\/www.ficindaial.com.br\/fundacao\/wp-content\/uploads\/2023\/10\/5-VIOL\u00c3O-CL\u00c1SSICO-POPULAR-1-300x300.png 300w, https:\/\/www.ficindaial.com.br\/fundacao\/wp-content\/uploads\/2023\/10\/5-VIOL\u00c3O-CL\u00c1SSICO-POPULAR-1-768x768.png 768w, https:\/\/www.ficindaial.com.br\/fundacao\/wp-content\/uploads\/2023\/10\/5-VIOL\u00c3O-CL\u00c1SSICO-POPULAR-1-270x270.png 270w, https:\/\/www.ficindaial.com.br\/fundacao\/wp-content\/uploads\/2023\/10\/5-VIOL\u00c3O-CL\u00c1SSICO-POPULAR-1-230x230.png 230w, https:\/\/www.ficindaial.com.br\/fundacao\/wp-content\/uploads\/2023\/10\/5-VIOL\u00c3O-CL\u00c1SSICO-POPULAR-1.png 1080w\" sizes=\"(max-width: 322px) 100vw, 322px\" \/><\/figure><\/div>\n\n\n\n<p><strong>RECITAL DE VIOL\u00c3O CL\u00c1SSICO E VIOL\u00c3O POPULAR<\/strong><\/p>\n\n\n\n<p><strong>Data<\/strong>: 26 de Outubro<br><strong>Hor\u00e1rio<\/strong>: 19 horas<br><strong>Local<\/strong>: Galp\u00e3o das Artes &#8220;Prof. M\u00e1rio Dem\u00e9trio&#8221; anexo \u00e0 FIC  <\/p>\n\n\n\n<p>Apresenta\u00e7\u00e3o dos alunos do curso de Viol\u00e3o Cl\u00e1ssico e Viol\u00e3o Popular da FIC com o Prof. M\u00e1rcio Kuhn.<\/p>\n\n\n\n<hr class=\"wp-block-separator\"\/>\n\n\n\n<div style=\"height:100px\" aria-hidden=\"true\" class=\"wp-block-spacer\"><\/div>\n\n\n\n<div class=\"wp-block-image\"><figure class=\"alignleft is-resized\"><img loading=\"lazy\" decoding=\"async\" src=\"https:\/\/www.ficindaial.com.br\/fundacao\/wp-content\/uploads\/2023\/10\/RECITAL-13-1-1024x1024.png\" alt=\"\" class=\"wp-image-9703\" width=\"325\" height=\"325\" srcset=\"https:\/\/www.ficindaial.com.br\/fundacao\/wp-content\/uploads\/2023\/10\/RECITAL-13-1-1024x1024.png 1024w, https:\/\/www.ficindaial.com.br\/fundacao\/wp-content\/uploads\/2023\/10\/RECITAL-13-1-150x150.png 150w, https:\/\/www.ficindaial.com.br\/fundacao\/wp-content\/uploads\/2023\/10\/RECITAL-13-1-300x300.png 300w, https:\/\/www.ficindaial.com.br\/fundacao\/wp-content\/uploads\/2023\/10\/RECITAL-13-1-768x768.png 768w, https:\/\/www.ficindaial.com.br\/fundacao\/wp-content\/uploads\/2023\/10\/RECITAL-13-1-270x270.png 270w, https:\/\/www.ficindaial.com.br\/fundacao\/wp-content\/uploads\/2023\/10\/RECITAL-13-1-230x230.png 230w, https:\/\/www.ficindaial.com.br\/fundacao\/wp-content\/uploads\/2023\/10\/RECITAL-13-1.png 1080w\" sizes=\"(max-width: 325px) 100vw, 325px\" \/><\/figure><\/div>\n\n\n\n<p><strong>RECITAL DE VIOL\u00c3O POPULAR<\/strong><\/p>\n\n\n\n<p><strong>Data<\/strong>: 27 de Outubro<br><strong>Hor\u00e1rio<\/strong>: 19 horas<br><strong>Local<\/strong>: Galp\u00e3o das Artes &#8220;Prof. M\u00e1rio Dem\u00e9trio&#8221; anexo \u00e0 FIC  <\/p>\n\n\n\n<p>Apresenta\u00e7\u00e3o dos alunos do curso de Viol\u00e3o Popular da FIC com o Prof. Guilherme Christen.<\/p>\n\n\n\n<hr class=\"wp-block-separator\"\/>\n\n\n\n<div style=\"height:100px\" aria-hidden=\"true\" class=\"wp-block-spacer\"><\/div>\n\n\n\n<div class=\"wp-block-image\"><figure class=\"alignleft is-resized\"><img loading=\"lazy\" decoding=\"async\" src=\"https:\/\/www.ficindaial.com.br\/fundacao\/wp-content\/uploads\/2023\/10\/RECITAL-14-1024x1024.png\" alt=\"\" class=\"wp-image-9704\" width=\"322\" height=\"322\" srcset=\"https:\/\/www.ficindaial.com.br\/fundacao\/wp-content\/uploads\/2023\/10\/RECITAL-14-1024x1024.png 1024w, https:\/\/www.ficindaial.com.br\/fundacao\/wp-content\/uploads\/2023\/10\/RECITAL-14-150x150.png 150w, https:\/\/www.ficindaial.com.br\/fundacao\/wp-content\/uploads\/2023\/10\/RECITAL-14-300x300.png 300w, https:\/\/www.ficindaial.com.br\/fundacao\/wp-content\/uploads\/2023\/10\/RECITAL-14-768x768.png 768w, https:\/\/www.ficindaial.com.br\/fundacao\/wp-content\/uploads\/2023\/10\/RECITAL-14-270x270.png 270w, https:\/\/www.ficindaial.com.br\/fundacao\/wp-content\/uploads\/2023\/10\/RECITAL-14-230x230.png 230w, https:\/\/www.ficindaial.com.br\/fundacao\/wp-content\/uploads\/2023\/10\/RECITAL-14.png 1080w\" sizes=\"(max-width: 322px) 100vw, 322px\" \/><\/figure><\/div>\n\n\n\n<p><strong>MOSTRA DE TEATRO<\/strong><\/p>\n\n\n\n<p><strong>Data<\/strong>: 28 de Outubro<br><strong>Hor\u00e1rio<\/strong>: 16h30min<br><strong>Local<\/strong>: Galp\u00e3o das Artes &#8220;Prof. M\u00e1rio Dem\u00e9trio&#8221; anexo \u00e0 FIC  <\/p>\n\n\n\n<p>Apresenta\u00e7\u00e3o dos alunos do curso de Tetro da FIC com a Prof\u00aa. Liziane Largura.<\/p>\n\n\n\n<p> <\/p>\n\n\n\n<p><strong>PE\u00c7AS:<\/strong><\/p>\n\n\n\n<p><strong>1 &#8211; O JUIZ DE PAZ DA RO\u00c7A<\/strong>   <\/p>\n\n\n\n<p> A montagem retrata a simplicidade das pessoas da&nbsp;ro\u00e7a&nbsp;representadas na fam\u00edlia do Sr. Manuel Jo\u00e3o e sua mulher Maria rosa que se preocupam em casar sua filha, que j\u00e1 tem seu pretendente e outros moradores da&nbsp;ro\u00e7a&nbsp;que aceitam inocentemente a leviandade de um&nbsp;juiz&nbsp;de&nbsp;paz&nbsp;que resolve cobi\u00e7oso os problemas que envolvem estes moradores na&nbsp;ro\u00e7a.<\/p>\n\n\n\n<p>\n<strong>2 &#8211; ALMO\u00c7O EM FAM\u00cdLIA<\/strong>    \n<\/p>\n\n\n\n<p> A cena retrata uma fam\u00edlia no seu almo\u00e7o de domingo, mostrando ao p\u00fablico os personagens t\u00edpicos de se encontrar em todas as fam\u00edlias.<\/p>\n\n\n\n<p>\n<strong>3 &#8211; O QUE ACONTECEU COM AS LINDAS ROSAS JUVENIS? <\/strong>   \n<\/p>\n\n\n\n<p> A cena baseada na m\u00fasica A Linda Rosa Juvenil traz a narrativa das Meninas Rosas que mant\u00e9m um lindo jardim, a beleza das meninas e o lindo jardim despertam a inveja das bruxas m\u00e1s, que fazem as meninas dormirem em sono profundo. Com o passar do tempo elas s\u00e3o encontradas pelos reis quando veem para visit\u00e1-las e as despertam do sono profundo.<\/p>\n\n\n\n<p>\n<strong>4 &#8211; CHAPEUZINHO VERMELHO E OS LOBOS MAUS<\/strong>               \n<\/p>\n\n\n\n<p>\nQual seria o lobo mau nos dias que vivemos? Diante desse\nquestionamento, a turma encontrou alguns \u201clobos maus\u201d. A cena\nprop\u00f5e uma reflex\u00e3o sobre uma realidade que est\u00e1 perto de todos\nn\u00f3s.<\/p>\n\n\n\n<p>\n<strong>5 &#8211; AS PRINCESAS QUE N\u00c3O PRECISAM DE SEUS PR\u00cdNCIPES PARA SEREM\nFELIZES PARA SEMPRE<\/strong> \n<\/p>\n\n\n\n<p>\nTodas as garotas podem ser princesas, mas as conhecidas princesas que\ns\u00f3 seriam felizes para sempre ap\u00f3s serem salvas pelos seus\npr\u00edncipes trouxe para o turma um questionamento. Quem s\u00e3o as\nprincesas da atualidade que vivem ao nosso redor? Nos dias atuais as\nprincesas resolvem escrever suas pr\u00f3prias hist\u00f3rias com o final que\nelas desejam para serem felizes.<\/p>\n\n\n\n<p>\n<strong>6 &#8211; MACHISMO OCULTO<\/strong>        \n<\/p>\n\n\n\n<p>\nDe brincadeiras, de frase em frase, de a\u00e7\u00e3o em a\u00e7\u00e3o, o menosprezo\n\u00e0 mulher vai se configurando e se projetando a uma normalidade com\nconsequ\u00eancias futuras. \n<\/p>\n\n\n\n<p> <strong>7 &#8211; ROMEU E JULIETA <\/strong><\/p>\n\n\n\n<p> Ser\u00e1 que interpretar Romeu e Julieta na sua complexidade e na sua trag\u00e9dia seria nossa escolha como turma? Ou ser\u00e1 que podemos nos instigar a imaginar o que acontece nas entrelinhas de Romeu e Julieta para trazer para a cena?<\/p>\n\n\n\n<p><\/p>\n\n\n\n<hr class=\"wp-block-separator\"\/>\n\n\n\n<div style=\"height:56px\" aria-hidden=\"true\" class=\"wp-block-spacer\"><\/div>\n\n\n\n<div class=\"wp-block-image\"><figure class=\"alignleft is-resized\"><img loading=\"lazy\" decoding=\"async\" src=\"https:\/\/www.ficindaial.com.br\/fundacao\/wp-content\/uploads\/2023\/10\/RECITAL-15-1024x1024.png\" alt=\"\" class=\"wp-image-9706\" width=\"328\" height=\"328\" srcset=\"https:\/\/www.ficindaial.com.br\/fundacao\/wp-content\/uploads\/2023\/10\/RECITAL-15-1024x1024.png 1024w, https:\/\/www.ficindaial.com.br\/fundacao\/wp-content\/uploads\/2023\/10\/RECITAL-15-150x150.png 150w, https:\/\/www.ficindaial.com.br\/fundacao\/wp-content\/uploads\/2023\/10\/RECITAL-15-300x300.png 300w, https:\/\/www.ficindaial.com.br\/fundacao\/wp-content\/uploads\/2023\/10\/RECITAL-15-768x768.png 768w, https:\/\/www.ficindaial.com.br\/fundacao\/wp-content\/uploads\/2023\/10\/RECITAL-15-270x270.png 270w, https:\/\/www.ficindaial.com.br\/fundacao\/wp-content\/uploads\/2023\/10\/RECITAL-15-230x230.png 230w, https:\/\/www.ficindaial.com.br\/fundacao\/wp-content\/uploads\/2023\/10\/RECITAL-15.png 1080w\" sizes=\"(max-width: 328px) 100vw, 328px\" \/><\/figure><\/div>\n\n\n\n<p><strong>RECITAL DE VIOLINO E VIOLONCELO<\/strong><\/p>\n\n\n\n<p><strong>Data<\/strong>: 08 de Novembro<br><strong>Hor\u00e1rio<\/strong>: 19 horas<br><strong>Local<\/strong>: Galp\u00e3o das Artes &#8220;Prof. M\u00e1rio Dem\u00e9trio&#8221; anexo \u00e0 FIC  <\/p>\n\n\n\n<p>Apresenta\u00e7\u00e3o dos alunos do curso de Violoncelo do Programa SensibilizArte com o monitor Lenno Yuri Siqueira e alunos do Curso de Violino do Programa SensibilizArte com os  monitores:  Amanda Heckmann &#8211; alunos  da Comunidade Sagrada Fam\u00edlia;<br>Luiz Gabriel da Silva &#8211; alunos da E.B.M. Arapongas, Igreja Matriz S\u00e3o Fransisco de Assis, Comunidade S\u00e3o Judas Tadeu e FIC; Wellington Vaz Duggen com alunos da E.B.M. Encano Baixo Rudolfo Alfarth e Yasmin Blunk  alunos com aulas na Shalom Indaial e Comunidade Sagrada Fam\u00edlia. <\/p>\n\n\n\n<div style=\"height:100px\" aria-hidden=\"true\" class=\"wp-block-spacer\"><\/div>\n\n\n\n<hr class=\"wp-block-separator\"\/>\n\n\n\n<div class=\"wp-block-image\"><figure class=\"alignleft is-resized\"><img loading=\"lazy\" decoding=\"async\" src=\"https:\/\/www.ficindaial.com.br\/fundacao\/wp-content\/uploads\/2023\/10\/RECITAL-17-1024x1024.png\" alt=\"\" class=\"wp-image-9708\" width=\"332\" height=\"332\" srcset=\"https:\/\/www.ficindaial.com.br\/fundacao\/wp-content\/uploads\/2023\/10\/RECITAL-17-1024x1024.png 1024w, https:\/\/www.ficindaial.com.br\/fundacao\/wp-content\/uploads\/2023\/10\/RECITAL-17-150x150.png 150w, https:\/\/www.ficindaial.com.br\/fundacao\/wp-content\/uploads\/2023\/10\/RECITAL-17-300x300.png 300w, https:\/\/www.ficindaial.com.br\/fundacao\/wp-content\/uploads\/2023\/10\/RECITAL-17-768x768.png 768w, https:\/\/www.ficindaial.com.br\/fundacao\/wp-content\/uploads\/2023\/10\/RECITAL-17-270x270.png 270w, https:\/\/www.ficindaial.com.br\/fundacao\/wp-content\/uploads\/2023\/10\/RECITAL-17-230x230.png 230w, https:\/\/www.ficindaial.com.br\/fundacao\/wp-content\/uploads\/2023\/10\/RECITAL-17.png 1080w\" sizes=\"(max-width: 332px) 100vw, 332px\" \/><\/figure><\/div>\n\n\n\n<p><strong>RECITAL DE CANTO<\/strong><\/p>\n\n\n\n<p><strong>Data<\/strong>: 09 de Novembro<br><strong>Hor\u00e1rio<\/strong>: 19 horas<br><strong>Local<\/strong>: Galp\u00e3o das Artes &#8220;Prof. M\u00e1rio Dem\u00e9trio&#8221; anexo \u00e0 FIC  <\/p>\n\n\n\n<p>Apresenta\u00e7\u00e3o dos alunos de Canto da FIC  com o Prof. Caio Fernando de Oliveira e do Programa SensibilizArte com a Monitora Jordana da Concei\u00e7\u00e3o Santos.<\/p>\n\n\n\n<div style=\"height:100px\" aria-hidden=\"true\" class=\"wp-block-spacer\"><\/div>\n\n\n\n<hr class=\"wp-block-separator\"\/>\n\n\n\n<div class=\"wp-block-image\"><figure class=\"alignleft is-resized\"><img loading=\"lazy\" decoding=\"async\" src=\"https:\/\/www.ficindaial.com.br\/fundacao\/wp-content\/uploads\/2023\/10\/10-PIANO-1024x1024.png\" alt=\"\" class=\"wp-image-9709\" width=\"330\" height=\"330\" srcset=\"https:\/\/www.ficindaial.com.br\/fundacao\/wp-content\/uploads\/2023\/10\/10-PIANO-1024x1024.png 1024w, https:\/\/www.ficindaial.com.br\/fundacao\/wp-content\/uploads\/2023\/10\/10-PIANO-150x150.png 150w, https:\/\/www.ficindaial.com.br\/fundacao\/wp-content\/uploads\/2023\/10\/10-PIANO-300x300.png 300w, https:\/\/www.ficindaial.com.br\/fundacao\/wp-content\/uploads\/2023\/10\/10-PIANO-768x768.png 768w, https:\/\/www.ficindaial.com.br\/fundacao\/wp-content\/uploads\/2023\/10\/10-PIANO-270x270.png 270w, https:\/\/www.ficindaial.com.br\/fundacao\/wp-content\/uploads\/2023\/10\/10-PIANO-230x230.png 230w, https:\/\/www.ficindaial.com.br\/fundacao\/wp-content\/uploads\/2023\/10\/10-PIANO.png 1080w\" sizes=\"(max-width: 330px) 100vw, 330px\" \/><\/figure><\/div>\n\n\n\n<p><strong>RECITAL DE PIANO<\/strong><\/p>\n\n\n\n<p><strong>Data<\/strong>: 10 de Novembro<br><strong>Hor\u00e1rio<\/strong>: 19 horas<br><strong>Local<\/strong>: Galp\u00e3o das Artes &#8220;Prof. M\u00e1rio Dem\u00e9trio&#8221; anexo \u00e0 FIC  <\/p>\n\n\n\n<p>Apresenta\u00e7\u00e3o dos alunos de Piano da FIC  com a Prof.\u00aa Viviane Wendorf May e do Programa SensibilizArte com o Monitor Melga\u00e7o da Cunha.<\/p>\n\n\n\n<hr class=\"wp-block-separator\"\/>\n\n\n\n<div style=\"height:100px\" aria-hidden=\"true\" class=\"wp-block-spacer\"><\/div>\n\n\n\n<div class=\"wp-block-image\"><figure class=\"alignleft is-resized\"><img loading=\"lazy\" decoding=\"async\" src=\"https:\/\/www.ficindaial.com.br\/fundacao\/wp-content\/uploads\/2023\/10\/11-VIOL\u00c3O-1024x1024.png\" alt=\"\" class=\"wp-image-9710\" width=\"330\" height=\"330\" srcset=\"https:\/\/www.ficindaial.com.br\/fundacao\/wp-content\/uploads\/2023\/10\/11-VIOL\u00c3O-1024x1024.png 1024w, https:\/\/www.ficindaial.com.br\/fundacao\/wp-content\/uploads\/2023\/10\/11-VIOL\u00c3O-150x150.png 150w, https:\/\/www.ficindaial.com.br\/fundacao\/wp-content\/uploads\/2023\/10\/11-VIOL\u00c3O-300x300.png 300w, https:\/\/www.ficindaial.com.br\/fundacao\/wp-content\/uploads\/2023\/10\/11-VIOL\u00c3O-768x768.png 768w, https:\/\/www.ficindaial.com.br\/fundacao\/wp-content\/uploads\/2023\/10\/11-VIOL\u00c3O-270x270.png 270w, https:\/\/www.ficindaial.com.br\/fundacao\/wp-content\/uploads\/2023\/10\/11-VIOL\u00c3O-230x230.png 230w, https:\/\/www.ficindaial.com.br\/fundacao\/wp-content\/uploads\/2023\/10\/11-VIOL\u00c3O.png 1080w\" sizes=\"(max-width: 330px) 100vw, 330px\" \/><\/figure><\/div>\n\n\n\n<p><strong>RECITAL DE VIOL\u00c3O <\/strong><\/p>\n\n\n\n<p><strong>Data<\/strong>: 10 de Novembro<br><strong>Hor\u00e1rio<\/strong>: 19 horas<br><strong>Local<\/strong>: Galp\u00e3o das Artes &#8220;Prof. M\u00e1rio Dem\u00e9trio&#8221; anexo \u00e0 FIC  <\/p>\n\n\n\n<p>Apresenta\u00e7\u00e3o dos alunos de Viol\u00e3o do Programa SensibilizArte com os monitores: Caio Campos com os alunos que tem aula nas depend\u00eancias da Par\u00f3quia Santa In\u00eas, E.B. Mulde Baixa, E.B. Prof\u00aa \u00darsula Kroeger e alunos do monitor Matheus Serrat Guimar\u00e3es Ferreira com alunos do Col\u00e9gio Municipal de Indaial, Comunidade Sagrada Fam\u00edlia e Comunidade Santa Rita de C\u00e1ssia.<\/p>\n\n\n\n<hr class=\"wp-block-separator\"\/>\n\n\n\n<div style=\"height:100px\" aria-hidden=\"true\" class=\"wp-block-spacer\"><\/div>\n\n\n\n<div class=\"wp-block-image\"><figure class=\"alignleft is-resized\"><img loading=\"lazy\" decoding=\"async\" src=\"https:\/\/www.ficindaial.com.br\/fundacao\/wp-content\/uploads\/2023\/10\/RECITAL-19-1024x1024.png\" alt=\"\" class=\"wp-image-9711\" width=\"326\" height=\"326\" srcset=\"https:\/\/www.ficindaial.com.br\/fundacao\/wp-content\/uploads\/2023\/10\/RECITAL-19-1024x1024.png 1024w, https:\/\/www.ficindaial.com.br\/fundacao\/wp-content\/uploads\/2023\/10\/RECITAL-19-150x150.png 150w, https:\/\/www.ficindaial.com.br\/fundacao\/wp-content\/uploads\/2023\/10\/RECITAL-19-300x300.png 300w, https:\/\/www.ficindaial.com.br\/fundacao\/wp-content\/uploads\/2023\/10\/RECITAL-19-768x768.png 768w, https:\/\/www.ficindaial.com.br\/fundacao\/wp-content\/uploads\/2023\/10\/RECITAL-19-270x270.png 270w, https:\/\/www.ficindaial.com.br\/fundacao\/wp-content\/uploads\/2023\/10\/RECITAL-19-230x230.png 230w, https:\/\/www.ficindaial.com.br\/fundacao\/wp-content\/uploads\/2023\/10\/RECITAL-19.png 1080w\" sizes=\"(max-width: 326px) 100vw, 326px\" \/><\/figure><\/div>\n\n\n\n<p><strong>MOSTRA DE ACORDEON E BATERIA<\/strong><\/p>\n\n\n\n<p><strong>Data<\/strong>: 17 de Novembro<br><strong>Hor\u00e1rio<\/strong>: 19 horas<br><strong>Local<\/strong>: Galp\u00e3o das Artes &#8220;Prof. M\u00e1rio Dem\u00e9trio&#8221; anexo \u00e0 FIC  <\/p>\n\n\n\n<p>Apresenta\u00e7\u00e3o dos alunos de Bateria do Programa SensibilizArte com o Monitor Melquisael de Quadros Batista e do Curso de Acordeon com a Monitora Emilly Coelho Farias. <\/p>\n\n\n\n<hr class=\"wp-block-separator\"\/>\n\n\n\n<div class=\"wp-block-columns has-2-columns is-layout-flex wp-container-core-columns-is-layout-28f84493 wp-block-columns-is-layout-flex\">\n<div class=\"wp-block-column is-layout-flow wp-block-column-is-layout-flow\">\n<figure class=\"wp-block-image\"><img loading=\"lazy\" decoding=\"async\" width=\"1024\" height=\"1024\" src=\"https:\/\/www.ficindaial.com.br\/fundacao\/wp-content\/uploads\/2023\/10\/Mostra-Did\u00e1tica-Desenho-2024-1024x1024.png\" alt=\"\" class=\"wp-image-9794\" srcset=\"https:\/\/www.ficindaial.com.br\/fundacao\/wp-content\/uploads\/2023\/10\/Mostra-Did\u00e1tica-Desenho-2024-1024x1024.png 1024w, https:\/\/www.ficindaial.com.br\/fundacao\/wp-content\/uploads\/2023\/10\/Mostra-Did\u00e1tica-Desenho-2024-150x150.png 150w, https:\/\/www.ficindaial.com.br\/fundacao\/wp-content\/uploads\/2023\/10\/Mostra-Did\u00e1tica-Desenho-2024-300x300.png 300w, https:\/\/www.ficindaial.com.br\/fundacao\/wp-content\/uploads\/2023\/10\/Mostra-Did\u00e1tica-Desenho-2024-768x768.png 768w, https:\/\/www.ficindaial.com.br\/fundacao\/wp-content\/uploads\/2023\/10\/Mostra-Did\u00e1tica-Desenho-2024-270x270.png 270w, https:\/\/www.ficindaial.com.br\/fundacao\/wp-content\/uploads\/2023\/10\/Mostra-Did\u00e1tica-Desenho-2024-230x230.png 230w, https:\/\/www.ficindaial.com.br\/fundacao\/wp-content\/uploads\/2023\/10\/Mostra-Did\u00e1tica-Desenho-2024.png 1080w\" sizes=\"(max-width: 1024px) 100vw, 1024px\" \/><\/figure>\n<\/div>\n\n\n\n<div class=\"wp-block-column is-layout-flow wp-block-column-is-layout-flow\">\n<p><strong>MOSTRA DID\u00c1TICA &#8211; ALUNOS DE DESENHO &#8211; FIC<\/strong><\/p>\n\n\n\n<p><strong>Data<\/strong>: 06 a 24 de Novembro<br><strong>Local<\/strong>: Sal\u00e3o de Exposi\u00e7\u00e3o da FIC<\/p>\n\n\n\n<p>Mostra dos alunos das professoras Camile Brick e Regina Merini Valcanaia.  <\/p>\n<\/div>\n<\/div>\n\n\n\n<hr class=\"wp-block-separator\"\/>\n","protected":false},"excerpt":{"rendered":"<p>A Funda\u00e7\u00e3o Indaialense de Cultura inicia seus recitais e mostra de fim de ano dos Cursos da FIC e Programa Sensibilizarte. Os recitais e mostras de fim de ano s\u00e3o uma tradi\u00e7\u00e3o da Funda\u00e7\u00e3o Indaialense de Cultura e representam uma<\/p>\n","protected":false},"author":2,"featured_media":0,"parent":0,"menu_order":0,"comment_status":"closed","ping_status":"closed","template":"","meta":{"saved_in_kubio":false,"ngg_post_thumbnail":0,"footnotes":""},"class_list":["post-9686","page","type-page","status-publish","hentry"],"kubio_ai_page_context":{"short_desc":"","purpose":"general"},"_links":{"self":[{"href":"https:\/\/www.ficindaial.com.br\/fundacao\/wp-json\/wp\/v2\/pages\/9686","targetHints":{"allow":["GET"]}}],"collection":[{"href":"https:\/\/www.ficindaial.com.br\/fundacao\/wp-json\/wp\/v2\/pages"}],"about":[{"href":"https:\/\/www.ficindaial.com.br\/fundacao\/wp-json\/wp\/v2\/types\/page"}],"author":[{"embeddable":true,"href":"https:\/\/www.ficindaial.com.br\/fundacao\/wp-json\/wp\/v2\/users\/2"}],"replies":[{"embeddable":true,"href":"https:\/\/www.ficindaial.com.br\/fundacao\/wp-json\/wp\/v2\/comments?post=9686"}],"version-history":[{"count":22,"href":"https:\/\/www.ficindaial.com.br\/fundacao\/wp-json\/wp\/v2\/pages\/9686\/revisions"}],"predecessor-version":[{"id":9798,"href":"https:\/\/www.ficindaial.com.br\/fundacao\/wp-json\/wp\/v2\/pages\/9686\/revisions\/9798"}],"wp:attachment":[{"href":"https:\/\/www.ficindaial.com.br\/fundacao\/wp-json\/wp\/v2\/media?parent=9686"}],"curies":[{"name":"wp","href":"https:\/\/api.w.org\/{rel}","templated":true}]}}