{"id":9036,"date":"2023-06-02T08:24:54","date_gmt":"2023-06-02T11:24:54","guid":{"rendered":"https:\/\/www.ficindaial.com.br\/fundacao\/?page_id=9036"},"modified":"2024-01-19T09:51:17","modified_gmt":"2024-01-19T12:51:17","slug":"2023-exposicoes","status":"publish","type":"page","link":"https:\/\/www.ficindaial.com.br\/fundacao\/2023-exposicoes\/","title":{"rendered":"2023 &#8211; EXPOSI\u00c7\u00d5ES"},"content":{"rendered":"\n<hr class=\"wp-block-separator has-css-opacity\"\/>\n\n\n\n<div class=\"wp-block-columns has-2-columns is-layout-flex wp-container-core-columns-is-layout-28f84493 wp-block-columns-is-layout-flex\">\n<div class=\"wp-block-column is-layout-flow wp-block-column-is-layout-flow\">\n<figure class=\"wp-block-image is-resized\"><img loading=\"lazy\" decoding=\"async\" width=\"724\" height=\"1024\" src=\"https:\/\/www.ficindaial.com.br\/fundacao\/wp-content\/uploads\/2023\/06\/7\u00aa-Mostra-Pap\u00e9is-724x1024.png\" alt=\"\" class=\"wp-image-9038\" style=\"aspect-ratio:0.7088607594936709;width:328px;height:auto\" srcset=\"https:\/\/www.ficindaial.com.br\/fundacao\/wp-content\/uploads\/2023\/06\/7\u00aa-Mostra-Pap\u00e9is-724x1024.png 724w, https:\/\/www.ficindaial.com.br\/fundacao\/wp-content\/uploads\/2023\/06\/7\u00aa-Mostra-Pap\u00e9is-212x300.png 212w, https:\/\/www.ficindaial.com.br\/fundacao\/wp-content\/uploads\/2023\/06\/7\u00aa-Mostra-Pap\u00e9is-768x1086.png 768w, https:\/\/www.ficindaial.com.br\/fundacao\/wp-content\/uploads\/2023\/06\/7\u00aa-Mostra-Pap\u00e9is.png 1414w\" sizes=\"(max-width: 724px) 100vw, 724px\" \/><\/figure>\n<\/div>\n\n\n\n<div class=\"wp-block-column is-layout-flow wp-block-column-is-layout-flow\">\n<h4 class=\"wp-block-heading has-medium-font-size\"><a href=\"https:\/\/www.ficindaial.com.br\/fundacao\/7a-mostra-papeis\/\">Exposi\u00e7\u00e3o: 7\u00aa Mostra \u201cPap\u00e9is\u201d <\/a><\/h4>\n\n\n\n<p><strong>Artista:<\/strong> Alunos do Curso de Desenho da FIC<\/p>\n\n\n\n<ul class=\"wp-block-list\">\n<li>Amanda Cec\u00edlia Zibell<\/li>\n\n\n\n<li> D\u00ea Montagna<\/li>\n\n\n\n<li> Natasha dos Santos<\/li>\n\n\n\n<li> Sarah Juliana Neves Batista<\/li>\n\n\n\n<li> Vin\u00edcius de Souza<\/li>\n<\/ul>\n\n\n\n<p><strong>Data:  31 de Maio a 23 de Junho | 2023<br>Local:<\/strong>&nbsp;Sal\u00e3o de Exposi\u00e7\u00e3o da FIC<br><strong>Visita\u00e7\u00e3o:&nbsp;<\/strong>Segunda a Sexta das 8h \u00e0s 21h<\/p>\n<\/div>\n<\/div>\n\n\n\n<hr class=\"wp-block-separator has-css-opacity\"\/>\n\n\n\n<div class=\"wp-block-columns has-2-columns is-layout-flex wp-container-core-columns-is-layout-28f84493 wp-block-columns-is-layout-flex\">\n<div class=\"wp-block-column is-layout-flow wp-block-column-is-layout-flow\">\n<figure class=\"wp-block-image is-resized\"><img loading=\"lazy\" decoding=\"async\" width=\"724\" height=\"1024\" src=\"https:\/\/www.ficindaial.com.br\/fundacao\/wp-content\/uploads\/2023\/06\/7\u00aa-Mostra-Pap\u00e9is-1-2-724x1024.png\" alt=\"\" class=\"wp-image-9077\" style=\"aspect-ratio:0.7081218274111675;width:323px;height:auto\" srcset=\"https:\/\/www.ficindaial.com.br\/fundacao\/wp-content\/uploads\/2023\/06\/7\u00aa-Mostra-Pap\u00e9is-1-2-724x1024.png 724w, https:\/\/www.ficindaial.com.br\/fundacao\/wp-content\/uploads\/2023\/06\/7\u00aa-Mostra-Pap\u00e9is-1-2-212x300.png 212w, https:\/\/www.ficindaial.com.br\/fundacao\/wp-content\/uploads\/2023\/06\/7\u00aa-Mostra-Pap\u00e9is-1-2-768x1086.png 768w, https:\/\/www.ficindaial.com.br\/fundacao\/wp-content\/uploads\/2023\/06\/7\u00aa-Mostra-Pap\u00e9is-1-2.png 1414w\" sizes=\"(max-width: 724px) 100vw, 724px\" \/><\/figure>\n<\/div>\n\n\n\n<div class=\"wp-block-column is-layout-flow wp-block-column-is-layout-flow\">\n<h4 class=\"wp-block-heading has-medium-font-size\"><a href=\"https:\/\/www.ficindaial.com.br\/fundacao\/exposicao-terrarios\">Exposi\u00e7\u00e3o:  \u201cTerr\u00e1rios\u201d<\/a><\/h4>\n\n\n\n<p><strong>Artista:<\/strong> Alunos do Curso de Desenho da FIC<\/p>\n\n\n\n<ul class=\"wp-block-list\">\n<li> <em>Prof. Camille Brick, <\/em><\/li>\n\n\n\n<li><em>Prof. Regina Valcanaia<\/em><\/li>\n\n\n\n<li><em>Amanda Cec\u00edcila Zibell   <\/em><\/li>\n\n\n\n<li><em>D\u00ea Montagna<\/em><\/li>\n\n\n\n<li><em>Alicia Maciel  <\/em><\/li>\n\n\n\n<li><em>D\u00e9bora Riffel  <\/em><\/li>\n\n\n\n<li><em>Emanuelle Donofre Rossi <\/em><\/li>\n\n\n\n<li><em>Gabrielli Roedel  <\/em><\/li>\n\n\n\n<li><em>Peter Siewerdt  <\/em><\/li>\n\n\n\n<li><em>Rayssa Salvador  <\/em><\/li>\n\n\n\n<li><em>Ruan Roters<\/em><\/li>\n\n\n\n<li><em>Vanderleia Salvador<\/em> <\/li>\n<\/ul>\n\n\n\n<p><strong>Data:  31 de Maio a 23 de Junho | 2023<br>Local:<\/strong>&nbsp;Sal\u00e3o de Exposi\u00e7\u00e3o da FIC<br><strong>Visita\u00e7\u00e3o:&nbsp;<\/strong>Segunda a Sexta das 8h \u00e0s 21h<\/p>\n<\/div>\n<\/div>\n\n\n\n<hr class=\"wp-block-separator has-css-opacity\"\/>\n\n\n\n<div class=\"wp-block-columns has-2-columns is-layout-flex wp-container-core-columns-is-layout-28f84493 wp-block-columns-is-layout-flex\">\n<div class=\"wp-block-column is-layout-flow wp-block-column-is-layout-flow\">\n<figure class=\"wp-block-image is-resized\"><img loading=\"lazy\" decoding=\"async\" width=\"724\" height=\"1024\" src=\"https:\/\/www.ficindaial.com.br\/fundacao\/wp-content\/uploads\/2023\/06\/Exposi\u00e7\u00e3o-Denise-Patr\u00edcuioo-CARTAZ-724x1024.png\" alt=\"\" class=\"wp-image-9214\" style=\"width:344px;height:auto\" srcset=\"https:\/\/www.ficindaial.com.br\/fundacao\/wp-content\/uploads\/2023\/06\/Exposi\u00e7\u00e3o-Denise-Patr\u00edcuioo-CARTAZ-724x1024.png 724w, https:\/\/www.ficindaial.com.br\/fundacao\/wp-content\/uploads\/2023\/06\/Exposi\u00e7\u00e3o-Denise-Patr\u00edcuioo-CARTAZ-212x300.png 212w, https:\/\/www.ficindaial.com.br\/fundacao\/wp-content\/uploads\/2023\/06\/Exposi\u00e7\u00e3o-Denise-Patr\u00edcuioo-CARTAZ-768x1086.png 768w, https:\/\/www.ficindaial.com.br\/fundacao\/wp-content\/uploads\/2023\/06\/Exposi\u00e7\u00e3o-Denise-Patr\u00edcuioo-CARTAZ.png 1414w\" sizes=\"(max-width: 724px) 100vw, 724px\" \/><\/figure>\n<\/div>\n\n\n\n<div class=\"wp-block-column is-layout-flow wp-block-column-is-layout-flow\">\n<h4 class=\"wp-block-heading has-medium-font-size\"><a href=\"https:\/\/www.ficindaial.com.br\/fundacao\/exposicao-caminho-de-sempre\">Exposi\u00e7\u00e3o: Caminho de Sempre<\/a><\/h4>\n\n\n\n<p><strong>Artista: Denise Patr\u00edcio<\/strong><\/p>\n\n\n\n<p><strong>Data:  27 de Junho a 24 de Julho| 2023<br>Local:<\/strong>&nbsp;Sal\u00e3o de Exposi\u00e7\u00e3o da FIC<br><strong>Visita\u00e7\u00e3o:&nbsp;<\/strong>Segunda a Sexta das 8h \u00e0s 21h <\/p>\n\n\n\n<p><em>Esta Exposi\u00e7\u00e3o faz parte do Edital 001\/2023 \u2013 Pr\u00eamio de Ocupa\u00e7\u00e3o do Espa\u00e7o do Sal\u00e3o De Exposi\u00e7\u00f5es da FIC 2023<\/em><\/p>\n<\/div>\n<\/div>\n\n\n\n<hr class=\"wp-block-separator has-css-opacity\"\/>\n\n\n\n<div class=\"wp-block-columns has-2-columns is-layout-flex wp-container-core-columns-is-layout-28f84493 wp-block-columns-is-layout-flex\">\n<div class=\"wp-block-column is-layout-flow wp-block-column-is-layout-flow\">\n<figure class=\"wp-block-image is-resized\"><img loading=\"lazy\" decoding=\"async\" width=\"724\" height=\"1024\" src=\"https:\/\/www.ficindaial.com.br\/fundacao\/wp-content\/uploads\/2023\/07\/DO-VIS\u00cdVEL-AO-INVIS\u00cdVEL-Celaine-Refosco-2-724x1024.png\" alt=\"\" class=\"wp-image-9335\" style=\"width:343px;height:auto\" srcset=\"https:\/\/www.ficindaial.com.br\/fundacao\/wp-content\/uploads\/2023\/07\/DO-VIS\u00cdVEL-AO-INVIS\u00cdVEL-Celaine-Refosco-2-724x1024.png 724w, https:\/\/www.ficindaial.com.br\/fundacao\/wp-content\/uploads\/2023\/07\/DO-VIS\u00cdVEL-AO-INVIS\u00cdVEL-Celaine-Refosco-2-212x300.png 212w, https:\/\/www.ficindaial.com.br\/fundacao\/wp-content\/uploads\/2023\/07\/DO-VIS\u00cdVEL-AO-INVIS\u00cdVEL-Celaine-Refosco-2-768x1086.png 768w\" sizes=\"(max-width: 724px) 100vw, 724px\" \/><\/figure>\n<\/div>\n\n\n\n<div class=\"wp-block-column is-layout-flow wp-block-column-is-layout-flow\">\n<h4 class=\"wp-block-heading has-medium-font-size\"><a href=\"https:\/\/www.ficindaial.com.br\/fundacao\/exposicao-do-visivel-ao-invisivel\/\">Exposi\u00e7\u00e3o: Do Vis\u00edvel ao Invis\u00edvel<\/a><\/h4>\n\n\n\n<p><strong>Artista:  Celaine Refosco<\/strong> <\/p>\n\n\n\n<p><strong>Data:  28 de Julho a 27 de Agosto | 2023<br>Local:<\/strong>&nbsp;Sal\u00e3o de Exposi\u00e7\u00e3o da FIC<br><strong>Visita\u00e7\u00e3o:&nbsp;<\/strong>Segunda a Sexta das 8h \u00e0s 21h <\/p>\n\n\n\n<p><em>Esta Exposi\u00e7\u00e3o faz parte do Edital 001\/2023 \u2013 Pr\u00eamio de Ocupa\u00e7\u00e3o do Espa\u00e7o do Sal\u00e3o De Exposi\u00e7\u00f5es da FIC 2023<\/em><\/p>\n<\/div>\n<\/div>\n\n\n\n<hr class=\"wp-block-separator has-css-opacity\"\/>\n\n\n\n<div class=\"wp-block-columns has-2-columns is-layout-flex wp-container-core-columns-is-layout-28f84493 wp-block-columns-is-layout-flex\">\n<div class=\"wp-block-column is-layout-flow wp-block-column-is-layout-flow\">\n<figure class=\"wp-block-image is-resized\"><img loading=\"lazy\" decoding=\"async\" width=\"682\" height=\"1024\" src=\"https:\/\/www.ficindaial.com.br\/fundacao\/wp-content\/uploads\/2023\/08\/Anatomia-da-Aus\u00eancia-2-682x1024.jpg\" alt=\"\" class=\"wp-image-9403\" style=\"width:358px;height:auto\" srcset=\"https:\/\/www.ficindaial.com.br\/fundacao\/wp-content\/uploads\/2023\/08\/Anatomia-da-Aus\u00eancia-2-682x1024.jpg 682w, https:\/\/www.ficindaial.com.br\/fundacao\/wp-content\/uploads\/2023\/08\/Anatomia-da-Aus\u00eancia-2-200x300.jpg 200w, https:\/\/www.ficindaial.com.br\/fundacao\/wp-content\/uploads\/2023\/08\/Anatomia-da-Aus\u00eancia-2-768x1153.jpg 768w, https:\/\/www.ficindaial.com.br\/fundacao\/wp-content\/uploads\/2023\/08\/Anatomia-da-Aus\u00eancia-2.jpg 1066w\" sizes=\"(max-width: 682px) 100vw, 682px\" \/><\/figure>\n<\/div>\n\n\n\n<div class=\"wp-block-column is-layout-flow wp-block-column-is-layout-flow\">\n<h4 class=\"wp-block-heading has-medium-font-size\"><strong><a href=\"https:\/\/www.ficindaial.com.br\/fundacao\/exposicao-anatomia-da-ausencia\/\">Exposi\u00e7\u00e3o: Anatomia da Aus\u00eancia<\/a><\/strong><\/h4>\n\n\n\n<p><strong>Artista: Roseli Sartori<br>Curadoria <\/strong>Gleber Pieniz<\/p>\n\n\n\n<p><strong>Data<\/strong>:  30 de Agosto a 27 de Setembro| 2023<br><strong>Local<\/strong>: Sal\u00e3o de Exposi\u00e7\u00e3o da FIC<br><strong>Visita\u00e7\u00e3o<\/strong>: Segunda a Sexta das 8h \u00e0s 21h <\/p>\n\n\n\n<p><em>Esta Exposi\u00e7\u00e3o faz parte do Edital 001\/2023 \u2013 Pr\u00eamio de Ocupa\u00e7\u00e3o do Espa\u00e7o do Sal\u00e3o De Exposi\u00e7\u00f5es da FIC 2023<\/em><\/p>\n\n\n\n<p><\/p>\n\n\n\n<hr class=\"wp-block-separator has-css-opacity\"\/>\n<\/div>\n<\/div>\n\n\n\n<div class=\"wp-block-columns has-2-columns is-layout-flex wp-container-core-columns-is-layout-28f84493 wp-block-columns-is-layout-flex\">\n<div class=\"wp-block-column is-layout-flow wp-block-column-is-layout-flow\">\n<figure class=\"wp-block-image is-resized\"><img loading=\"lazy\" decoding=\"async\" width=\"724\" height=\"1024\" src=\"https:\/\/www.ficindaial.com.br\/fundacao\/wp-content\/uploads\/2023\/10\/EXPOSI\u00c7\u00c3O-NESTOR-VARELA-Cartaz-A3-frente-e-verso-paisagem-1-724x1024.png\" alt=\"\" class=\"wp-image-9572\" style=\"width:357px;height:auto\" srcset=\"https:\/\/www.ficindaial.com.br\/fundacao\/wp-content\/uploads\/2023\/10\/EXPOSI\u00c7\u00c3O-NESTOR-VARELA-Cartaz-A3-frente-e-verso-paisagem-1-724x1024.png 724w, https:\/\/www.ficindaial.com.br\/fundacao\/wp-content\/uploads\/2023\/10\/EXPOSI\u00c7\u00c3O-NESTOR-VARELA-Cartaz-A3-frente-e-verso-paisagem-1-212x300.png 212w, https:\/\/www.ficindaial.com.br\/fundacao\/wp-content\/uploads\/2023\/10\/EXPOSI\u00c7\u00c3O-NESTOR-VARELA-Cartaz-A3-frente-e-verso-paisagem-1-768x1086.png 768w, https:\/\/www.ficindaial.com.br\/fundacao\/wp-content\/uploads\/2023\/10\/EXPOSI\u00c7\u00c3O-NESTOR-VARELA-Cartaz-A3-frente-e-verso-paisagem-1.png 1414w\" sizes=\"(max-width: 724px) 100vw, 724px\" \/><\/figure>\n<\/div>\n\n\n\n<div class=\"wp-block-column is-layout-flow wp-block-column-is-layout-flow\">\n<h4 class=\"wp-block-heading has-medium-font-size\"><strong><a href=\"https:\/\/www.ficindaial.com.br\/fundacao\/exposicao-e-como-se-a-camera-guardasse-um-segredo-de-imagens-suspensas-atraves-dos-anos\/\">Exposi\u00e7\u00e3o: <\/a><\/strong><a href=\"https:\/\/www.ficindaial.com.br\/fundacao\/exposicao-e-como-se-a-camera-guardasse-um-segredo-de-imagens-suspensas-atraves-dos-anos\/\">\u00e9 como se a c\u00e2mera guardasse um segredo de imagens suspensas atrav\u00e9s dos anos<\/a><\/h4>\n\n\n\n<p><strong>Artista: Nestor Varela<br><\/strong><\/p>\n\n\n\n<p><strong>Data<\/strong>:  02 a 31 de Outubro| 2023<br><strong>Local<\/strong>: Sal\u00e3o de Exposi\u00e7\u00e3o da FIC<br><strong>Visita\u00e7\u00e3o<\/strong>: Segunda a Sexta das 8h \u00e0s 21h <\/p>\n\n\n\n<p><em>Esta Exposi\u00e7\u00e3o faz parte do Edital 001\/2023 \u2013 Pr\u00eamio de Ocupa\u00e7\u00e3o do Espa\u00e7o do Sal\u00e3o De Exposi\u00e7\u00f5es da FIC 2023\ufeff<\/em><\/p>\n\n\n\n<hr class=\"wp-block-separator has-alpha-channel-opacity\"\/>\n<\/div>\n<\/div>\n\n\n\n<hr class=\"wp-block-separator has-css-opacity\"\/>\n\n\n\n<div class=\"wp-block-columns is-layout-flex wp-container-core-columns-is-layout-28f84493 wp-block-columns-is-layout-flex\">\n<div class=\"wp-block-column is-layout-flow wp-block-column-is-layout-flow\">\n<figure class=\"wp-block-image size-large is-resized\"><img loading=\"lazy\" decoding=\"async\" width=\"724\" height=\"1024\" src=\"https:\/\/www.ficindaial.com.br\/fundacao\/wp-content\/uploads\/2024\/01\/Mostra-Didatica-Desenho-2024-Your-Story-1-724x1024.png\" alt=\"\" class=\"wp-image-10133\" style=\"width:379px;height:auto\" srcset=\"https:\/\/www.ficindaial.com.br\/fundacao\/wp-content\/uploads\/2024\/01\/Mostra-Didatica-Desenho-2024-Your-Story-1-724x1024.png 724w, https:\/\/www.ficindaial.com.br\/fundacao\/wp-content\/uploads\/2024\/01\/Mostra-Didatica-Desenho-2024-Your-Story-1-212x300.png 212w, https:\/\/www.ficindaial.com.br\/fundacao\/wp-content\/uploads\/2024\/01\/Mostra-Didatica-Desenho-2024-Your-Story-1-768x1086.png 768w, https:\/\/www.ficindaial.com.br\/fundacao\/wp-content\/uploads\/2024\/01\/Mostra-Didatica-Desenho-2024-Your-Story-1-1086x1536.png 1086w, https:\/\/www.ficindaial.com.br\/fundacao\/wp-content\/uploads\/2024\/01\/Mostra-Didatica-Desenho-2024-Your-Story-1.png 1414w\" sizes=\"(max-width: 724px) 100vw, 724px\" \/><\/figure>\n<\/div>\n\n\n\n<div class=\"wp-block-column is-layout-flow wp-block-column-is-layout-flow\">\n<p class=\"has-medium-font-size\"><a href=\"https:\/\/www.ficindaial.com.br\/fundacao\/exposicao-mostra-didatica-dos-alunos-de-artes-visuais-da-fic-2023\/\"><strong>Exposi\u00e7\u00e3o<\/strong>: Mostra did\u00e1tica dos alunos de Artes Visuais da FIC 2023<\/a><\/p>\n\n\n\n<p><strong>Artistas<\/strong>: Alunos do Curso de Desenho da FIC<br><strong>Data<\/strong>: 06 a 26 de Novembro | 2023<br><strong>Local<\/strong>: Sal\u00e3o de Exposi\u00e7\u00e3o da FIC<br>Segunda a Sexta das 8h \u00e0s 21h<\/p>\n<\/div>\n<\/div>\n\n\n\n<hr class=\"wp-block-separator has-alpha-channel-opacity\"\/>\n\n\n\n<div class=\"wp-block-columns is-layout-flex wp-container-core-columns-is-layout-28f84493 wp-block-columns-is-layout-flex\">\n<div class=\"wp-block-column is-layout-flow wp-block-column-is-layout-flow\">\n<figure class=\"wp-block-image size-large is-resized\"><img loading=\"lazy\" decoding=\"async\" width=\"724\" height=\"1024\" src=\"https:\/\/www.ficindaial.com.br\/fundacao\/wp-content\/uploads\/2024\/01\/Exposicao-Tracos-de-Luz-724x1024.png\" alt=\"\" class=\"wp-image-10136\" style=\"width:378px;height:auto\" srcset=\"https:\/\/www.ficindaial.com.br\/fundacao\/wp-content\/uploads\/2024\/01\/Exposicao-Tracos-de-Luz-724x1024.png 724w, https:\/\/www.ficindaial.com.br\/fundacao\/wp-content\/uploads\/2024\/01\/Exposicao-Tracos-de-Luz-212x300.png 212w, https:\/\/www.ficindaial.com.br\/fundacao\/wp-content\/uploads\/2024\/01\/Exposicao-Tracos-de-Luz-768x1086.png 768w, https:\/\/www.ficindaial.com.br\/fundacao\/wp-content\/uploads\/2024\/01\/Exposicao-Tracos-de-Luz-1086x1536.png 1086w, https:\/\/www.ficindaial.com.br\/fundacao\/wp-content\/uploads\/2024\/01\/Exposicao-Tracos-de-Luz.png 1414w\" sizes=\"(max-width: 724px) 100vw, 724px\" \/><\/figure>\n<\/div>\n\n\n\n<div class=\"wp-block-column is-layout-flow wp-block-column-is-layout-flow\">\n<p class=\"has-medium-font-size\"><a href=\"https:\/\/www.ficindaial.com.br\/fundacao\/exposicao-tracos-de-luz\/\">Exposi\u00e7\u00e3o: Tra\u00e7os de Luz &#8211; Natal<\/a><\/p>\n\n\n\n<p><strong>Data<\/strong>: 30 de Novembro a 23 de Dezembro | 2023<br><strong>Local<\/strong>: Sal\u00e3o de Exposi\u00e7\u00e3o da FIC<br>Segunda a Sexta das 8h \u00e0s 22h<\/p>\n\n\n\n<p><strong>Participaram da produ\u00e7\u00e3o dessa exposi\u00e7\u00e3o:<\/strong><\/p>\n\n\n\n<p>Prof.\u00aa Camile Brick<br>Prof.\u00aa Regina Valcanaia<br><br><strong>Alunos (as):<br><\/strong>Emanuelle Donofre Rossi<br>Jeff Gabriel Garcia de Souza<br>Pietra Tambani Formagi<br>D\u00e9bora Cristina Riffel<br>Amanda Cec\u00edlia Zibell<\/p>\n<\/div>\n<\/div>\n","protected":false},"excerpt":{"rendered":"<p>Exposi\u00e7\u00e3o: 7\u00aa Mostra \u201cPap\u00e9is\u201d Artista: Alunos do Curso de Desenho da FIC Data: 31 de Maio a 23 de Junho | 2023Local:&nbsp;Sal\u00e3o de Exposi\u00e7\u00e3o da FICVisita\u00e7\u00e3o:&nbsp;Segunda a Sexta das 8h \u00e0s 21h Exposi\u00e7\u00e3o: \u201cTerr\u00e1rios\u201d Artista: Alunos do Curso de Desenho<\/p>\n","protected":false},"author":2,"featured_media":0,"parent":0,"menu_order":0,"comment_status":"closed","ping_status":"closed","template":"","meta":{"saved_in_kubio":false,"ngg_post_thumbnail":0,"footnotes":""},"class_list":["post-9036","page","type-page","status-publish","hentry"],"kubio_ai_page_context":{"short_desc":"","purpose":"general"},"_links":{"self":[{"href":"https:\/\/www.ficindaial.com.br\/fundacao\/wp-json\/wp\/v2\/pages\/9036","targetHints":{"allow":["GET"]}}],"collection":[{"href":"https:\/\/www.ficindaial.com.br\/fundacao\/wp-json\/wp\/v2\/pages"}],"about":[{"href":"https:\/\/www.ficindaial.com.br\/fundacao\/wp-json\/wp\/v2\/types\/page"}],"author":[{"embeddable":true,"href":"https:\/\/www.ficindaial.com.br\/fundacao\/wp-json\/wp\/v2\/users\/2"}],"replies":[{"embeddable":true,"href":"https:\/\/www.ficindaial.com.br\/fundacao\/wp-json\/wp\/v2\/comments?post=9036"}],"version-history":[{"count":18,"href":"https:\/\/www.ficindaial.com.br\/fundacao\/wp-json\/wp\/v2\/pages\/9036\/revisions"}],"predecessor-version":[{"id":10138,"href":"https:\/\/www.ficindaial.com.br\/fundacao\/wp-json\/wp\/v2\/pages\/9036\/revisions\/10138"}],"wp:attachment":[{"href":"https:\/\/www.ficindaial.com.br\/fundacao\/wp-json\/wp\/v2\/media?parent=9036"}],"curies":[{"name":"wp","href":"https:\/\/api.w.org\/{rel}","templated":true}]}}