{"id":8,"date":"2018-06-01T23:03:29","date_gmt":"2018-06-01T23:03:29","guid":{"rendered":"http:\/\/fic2.hospedagemdesites.ws\/fundacao\/?page_id=8"},"modified":"2026-02-12T12:52:20","modified_gmt":"2026-02-12T15:52:20","slug":"contato","status":"publish","type":"page","link":"https:\/\/www.ficindaial.com.br\/fundacao\/contato\/","title":{"rendered":"Contato"},"content":{"rendered":"\n<figure class=\"wp-block-image alignleft is-resized\"><img loading=\"lazy\" decoding=\"async\" width=\"225\" height=\"300\" src=\"https:\/\/www.ficindaial.com.br\/fundacao\/wp-content\/uploads\/2018\/08\/IMG-20180419-WA0007-225x300.jpg\" alt=\"\" class=\"wp-image-1406\" style=\"width:255px;height:340px\" srcset=\"https:\/\/www.ficindaial.com.br\/fundacao\/wp-content\/uploads\/2018\/08\/IMG-20180419-WA0007-225x300.jpg 225w, https:\/\/www.ficindaial.com.br\/fundacao\/wp-content\/uploads\/2018\/08\/IMG-20180419-WA0007-768x1024.jpg 768w, https:\/\/www.ficindaial.com.br\/fundacao\/wp-content\/uploads\/2018\/08\/IMG-20180419-WA0007.jpg 960w\" sizes=\"(max-width: 225px) 100vw, 225px\" \/><\/figure>\n\n\n\n<p><span style=\"color: #333333;\"><\/span><\/p>\n\n\n\n<p><strong><span style=\"color: #333333;\">Telefones<\/span><\/strong><\/p>\n\n\n\n<ul class=\"wp-block-list\">\n<li>Telefones: (47) 3333-2000 | (47) 3333-1964<\/li>\n\n\n\n<li> WhatsApp Cursos (47) 99725-0257<\/li>\n\n\n\n<li> WhatsApp Geral (47) 99725-0053<\/li>\n\n\n\n<li> WhatsApp Biblioteca (47) 99725-0348<\/li>\n<\/ul>\n\n\n\n<p> <strong>E-mails<br><\/strong> Dire\u00e7\u00e3o Geral: <a href=\"direcao.fic@indaial.sc.gov.br\">direcao.fic@indaial.sc.gov.br<\/a><br> Dire\u00e7\u00e3o Art\u00edstica Cultural: <a href=\"cultura.fic@indaial.sc.gov.br\">cultura.fic@indaial.sc.gov.br<\/a><br> Programa SensibilizArte: <a href=\"sensibilizarte.fic@indaial.sc.gov.br\">sensibilizarte.fic@indaial.sc.gov.br<\/a><\/p>\n\n\n\n<p><strong>Endere\u00e7o<br><\/strong>Rua Dr. Blumenau, 05 &#8211; Centro.<br>Indaial &#8211; Santa Catarina<br>CEP 89080-003<\/p>\n\n\n\n<p><br><\/p>\n\n\n\n<p><strong>ACESSE NOSSAS REDES SOCIAS<br><\/strong><\/p>\n\n\n\n\n\n<hr class=\"wp-block-separator has-alpha-channel-opacity\"\/>\n\n\n\n<p><\/p>\n","protected":false},"excerpt":{"rendered":"<p>Telefones E-mails Dire\u00e7\u00e3o Geral: direcao.fic@indaial.sc.gov.br Dire\u00e7\u00e3o Art\u00edstica Cultural: cultura.fic@indaial.sc.gov.br Programa SensibilizArte: sensibilizarte.fic@indaial.sc.gov.br Endere\u00e7oRua Dr. Blumenau, 05 &#8211; Centro.Indaial &#8211; Santa CatarinaCEP 89080-003 ACESSE NOSSAS REDES SOCIAS<\/p>\n","protected":false},"author":1,"featured_media":0,"parent":0,"menu_order":0,"comment_status":"closed","ping_status":"closed","template":"page-templates\/contact.php","meta":{"saved_in_kubio":true,"ngg_post_thumbnail":0,"footnotes":""},"class_list":["post-8","page","type-page","status-publish","hentry"],"kubio_ai_page_context":{"short_desc":"","purpose":"general"},"_links":{"self":[{"href":"https:\/\/www.ficindaial.com.br\/fundacao\/wp-json\/wp\/v2\/pages\/8","targetHints":{"allow":["GET"]}}],"collection":[{"href":"https:\/\/www.ficindaial.com.br\/fundacao\/wp-json\/wp\/v2\/pages"}],"about":[{"href":"https:\/\/www.ficindaial.com.br\/fundacao\/wp-json\/wp\/v2\/types\/page"}],"author":[{"embeddable":true,"href":"https:\/\/www.ficindaial.com.br\/fundacao\/wp-json\/wp\/v2\/users\/1"}],"replies":[{"embeddable":true,"href":"https:\/\/www.ficindaial.com.br\/fundacao\/wp-json\/wp\/v2\/comments?post=8"}],"version-history":[{"count":19,"href":"https:\/\/www.ficindaial.com.br\/fundacao\/wp-json\/wp\/v2\/pages\/8\/revisions"}],"predecessor-version":[{"id":13269,"href":"https:\/\/www.ficindaial.com.br\/fundacao\/wp-json\/wp\/v2\/pages\/8\/revisions\/13269"}],"wp:attachment":[{"href":"https:\/\/www.ficindaial.com.br\/fundacao\/wp-json\/wp\/v2\/media?parent=8"}],"curies":[{"name":"wp","href":"https:\/\/api.w.org\/{rel}","templated":true}]}}