{"id":7679,"date":"2022-04-26T09:44:20","date_gmt":"2022-04-26T12:44:20","guid":{"rendered":"https:\/\/www.ficindaial.com.br\/fundacao\/?page_id=7679"},"modified":"2022-10-06T09:00:40","modified_gmt":"2022-10-06T12:00:40","slug":"exposicoes-fic-2022","status":"publish","type":"page","link":"https:\/\/www.ficindaial.com.br\/fundacao\/exposicoes-fic-2022\/","title":{"rendered":"Exposi\u00e7\u00f5es FIC &#8211; 2022"},"content":{"rendered":"\n<hr class=\"wp-block-separator\"\/>\n\n\n\n<div class=\"wp-block-columns has-2-columns is-layout-flex wp-container-core-columns-is-layout-28f84493 wp-block-columns-is-layout-flex\">\n<div class=\"wp-block-column is-layout-flow wp-block-column-is-layout-flow\">\n<figure class=\"wp-block-image\"><img loading=\"lazy\" decoding=\"async\" width=\"724\" height=\"1024\" src=\"https:\/\/www.ficindaial.com.br\/fundacao\/wp-content\/uploads\/2022\/04\/Dualidade.-Sob-o-Olhar-lim\u00edtrofe-724x1024.png\" alt=\"\" class=\"wp-image-7680\" srcset=\"https:\/\/www.ficindaial.com.br\/fundacao\/wp-content\/uploads\/2022\/04\/Dualidade.-Sob-o-Olhar-lim\u00edtrofe-724x1024.png 724w, https:\/\/www.ficindaial.com.br\/fundacao\/wp-content\/uploads\/2022\/04\/Dualidade.-Sob-o-Olhar-lim\u00edtrofe-212x300.png 212w, https:\/\/www.ficindaial.com.br\/fundacao\/wp-content\/uploads\/2022\/04\/Dualidade.-Sob-o-Olhar-lim\u00edtrofe-768x1086.png 768w, https:\/\/www.ficindaial.com.br\/fundacao\/wp-content\/uploads\/2022\/04\/Dualidade.-Sob-o-Olhar-lim\u00edtrofe.png 1587w\" sizes=\"(max-width: 724px) 100vw, 724px\" \/><\/figure>\n<\/div>\n\n\n\n<div class=\"wp-block-column is-layout-flow wp-block-column-is-layout-flow\">\n<h4 class=\"wp-block-heading\"><a href=\"https:\/\/indaial.atende.net\/cidadao\/noticia\/fic-sedia-exposicao-de-pintura-dualidade-sob-o-olhar-limitrofe\">Exposi\u00e7\u00e3o: Dualidade. Sob o Olhar lim\u00edtrofe<\/a><\/h4>\n\n\n\n<p><strong>Artista:<\/strong> Luana Possalte de Oliveira<br><strong>Data:<\/strong> 01 a 25 de Fevereiro | 2022<br><strong>Local:<\/strong> Sal\u00e3o de Exposi\u00e7\u00e3o da FIC<br><strong>Visita\u00e7\u00e3o: <\/strong>Segunda a Sexta das 8h \u00e0s 21h<\/p>\n\n\n\n<hr class=\"wp-block-separator\"\/>\n\n\n\n<p><\/p>\n<\/div>\n<\/div>\n\n\n\n<hr class=\"wp-block-separator\"\/>\n\n\n\n<div class=\"wp-block-columns has-2-columns is-layout-flex wp-container-core-columns-is-layout-28f84493 wp-block-columns-is-layout-flex\">\n<div class=\"wp-block-column is-layout-flow wp-block-column-is-layout-flow\">\n<figure class=\"wp-block-image\"><img loading=\"lazy\" decoding=\"async\" width=\"724\" height=\"1024\" src=\"https:\/\/www.ficindaial.com.br\/fundacao\/wp-content\/uploads\/2022\/04\/Obras-de-Lucia-Ferreira-dos-Santos-Souza-Cartaz-724x1024.png\" alt=\"\" class=\"wp-image-7681\" srcset=\"https:\/\/www.ficindaial.com.br\/fundacao\/wp-content\/uploads\/2022\/04\/Obras-de-Lucia-Ferreira-dos-Santos-Souza-Cartaz-724x1024.png 724w, https:\/\/www.ficindaial.com.br\/fundacao\/wp-content\/uploads\/2022\/04\/Obras-de-Lucia-Ferreira-dos-Santos-Souza-Cartaz-212x300.png 212w, https:\/\/www.ficindaial.com.br\/fundacao\/wp-content\/uploads\/2022\/04\/Obras-de-Lucia-Ferreira-dos-Santos-Souza-Cartaz-768x1086.png 768w, https:\/\/www.ficindaial.com.br\/fundacao\/wp-content\/uploads\/2022\/04\/Obras-de-Lucia-Ferreira-dos-Santos-Souza-Cartaz.png 1587w\" sizes=\"(max-width: 724px) 100vw, 724px\" \/><\/figure>\n<\/div>\n\n\n\n<div class=\"wp-block-column is-layout-flow wp-block-column-is-layout-flow\">\n<h4 class=\"wp-block-heading\"><a href=\"https:\/\/indaial.atende.net\/cidadao\/noticia\/fic-sedia-exposicao-de-pintura-da-artista-lucia-ferreira-dos-santos-souza\/\">Exposi\u00e7\u00e3o: Obras de Lucia Ferreira dos Santos Souza<\/a><\/h4>\n\n\n\n<p><strong>Artista:<\/strong> Lucia Ferreira dos Santos Souza<br><strong>Data:<\/strong> 01 a 30 de Mar\u00e7o| 2022<br><strong>Local:<\/strong> Sal\u00e3o de Exposi\u00e7\u00e3o da FIC<br><strong>Visita\u00e7\u00e3o: <\/strong>Segunda a Sexta das 8h \u00e0s 21h<\/p>\n<\/div>\n<\/div>\n\n\n\n<hr class=\"wp-block-separator\"\/>\n\n\n\n<div class=\"wp-block-columns has-2-columns is-layout-flex wp-container-core-columns-is-layout-28f84493 wp-block-columns-is-layout-flex\">\n<div class=\"wp-block-column is-layout-flow wp-block-column-is-layout-flow\">\n<figure class=\"wp-block-image\"><img loading=\"lazy\" decoding=\"async\" width=\"724\" height=\"1024\" src=\"https:\/\/www.ficindaial.com.br\/fundacao\/wp-content\/uploads\/2022\/04\/Cotidiano-Disposto-724x1024.png\" alt=\"\" class=\"wp-image-7684\" srcset=\"https:\/\/www.ficindaial.com.br\/fundacao\/wp-content\/uploads\/2022\/04\/Cotidiano-Disposto-724x1024.png 724w, https:\/\/www.ficindaial.com.br\/fundacao\/wp-content\/uploads\/2022\/04\/Cotidiano-Disposto-212x300.png 212w, https:\/\/www.ficindaial.com.br\/fundacao\/wp-content\/uploads\/2022\/04\/Cotidiano-Disposto-768x1086.png 768w, https:\/\/www.ficindaial.com.br\/fundacao\/wp-content\/uploads\/2022\/04\/Cotidiano-Disposto.png 1587w\" sizes=\"(max-width: 724px) 100vw, 724px\" \/><\/figure>\n<\/div>\n\n\n\n<div class=\"wp-block-column is-layout-flow wp-block-column-is-layout-flow\">\n<h4 class=\"wp-block-heading\"><a href=\"https:\/\/indaial.atende.net\/cidadao\/noticia\/casa-do-professor-recebe-exposicao-fotografica-cotidiano-disposto\/\">Exposi\u00e7\u00e3o: Cotidiano Disposto<\/a><\/h4>\n\n\n\n<p><strong>Artista:<\/strong> Marcelo da Silva (Lelo)<br><strong>Data:<\/strong> 01 a 30 de Mar\u00e7o| 2022<br><strong>Local:<\/strong> Espa\u00e7o FIC &#8211; Casa do Professor<br><strong>Visita\u00e7\u00e3o:<\/strong> Segunda a sexta das 8h \u00e0s 12h e das 13h \u00e0s 19h e s\u00e1bado das 15h \u00e0s 18h30<\/p>\n<\/div>\n<\/div>\n\n\n\n<hr class=\"wp-block-separator\"\/>\n\n\n\n<div class=\"wp-block-columns has-2-columns is-layout-flex wp-container-core-columns-is-layout-28f84493 wp-block-columns-is-layout-flex\">\n<div class=\"wp-block-column is-layout-flow wp-block-column-is-layout-flow\">\n<figure class=\"wp-block-image\"><img loading=\"lazy\" decoding=\"async\" width=\"724\" height=\"1024\" src=\"https:\/\/www.ficindaial.com.br\/fundacao\/wp-content\/uploads\/2022\/04\/3..2..1-Gravando...-724x1024.png\" alt=\"\" class=\"wp-image-7682\" srcset=\"https:\/\/www.ficindaial.com.br\/fundacao\/wp-content\/uploads\/2022\/04\/3..2..1-Gravando...-724x1024.png 724w, https:\/\/www.ficindaial.com.br\/fundacao\/wp-content\/uploads\/2022\/04\/3..2..1-Gravando...-212x300.png 212w, https:\/\/www.ficindaial.com.br\/fundacao\/wp-content\/uploads\/2022\/04\/3..2..1-Gravando...-768x1086.png 768w, https:\/\/www.ficindaial.com.br\/fundacao\/wp-content\/uploads\/2022\/04\/3..2..1-Gravando....png 1587w\" sizes=\"(max-width: 724px) 100vw, 724px\" \/><\/figure>\n<\/div>\n\n\n\n<div class=\"wp-block-column is-layout-flow wp-block-column-is-layout-flow\">\n<h4 class=\"wp-block-heading\"><a href=\"https:\/\/indaial.atende.net\/cidadao\/noticia\/fic-apresenta-exposicao-de-gravura-321-gravando\/\">Exposi\u00e7\u00e3o: 3..2..1 Gravando\u2026<\/a><\/h4>\n\n\n\n<p><strong>Artistas:<\/strong> Juliana Pereira, M. Adelina Costa, Marcelo da Silva (Lelo) e Marco Ant\u00f4nio Struve.<br><strong>Data: <\/strong>04 a 28 de Abril | 2022<br><strong>Local:<\/strong> Sal\u00e3o de Exposi\u00e7\u00e3o da FIC<br><strong>Visita\u00e7\u00e3o:<\/strong> Segunda a Sexta das 8h \u00e0s 21h<\/p>\n<\/div>\n<\/div>\n\n\n\n<hr class=\"wp-block-separator\"\/>\n\n\n\n<div class=\"wp-block-columns has-2-columns is-layout-flex wp-container-core-columns-is-layout-28f84493 wp-block-columns-is-layout-flex\">\n<div class=\"wp-block-column is-layout-flow wp-block-column-is-layout-flow\">\n<figure class=\"wp-block-image\"><img loading=\"lazy\" decoding=\"async\" width=\"724\" height=\"1024\" src=\"https:\/\/www.ficindaial.com.br\/fundacao\/wp-content\/uploads\/2022\/05\/Exposi\u00e7\u00e3o-Reginaldo-Rinco-Documento-A3-1-724x1024.png\" alt=\"\" class=\"wp-image-7716\" srcset=\"https:\/\/www.ficindaial.com.br\/fundacao\/wp-content\/uploads\/2022\/05\/Exposi\u00e7\u00e3o-Reginaldo-Rinco-Documento-A3-1-724x1024.png 724w, https:\/\/www.ficindaial.com.br\/fundacao\/wp-content\/uploads\/2022\/05\/Exposi\u00e7\u00e3o-Reginaldo-Rinco-Documento-A3-1-212x300.png 212w, https:\/\/www.ficindaial.com.br\/fundacao\/wp-content\/uploads\/2022\/05\/Exposi\u00e7\u00e3o-Reginaldo-Rinco-Documento-A3-1-768x1086.png 768w, https:\/\/www.ficindaial.com.br\/fundacao\/wp-content\/uploads\/2022\/05\/Exposi\u00e7\u00e3o-Reginaldo-Rinco-Documento-A3-1.png 1414w\" sizes=\"(max-width: 724px) 100vw, 724px\" \/><\/figure>\n<\/div>\n\n\n\n<div class=\"wp-block-column is-layout-flow wp-block-column-is-layout-flow\">\n<h4 class=\"wp-block-heading\"><a href=\"https:\/\/indaial.atende.net\/cidadao\/noticia\/espaco-fic-na-casa-do-professor-apresenta-exposicao-mundo-das-arvores-arte-em-arame\">Exposi\u00e7\u00e3o: O Mundo das \u00c1rvores: Arte em Arame<\/a><\/h4>\n\n\n\n<p><strong>Artista:<\/strong> Reginaldo Alexandre Rinco<br><strong>Data:<\/strong> 02 a 30 de Maio| 2022<br><strong>Local:<\/strong> Espa\u00e7o FIC &#8211; Casa do Professor<br><strong>Visita\u00e7\u00e3o: <\/strong>Segunda a sexta das 8h \u00e0s 12h e das 13h \u00e0s 19h e s\u00e1bado das 15h \u00e0s 18h30<\/p>\n<\/div>\n<\/div>\n\n\n\n<hr class=\"wp-block-separator\"\/>\n\n\n\n<div class=\"wp-block-columns has-2-columns is-layout-flex wp-container-core-columns-is-layout-28f84493 wp-block-columns-is-layout-flex\">\n<div class=\"wp-block-column is-layout-flow wp-block-column-is-layout-flow\">\n<figure class=\"wp-block-image\"><img loading=\"lazy\" decoding=\"async\" width=\"724\" height=\"1024\" src=\"https:\/\/www.ficindaial.com.br\/fundacao\/wp-content\/uploads\/2022\/05\/DESFIGURA\u00c7\u00d5ES-SELVAGENS-724x1024.png\" alt=\"\" class=\"wp-image-7717\" srcset=\"https:\/\/www.ficindaial.com.br\/fundacao\/wp-content\/uploads\/2022\/05\/DESFIGURA\u00c7\u00d5ES-SELVAGENS-724x1024.png 724w, https:\/\/www.ficindaial.com.br\/fundacao\/wp-content\/uploads\/2022\/05\/DESFIGURA\u00c7\u00d5ES-SELVAGENS-212x300.png 212w, https:\/\/www.ficindaial.com.br\/fundacao\/wp-content\/uploads\/2022\/05\/DESFIGURA\u00c7\u00d5ES-SELVAGENS-768x1086.png 768w, https:\/\/www.ficindaial.com.br\/fundacao\/wp-content\/uploads\/2022\/05\/DESFIGURA\u00c7\u00d5ES-SELVAGENS.png 1587w\" sizes=\"(max-width: 724px) 100vw, 724px\" \/><\/figure>\n<\/div>\n\n\n\n<div class=\"wp-block-column is-layout-flow wp-block-column-is-layout-flow\">\n<h4 class=\"wp-block-heading\"><a href=\"https:\/\/indaial.atende.net\/cidadao\/noticia\/fic-sedia-exposicao-desconfiguracoes-selvagens\">Exposi\u00e7\u00e3o: Desfigura\u00e7\u00f5es Selvagens<\/a><\/h4>\n\n\n\n<p><strong>Artista<\/strong>: Elys Regina Zils<br><strong>Data<\/strong>: 02 a 30 de Maio| 2022<br><strong>Local<\/strong>: Sal\u00e3o de Exposi\u00e7\u00e3o da FIC<br><strong>Visita\u00e7\u00e3o<\/strong>: Segunda a Sexta das 8h \u00e0s 21h<\/p>\n<\/div>\n<\/div>\n\n\n\n<hr class=\"wp-block-separator\"\/>\n\n\n\n<div class=\"wp-block-columns has-2-columns is-layout-flex wp-container-core-columns-is-layout-28f84493 wp-block-columns-is-layout-flex\">\n<div class=\"wp-block-column is-layout-flow wp-block-column-is-layout-flow\">\n<figure class=\"wp-block-image\"><img loading=\"lazy\" decoding=\"async\" width=\"724\" height=\"1024\" src=\"https:\/\/www.ficindaial.com.br\/fundacao\/wp-content\/uploads\/2022\/06\/6\u00aa-Mostra-Pap\u00e9is-Cartaz-724x1024.png\" alt=\"\" class=\"wp-image-7802\" srcset=\"https:\/\/www.ficindaial.com.br\/fundacao\/wp-content\/uploads\/2022\/06\/6\u00aa-Mostra-Pap\u00e9is-Cartaz-724x1024.png 724w, https:\/\/www.ficindaial.com.br\/fundacao\/wp-content\/uploads\/2022\/06\/6\u00aa-Mostra-Pap\u00e9is-Cartaz-212x300.png 212w, https:\/\/www.ficindaial.com.br\/fundacao\/wp-content\/uploads\/2022\/06\/6\u00aa-Mostra-Pap\u00e9is-Cartaz-768x1086.png 768w, https:\/\/www.ficindaial.com.br\/fundacao\/wp-content\/uploads\/2022\/06\/6\u00aa-Mostra-Pap\u00e9is-Cartaz.png 1587w\" sizes=\"(max-width: 724px) 100vw, 724px\" \/><\/figure>\n<\/div>\n\n\n\n<div class=\"wp-block-column is-layout-flow wp-block-column-is-layout-flow\">\n<h4 class=\"wp-block-heading\"><a href=\"https:\/\/www.ficindaial.com.br\/fundacao\/6o-mostra-papeis\/\">6\u00aa Mostra Pap\u00e9is<\/a><\/h4>\n\n\n\n<p><strong>Alunos do Curso de Desenho da FIC<\/strong> Coordena\u00e7\u00e3o: Professores Camile Brick e Alex Bauer<\/p>\n\n\n\n<p><strong>Data<\/strong>: 01 a 22 de Junho| 2022<br><strong>Local<\/strong>: Sal\u00e3o de Exposi\u00e7\u00e3o da FIC<br><strong>Visita\u00e7\u00e3o<\/strong>: Segunda a Sexta das 8h \u00e0s 21h <\/p>\n<\/div>\n<\/div>\n\n\n\n<hr class=\"wp-block-separator\"\/>\n\n\n\n<div class=\"wp-block-columns has-2-columns is-layout-flex wp-container-core-columns-is-layout-28f84493 wp-block-columns-is-layout-flex\">\n<div class=\"wp-block-column is-layout-flow wp-block-column-is-layout-flow\">\n<figure class=\"wp-block-image\"><img loading=\"lazy\" decoding=\"async\" width=\"724\" height=\"1024\" src=\"https:\/\/www.ficindaial.com.br\/fundacao\/wp-content\/uploads\/2022\/06\/Exposi\u00e7\u00e3o-Samuel-2022-724x1024.png\" alt=\"\" class=\"wp-image-7835\" srcset=\"https:\/\/www.ficindaial.com.br\/fundacao\/wp-content\/uploads\/2022\/06\/Exposi\u00e7\u00e3o-Samuel-2022-724x1024.png 724w, https:\/\/www.ficindaial.com.br\/fundacao\/wp-content\/uploads\/2022\/06\/Exposi\u00e7\u00e3o-Samuel-2022-212x300.png 212w, https:\/\/www.ficindaial.com.br\/fundacao\/wp-content\/uploads\/2022\/06\/Exposi\u00e7\u00e3o-Samuel-2022-768x1086.png 768w, https:\/\/www.ficindaial.com.br\/fundacao\/wp-content\/uploads\/2022\/06\/Exposi\u00e7\u00e3o-Samuel-2022.png 1414w\" sizes=\"(max-width: 724px) 100vw, 724px\" \/><\/figure>\n<\/div>\n\n\n\n<div class=\"wp-block-column is-layout-flow wp-block-column-is-layout-flow\">\n<h4 class=\"wp-block-heading\"><a href=\"https:\/\/indaial.atende.net\/cidadao\/noticia\/espaco-fic-na-casa-do-professor-recebe-exposicao-de-desenho-artistico-do-artista-samuel-rinco\">Exposi\u00e7\u00e3o: Samuel Henrique Rinco<\/a><\/h4>\n\n\n\n<p><strong>Artista<\/strong>: Samuel Henrique Rinco<br><strong>Data<\/strong>: 07 a 29 de Junho| 2022<br><strong>Local<\/strong>: Espa\u00e7o FIC &#8211; Casa do Professor<br><strong>Visita\u00e7\u00e3o: <\/strong>Segunda a sexta das 8h \u00e0s 12h e das 13h \u00e0s 19h e s\u00e1bado das 15h \u00e0s 18h30 <\/p>\n<\/div>\n<\/div>\n\n\n\n<hr class=\"wp-block-separator\"\/>\n\n\n\n<div class=\"wp-block-columns has-2-columns is-layout-flex wp-container-core-columns-is-layout-28f84493 wp-block-columns-is-layout-flex\">\n<div class=\"wp-block-column is-layout-flow wp-block-column-is-layout-flow\">\n<figure class=\"wp-block-image\"><img loading=\"lazy\" decoding=\"async\" width=\"724\" height=\"1024\" src=\"https:\/\/www.ficindaial.com.br\/fundacao\/wp-content\/uploads\/2022\/06\/C\u00f3pia-de-Artesanato-724x1024.png\" alt=\"\" class=\"wp-image-8071\" srcset=\"https:\/\/www.ficindaial.com.br\/fundacao\/wp-content\/uploads\/2022\/06\/C\u00f3pia-de-Artesanato-724x1024.png 724w, https:\/\/www.ficindaial.com.br\/fundacao\/wp-content\/uploads\/2022\/06\/C\u00f3pia-de-Artesanato-212x300.png 212w, https:\/\/www.ficindaial.com.br\/fundacao\/wp-content\/uploads\/2022\/06\/C\u00f3pia-de-Artesanato-768x1086.png 768w, https:\/\/www.ficindaial.com.br\/fundacao\/wp-content\/uploads\/2022\/06\/C\u00f3pia-de-Artesanato.png 1587w\" sizes=\"(max-width: 724px) 100vw, 724px\" \/><\/figure>\n<\/div>\n\n\n\n<div class=\"wp-block-column is-layout-flow wp-block-column-is-layout-flow\">\n<h4 class=\"wp-block-heading\">Produtos Artesanais com Identidade Cultural <\/h4>\n\n\n\n<p><strong>Data<\/strong>: 25 de Junho a 28 de Julho| 2022<br><strong>Local<\/strong>: Sal\u00e3o de Exposi\u00e7\u00e3o da FIC<br><strong>Visita\u00e7\u00e3o<\/strong>: Segunda a Sexta das 8h \u00e0s 21h  <\/p>\n\n\n\n<p>Confira outras informa\u00e7\u00f5es do programa:  <br><a href=\"https:\/\/www.ficindaial.com.br\/fundacao\/programa-artesanato-ouro\/\">Produtos Artesanais \u2013 Funda\u00e7\u00e3o Indaialense de Cultura (ficindaial.com.br)<\/a> <\/p>\n\n\n\n<p><\/p>\n<\/div>\n<\/div>\n\n\n\n<hr class=\"wp-block-separator\"\/>\n\n\n\n<div class=\"wp-block-columns has-2-columns is-layout-flex wp-container-core-columns-is-layout-28f84493 wp-block-columns-is-layout-flex\">\n<div class=\"wp-block-column is-layout-flow wp-block-column-is-layout-flow\">\n<figure class=\"wp-block-image\"><img loading=\"lazy\" decoding=\"async\" width=\"724\" height=\"1024\" src=\"https:\/\/www.ficindaial.com.br\/fundacao\/wp-content\/uploads\/2022\/08\/DESFIGURA\u00c7\u00d5ES-SELVAGENS-724x1024.png\" alt=\"\" class=\"wp-image-8253\" srcset=\"https:\/\/www.ficindaial.com.br\/fundacao\/wp-content\/uploads\/2022\/08\/DESFIGURA\u00c7\u00d5ES-SELVAGENS-724x1024.png 724w, https:\/\/www.ficindaial.com.br\/fundacao\/wp-content\/uploads\/2022\/08\/DESFIGURA\u00c7\u00d5ES-SELVAGENS-212x300.png 212w, https:\/\/www.ficindaial.com.br\/fundacao\/wp-content\/uploads\/2022\/08\/DESFIGURA\u00c7\u00d5ES-SELVAGENS-768x1086.png 768w, https:\/\/www.ficindaial.com.br\/fundacao\/wp-content\/uploads\/2022\/08\/DESFIGURA\u00c7\u00d5ES-SELVAGENS.png 1587w\" sizes=\"(max-width: 724px) 100vw, 724px\" \/><\/figure>\n<\/div>\n\n\n\n<div class=\"wp-block-column is-layout-flow wp-block-column-is-layout-flow\">\n<h4 class=\"wp-block-heading\"><a href=\"https:\/\/indaial.atende.net\/cidadao\/noticia\/fic-sedia-exposicao-desconfiguracoes-selvagens\">Exposi\u00e7\u00e3o: Desfigura\u00e7\u00f5es Selvagens<\/a><\/h4>\n\n\n\n<p><strong>Artista<\/strong>: Elys Regina Zils<br><strong>Data<\/strong>: 01 a 28 de Julho| 2022<br><strong>Local<\/strong>: Espa\u00e7o FIC &#8211; Casa do Professor<br><strong>Visita\u00e7\u00e3o: <\/strong>Segunda a sexta das 8h \u00e0s 12h e das 13h \u00e0s 19h e s\u00e1bado das 15h \u00e0s 18h30  <\/p>\n<\/div>\n<\/div>\n\n\n\n<hr class=\"wp-block-separator\"\/>\n\n\n\n<div class=\"wp-block-columns has-2-columns is-layout-flex wp-container-core-columns-is-layout-28f84493 wp-block-columns-is-layout-flex\">\n<div class=\"wp-block-column is-layout-flow wp-block-column-is-layout-flow\">\n<figure class=\"wp-block-image\"><img loading=\"lazy\" decoding=\"async\" width=\"724\" height=\"1024\" src=\"https:\/\/www.ficindaial.com.br\/fundacao\/wp-content\/uploads\/2022\/08\/Exposi\u00e7\u00e3o-Ess\u00eancia-Cartaz-retrato-724x1024.png\" alt=\"\" class=\"wp-image-8255\" srcset=\"https:\/\/www.ficindaial.com.br\/fundacao\/wp-content\/uploads\/2022\/08\/Exposi\u00e7\u00e3o-Ess\u00eancia-Cartaz-retrato-724x1024.png 724w, https:\/\/www.ficindaial.com.br\/fundacao\/wp-content\/uploads\/2022\/08\/Exposi\u00e7\u00e3o-Ess\u00eancia-Cartaz-retrato-212x300.png 212w, https:\/\/www.ficindaial.com.br\/fundacao\/wp-content\/uploads\/2022\/08\/Exposi\u00e7\u00e3o-Ess\u00eancia-Cartaz-retrato-768x1086.png 768w, https:\/\/www.ficindaial.com.br\/fundacao\/wp-content\/uploads\/2022\/08\/Exposi\u00e7\u00e3o-Ess\u00eancia-Cartaz-retrato.png 1587w\" sizes=\"(max-width: 724px) 100vw, 724px\" \/><\/figure>\n<\/div>\n\n\n\n<div class=\"wp-block-column is-layout-flow wp-block-column-is-layout-flow\">\n<h4 class=\"wp-block-heading\" id=\"mce_8\"><a href=\"https:\/\/indaial.atende.net\/cidadao\/noticia\/exposicao-essencia-na-fic-apresenta-trabalhos-de-alunos-do-curso-de-artes-visuais\">Exposi\u00e7\u00e3o Ess\u00eancia<\/a><\/h4>\n\n\n\n<p><strong>Artistas<\/strong>: D\u00ea Montagna e Jean Gabriel Garcia de Souza (Grupo de Artes Visuais da FIC)<br><strong>Organiza\u00e7\u00e3o: <\/strong>Prof. Camile Brick<br><strong>Data<\/strong>: 13 a 30 de Agosto| 2022<br><strong>Visita\u00e7\u00e3o: <\/strong> Sal\u00e3o de Exposi\u00e7\u00e3o da FIC<br><strong>Visita\u00e7\u00e3o<\/strong>: Segunda a Sexta das 8h \u00e0s 21h e S\u00e1bados das 8h \u00e0s 12h<\/p>\n<\/div>\n<\/div>\n\n\n\n<hr class=\"wp-block-separator\"\/>\n\n\n\n<div class=\"wp-block-columns has-2-columns is-layout-flex wp-container-core-columns-is-layout-28f84493 wp-block-columns-is-layout-flex\">\n<div class=\"wp-block-column is-layout-flow wp-block-column-is-layout-flow\">\n<figure class=\"wp-block-image\"><img loading=\"lazy\" decoding=\"async\" width=\"724\" height=\"1024\" src=\"https:\/\/www.ficindaial.com.br\/fundacao\/wp-content\/uploads\/2022\/08\/Cartaz-de-Exposi\u00e7\u00e3o-de-Fotografia-em-Preto-e-Branco-1-724x1024.png\" alt=\"\" class=\"wp-image-8259\" srcset=\"https:\/\/www.ficindaial.com.br\/fundacao\/wp-content\/uploads\/2022\/08\/Cartaz-de-Exposi\u00e7\u00e3o-de-Fotografia-em-Preto-e-Branco-1-724x1024.png 724w, https:\/\/www.ficindaial.com.br\/fundacao\/wp-content\/uploads\/2022\/08\/Cartaz-de-Exposi\u00e7\u00e3o-de-Fotografia-em-Preto-e-Branco-1-212x300.png 212w, https:\/\/www.ficindaial.com.br\/fundacao\/wp-content\/uploads\/2022\/08\/Cartaz-de-Exposi\u00e7\u00e3o-de-Fotografia-em-Preto-e-Branco-1-768x1086.png 768w, https:\/\/www.ficindaial.com.br\/fundacao\/wp-content\/uploads\/2022\/08\/Cartaz-de-Exposi\u00e7\u00e3o-de-Fotografia-em-Preto-e-Branco-1.png 1587w\" sizes=\"(max-width: 724px) 100vw, 724px\" \/><\/figure>\n<\/div>\n\n\n\n<div class=\"wp-block-column is-layout-flow wp-block-column-is-layout-flow\">\n<h4 class=\"wp-block-heading\" id=\"mce_9\"><a href=\"https:\/\/indaial.atende.net\/cidadao\/noticia\/espaco-fic-na-casa-do-professor-sedia-exposicao-entre-nos-do-fotografo-marcelo-xis\">Entre N\u00f3s<\/a><\/h4>\n\n\n\n<p><strong>Artista<\/strong>: Marcelo Xis<br><strong>Data<\/strong>: 01 a 30 de Agosto | 2022<br> <strong>Local<\/strong>: Espa\u00e7o FIC &#8211; Casa do Professor <br><strong>Visita\u00e7\u00e3o: <\/strong>Segunda a sexta das 8h \u00e0s 12h e das 13h \u00e0s 19h e s\u00e1bado das 15h \u00e0s 18h30 <\/p>\n\n\n\n<p><strong>Visita\u00e7\u00e3o: <\/strong>Segunda a sexta das 8h \u00e0s 12h e das 13h \u00e0s 19h e s\u00e1bado das 15h \u00e0s 18h30 <\/p>\n\n\n\n<div class=\"wp-block-columns has-2-columns is-layout-flex wp-container-core-columns-is-layout-28f84493 wp-block-columns-is-layout-flex\">\n<div class=\"wp-block-column is-layout-flow wp-block-column-is-layout-flow\">\n<p><\/p>\n<\/div>\n\n\n\n<div class=\"wp-block-column is-layout-flow wp-block-column-is-layout-flow\"><\/div>\n<\/div>\n<\/div>\n<\/div>\n\n\n\n<hr class=\"wp-block-separator\"\/>\n\n\n\n<div class=\"wp-block-columns has-2-columns is-layout-flex wp-container-core-columns-is-layout-28f84493 wp-block-columns-is-layout-flex\">\n<div class=\"wp-block-column is-layout-flow wp-block-column-is-layout-flow\">\n<figure class=\"wp-block-image\"><img loading=\"lazy\" decoding=\"async\" width=\"724\" height=\"1024\" src=\"https:\/\/www.ficindaial.com.br\/fundacao\/wp-content\/uploads\/2022\/10\/Cartaz-de-Exposi\u00e7\u00e3o-de-Fotografia-em-Preto-e-Branco-724x1024.png\" alt=\"\" class=\"wp-image-8354\" srcset=\"https:\/\/www.ficindaial.com.br\/fundacao\/wp-content\/uploads\/2022\/10\/Cartaz-de-Exposi\u00e7\u00e3o-de-Fotografia-em-Preto-e-Branco-724x1024.png 724w, https:\/\/www.ficindaial.com.br\/fundacao\/wp-content\/uploads\/2022\/10\/Cartaz-de-Exposi\u00e7\u00e3o-de-Fotografia-em-Preto-e-Branco-212x300.png 212w, https:\/\/www.ficindaial.com.br\/fundacao\/wp-content\/uploads\/2022\/10\/Cartaz-de-Exposi\u00e7\u00e3o-de-Fotografia-em-Preto-e-Branco-768x1086.png 768w, https:\/\/www.ficindaial.com.br\/fundacao\/wp-content\/uploads\/2022\/10\/Cartaz-de-Exposi\u00e7\u00e3o-de-Fotografia-em-Preto-e-Branco.png 1587w\" sizes=\"(max-width: 724px) 100vw, 724px\" \/><\/figure>\n<\/div>\n\n\n\n<div class=\"wp-block-column is-layout-flow wp-block-column-is-layout-flow\">\n<p><strong>Artistas<\/strong>: Marcelo Xis <br><strong>Data<\/strong>: 01 a 31 de Setembro| 2022<br><strong>Visita\u00e7\u00e3o: <\/strong> Sal\u00e3o de Exposi\u00e7\u00e3o da FIC<br><strong>Visita\u00e7\u00e3o<\/strong>: Segunda a Sexta das 8h \u00e0s 21h e S\u00e1bados das 8h \u00e0s 12h <\/p>\n<\/div>\n<\/div>\n\n\n\n<hr class=\"wp-block-separator\"\/>\n\n\n\n<div class=\"wp-block-columns has-2-columns is-layout-flex wp-container-core-columns-is-layout-28f84493 wp-block-columns-is-layout-flex\">\n<div class=\"wp-block-column is-layout-flow wp-block-column-is-layout-flow\">\n<figure class=\"wp-block-image\"><img loading=\"lazy\" decoding=\"async\" width=\"724\" height=\"1024\" src=\"https:\/\/www.ficindaial.com.br\/fundacao\/wp-content\/uploads\/2022\/10\/Exposi\u00e7\u00e3o-Ess\u00eancia-Cartaz-retrato-724x1024.png\" alt=\"\" class=\"wp-image-8356\" srcset=\"https:\/\/www.ficindaial.com.br\/fundacao\/wp-content\/uploads\/2022\/10\/Exposi\u00e7\u00e3o-Ess\u00eancia-Cartaz-retrato-724x1024.png 724w, https:\/\/www.ficindaial.com.br\/fundacao\/wp-content\/uploads\/2022\/10\/Exposi\u00e7\u00e3o-Ess\u00eancia-Cartaz-retrato-212x300.png 212w, https:\/\/www.ficindaial.com.br\/fundacao\/wp-content\/uploads\/2022\/10\/Exposi\u00e7\u00e3o-Ess\u00eancia-Cartaz-retrato-768x1086.png 768w, https:\/\/www.ficindaial.com.br\/fundacao\/wp-content\/uploads\/2022\/10\/Exposi\u00e7\u00e3o-Ess\u00eancia-Cartaz-retrato.png 1587w\" sizes=\"(max-width: 724px) 100vw, 724px\" \/><\/figure>\n<\/div>\n\n\n\n<div class=\"wp-block-column is-layout-flow wp-block-column-is-layout-flow\">\n<p><strong>Artistas<\/strong>: D\u00ea Montagna e Jean Gabriel Garcia de Souza (Grupo de Artes Visuais da FIC)<br><strong>Organiza\u00e7\u00e3o: <\/strong>Prof. Camile Brick<br><strong>Data<\/strong>: 01 a 30 de Setembro| 2022<br><strong>Local: <\/strong>Espa\u00e7o FIC &#8211; Casa do Professor <br><strong>Visita\u00e7\u00e3o: <\/strong>Segunda a sexta das 8h \u00e0s 12h e das 13h \u00e0s 19h e s\u00e1bado das 15h \u00e0s 18h30  <\/p>\n<\/div>\n<\/div>\n\n\n\n<hr class=\"wp-block-separator\"\/>\n\n\n\n<div class=\"wp-block-columns has-2-columns is-layout-flex wp-container-core-columns-is-layout-28f84493 wp-block-columns-is-layout-flex\">\n<div class=\"wp-block-column is-layout-flow wp-block-column-is-layout-flow\">\n<figure class=\"wp-block-image\"><img loading=\"lazy\" decoding=\"async\" width=\"724\" height=\"1024\" src=\"https:\/\/www.ficindaial.com.br\/fundacao\/wp-content\/uploads\/2022\/10\/Mostra-Artes-Visuais-2022-724x1024.png\" alt=\"\" class=\"wp-image-8357\" srcset=\"https:\/\/www.ficindaial.com.br\/fundacao\/wp-content\/uploads\/2022\/10\/Mostra-Artes-Visuais-2022-724x1024.png 724w, https:\/\/www.ficindaial.com.br\/fundacao\/wp-content\/uploads\/2022\/10\/Mostra-Artes-Visuais-2022-212x300.png 212w, https:\/\/www.ficindaial.com.br\/fundacao\/wp-content\/uploads\/2022\/10\/Mostra-Artes-Visuais-2022-768x1086.png 768w, https:\/\/www.ficindaial.com.br\/fundacao\/wp-content\/uploads\/2022\/10\/Mostra-Artes-Visuais-2022.png 1587w\" sizes=\"(max-width: 724px) 100vw, 724px\" \/><\/figure>\n<\/div>\n\n\n\n<div class=\"wp-block-column is-layout-flow wp-block-column-is-layout-flow\">\n<h4 class=\"wp-block-heading\"><strong>Mostra Did\u00e1tica &#8211; Alunos Curso de Desenho<\/strong><\/h4>\n\n\n\n<p><strong>Organiza\u00e7\u00e3o: <\/strong>Prof. Camile Brick e Alex Bauer<br><strong>Data<\/strong>: 03 a 28 de Outubro| 2022<br><strong>Local: <\/strong>Sal\u00e3o de Exposi\u00e7\u00e3o FIC<br><strong>Visita\u00e7\u00e3o: <\/strong>Segunda a sexta das 8h \u00e0s 12h e das 13h \u00e0s 19h e s\u00e1bado das 15h \u00e0s 18h30 <\/p>\n<\/div>\n<\/div>\n\n\n\n<hr class=\"wp-block-separator\"\/>\n\n\n\n<div class=\"wp-block-columns has-2-columns is-layout-flex wp-container-core-columns-is-layout-28f84493 wp-block-columns-is-layout-flex\">\n<div class=\"wp-block-column is-layout-flow wp-block-column-is-layout-flow\">\n<figure class=\"wp-block-image\"><img loading=\"lazy\" decoding=\"async\" width=\"724\" height=\"1024\" src=\"https:\/\/www.ficindaial.com.br\/fundacao\/wp-content\/uploads\/2022\/10\/Exposi\u00e7\u00e3o-trabalhos-diversos-724x1024.png\" alt=\"\" class=\"wp-image-8360\" srcset=\"https:\/\/www.ficindaial.com.br\/fundacao\/wp-content\/uploads\/2022\/10\/Exposi\u00e7\u00e3o-trabalhos-diversos-724x1024.png 724w, https:\/\/www.ficindaial.com.br\/fundacao\/wp-content\/uploads\/2022\/10\/Exposi\u00e7\u00e3o-trabalhos-diversos-212x300.png 212w, https:\/\/www.ficindaial.com.br\/fundacao\/wp-content\/uploads\/2022\/10\/Exposi\u00e7\u00e3o-trabalhos-diversos-768x1086.png 768w, https:\/\/www.ficindaial.com.br\/fundacao\/wp-content\/uploads\/2022\/10\/Exposi\u00e7\u00e3o-trabalhos-diversos.png 1587w\" sizes=\"(max-width: 724px) 100vw, 724px\" \/><\/figure>\n<\/div>\n\n\n\n<div class=\"wp-block-column is-layout-flow wp-block-column-is-layout-flow\">\n<h4 class=\"wp-block-heading\"><strong>Trabalhos Diversos &#8211; Curso de Artesanato e Artes Visuais &#8211; FIC<\/strong><br><\/h4>\n\n\n\n<p><strong>Organiza\u00e7\u00e3o: <\/strong>Prof. Maria Salete Koser da Veiga e Alex Bauer<br><strong>Data<\/strong>: 06 a 31 de Outubro| 2022<br><strong>Local: <\/strong>Espa\u00e7o FIC &#8211; Casa do Professor <br><strong>Visita\u00e7\u00e3o: <\/strong>Segunda a sexta das 8h \u00e0s 12h e das 13h \u00e0s 19h e s\u00e1bado das 15h \u00e0s 18h30   <\/p>\n<\/div>\n<\/div>\n","protected":false},"excerpt":{"rendered":"<p>Exposi\u00e7\u00e3o: Dualidade. Sob o Olhar lim\u00edtrofe Artista: Luana Possalte de OliveiraData: 01 a 25 de Fevereiro | 2022Local: Sal\u00e3o de Exposi\u00e7\u00e3o da FICVisita\u00e7\u00e3o: Segunda a Sexta das 8h \u00e0s 21h Exposi\u00e7\u00e3o: Obras de Lucia Ferreira dos Santos Souza Artista: Lucia<\/p>\n","protected":false},"author":2,"featured_media":0,"parent":0,"menu_order":0,"comment_status":"closed","ping_status":"closed","template":"","meta":{"saved_in_kubio":false,"ngg_post_thumbnail":0,"footnotes":""},"class_list":["post-7679","page","type-page","status-publish","hentry"],"kubio_ai_page_context":{"short_desc":"","purpose":"general"},"_links":{"self":[{"href":"https:\/\/www.ficindaial.com.br\/fundacao\/wp-json\/wp\/v2\/pages\/7679","targetHints":{"allow":["GET"]}}],"collection":[{"href":"https:\/\/www.ficindaial.com.br\/fundacao\/wp-json\/wp\/v2\/pages"}],"about":[{"href":"https:\/\/www.ficindaial.com.br\/fundacao\/wp-json\/wp\/v2\/types\/page"}],"author":[{"embeddable":true,"href":"https:\/\/www.ficindaial.com.br\/fundacao\/wp-json\/wp\/v2\/users\/2"}],"replies":[{"embeddable":true,"href":"https:\/\/www.ficindaial.com.br\/fundacao\/wp-json\/wp\/v2\/comments?post=7679"}],"version-history":[{"count":22,"href":"https:\/\/www.ficindaial.com.br\/fundacao\/wp-json\/wp\/v2\/pages\/7679\/revisions"}],"predecessor-version":[{"id":8366,"href":"https:\/\/www.ficindaial.com.br\/fundacao\/wp-json\/wp\/v2\/pages\/7679\/revisions\/8366"}],"wp:attachment":[{"href":"https:\/\/www.ficindaial.com.br\/fundacao\/wp-json\/wp\/v2\/media?parent=7679"}],"curies":[{"name":"wp","href":"https:\/\/api.w.org\/{rel}","templated":true}]}}