{"id":720,"date":"2018-07-19T13:49:56","date_gmt":"2018-07-19T13:49:56","guid":{"rendered":"http:\/\/fic2.hospedagemdesites.ws\/fundacao\/?page_id=720"},"modified":"2021-06-14T11:22:03","modified_gmt":"2021-06-14T14:22:03","slug":"agenda-cultural-aldirblanc","status":"publish","type":"page","link":"https:\/\/www.ficindaial.com.br\/fundacao\/agenda-cultural-aldirblanc\/","title":{"rendered":"Agenda Cultural &#8211; Projetos Aprovados Lei Aldir Blanc &#8211; Indaial"},"content":{"rendered":"\n<hr class=\"wp-block-separator\"\/>\n\n\n\n<p><strong>Projetos Contemplados com a Lei de Emerg\u00eancia Cultural Aldir Blanc Lei 14.017\/2020, Edital 001\/2020 no munic\u00edpio de Indaial.<\/strong><\/p>\n\n\n\n<hr class=\"wp-block-separator\"\/>\n\n\n\n<div style=\"height:50px\" aria-hidden=\"true\" class=\"wp-block-spacer\"><\/div>\n\n\n\n<div class=\"wp-block-columns has-2-columns is-layout-flex wp-container-core-columns-is-layout-28f84493 wp-block-columns-is-layout-flex\">\n<div class=\"wp-block-column is-layout-flow wp-block-column-is-layout-flow\">\n<p><strong>Nome do projeto:<\/strong> A Fada Sonhadora Online<br><strong>Proponente:<\/strong> Mariluce Rodrigues de Freitas 07243976980<br><strong>Proposta:<\/strong> Apresentar Online, por meio de uma live, o espet\u00e1culo de conta\u00e7\u00e3o de hist\u00f3ria \u201cA Fada Sonhadora\u201d, incluindo tradu\u00e7\u00e3o simult\u00e2nea em libras.<br><strong>Data: <\/strong>04\/02\/2021<br><strong>Hor\u00e1rio: <\/strong>20h<br><strong>Local: <\/strong>Dispon\u00edvel no Canal  <a href=\"https:\/\/www.youtube.com\/watch?v=S6IsMwS1eaY&amp;ab_channel=AFadaSonhadora\">A Fada Sonhadora<\/a> no YouTube<\/p>\n<\/div>\n\n\n\n<div class=\"wp-block-column is-layout-flow wp-block-column-is-layout-flow\">\n<figure class=\"wp-block-image\"><img loading=\"lazy\" decoding=\"async\" width=\"1024\" height=\"1024\" src=\"https:\/\/www.ficindaial.com.br\/fundacao\/wp-content\/uploads\/2021\/03\/Ruth-1024x1024.jpeg\" alt=\"\" class=\"wp-image-6024\" srcset=\"https:\/\/www.ficindaial.com.br\/fundacao\/wp-content\/uploads\/2021\/03\/Ruth-1024x1024.jpeg 1024w, https:\/\/www.ficindaial.com.br\/fundacao\/wp-content\/uploads\/2021\/03\/Ruth-150x150.jpeg 150w, https:\/\/www.ficindaial.com.br\/fundacao\/wp-content\/uploads\/2021\/03\/Ruth-300x300.jpeg 300w, https:\/\/www.ficindaial.com.br\/fundacao\/wp-content\/uploads\/2021\/03\/Ruth-768x768.jpeg 768w, https:\/\/www.ficindaial.com.br\/fundacao\/wp-content\/uploads\/2021\/03\/Ruth-270x270.jpeg 270w, https:\/\/www.ficindaial.com.br\/fundacao\/wp-content\/uploads\/2021\/03\/Ruth-230x230.jpeg 230w, https:\/\/www.ficindaial.com.br\/fundacao\/wp-content\/uploads\/2021\/03\/Ruth.jpeg 1280w\" sizes=\"(max-width: 1024px) 100vw, 1024px\" \/><\/figure>\n<\/div>\n<\/div>\n\n\n\n<div style=\"height:100px\" aria-hidden=\"true\" class=\"wp-block-spacer\"><\/div>\n\n\n\n<div class=\"wp-block-columns has-2-columns is-layout-flex wp-container-core-columns-is-layout-28f84493 wp-block-columns-is-layout-flex\">\n<div class=\"wp-block-column is-layout-flow wp-block-column-is-layout-flow\">\n<figure class=\"wp-block-image\"><img loading=\"lazy\" decoding=\"async\" width=\"1024\" height=\"1024\" src=\"https:\/\/www.ficindaial.com.br\/fundacao\/wp-content\/uploads\/2021\/03\/Florescencia-2-1024x1024.jpeg\" alt=\"\" class=\"wp-image-5933\" srcset=\"https:\/\/www.ficindaial.com.br\/fundacao\/wp-content\/uploads\/2021\/03\/Florescencia-2-1024x1024.jpeg 1024w, https:\/\/www.ficindaial.com.br\/fundacao\/wp-content\/uploads\/2021\/03\/Florescencia-2-150x150.jpeg 150w, https:\/\/www.ficindaial.com.br\/fundacao\/wp-content\/uploads\/2021\/03\/Florescencia-2-300x300.jpeg 300w, https:\/\/www.ficindaial.com.br\/fundacao\/wp-content\/uploads\/2021\/03\/Florescencia-2-768x768.jpeg 768w, https:\/\/www.ficindaial.com.br\/fundacao\/wp-content\/uploads\/2021\/03\/Florescencia-2-270x270.jpeg 270w, https:\/\/www.ficindaial.com.br\/fundacao\/wp-content\/uploads\/2021\/03\/Florescencia-2-230x230.jpeg 230w, https:\/\/www.ficindaial.com.br\/fundacao\/wp-content\/uploads\/2021\/03\/Florescencia-2.jpeg 1080w\" sizes=\"(max-width: 1024px) 100vw, 1024px\" \/><\/figure>\n\n\n\n<p><strong>Nome do Projeto: <\/strong>Flor.Ess\u00eancia &#8211; A Poesia como Caminho<br><strong>Proponente:<\/strong> Denise Patr\u00edcio<br><strong>Data: 05 a 15<\/strong><span style=\"background-color: rgb(232, 234, 235);\"><b><strong> de Mar\u00e7o<\/strong><\/b><\/span><br><strong>Hor\u00e1rio:<\/strong> 8h \u00e0s 12h | 13h30 &#8211; 21h<br><strong>Local: <\/strong>FIC<\/p>\n<\/div>\n\n\n\n<div class=\"wp-block-column is-layout-flow wp-block-column-is-layout-flow\">\n<figure class=\"wp-block-image\"><img loading=\"lazy\" decoding=\"async\" width=\"1024\" height=\"1024\" src=\"https:\/\/www.ficindaial.com.br\/fundacao\/wp-content\/uploads\/2021\/03\/Florescencia-1024x1024.jpeg\" alt=\"\" class=\"wp-image-5932\" srcset=\"https:\/\/www.ficindaial.com.br\/fundacao\/wp-content\/uploads\/2021\/03\/Florescencia-1024x1024.jpeg 1024w, https:\/\/www.ficindaial.com.br\/fundacao\/wp-content\/uploads\/2021\/03\/Florescencia-150x150.jpeg 150w, https:\/\/www.ficindaial.com.br\/fundacao\/wp-content\/uploads\/2021\/03\/Florescencia-300x300.jpeg 300w, https:\/\/www.ficindaial.com.br\/fundacao\/wp-content\/uploads\/2021\/03\/Florescencia-768x768.jpeg 768w, https:\/\/www.ficindaial.com.br\/fundacao\/wp-content\/uploads\/2021\/03\/Florescencia-270x270.jpeg 270w, https:\/\/www.ficindaial.com.br\/fundacao\/wp-content\/uploads\/2021\/03\/Florescencia-230x230.jpeg 230w, https:\/\/www.ficindaial.com.br\/fundacao\/wp-content\/uploads\/2021\/03\/Florescencia.jpeg 1080w\" sizes=\"(max-width: 1024px) 100vw, 1024px\" \/><\/figure>\n\n\n\n<p>A exposi\u00e7\u00e3o cria uma atmosfera minimalista, silenciosa e tranquila, acolhendo e pacificando as frequ\u00eancias inst\u00e1veis que resultam dos tempos atuais. <br>\nVenham respirar esse ar. Venham se acalmar com as delicadas manifesta\u00e7\u00f5es da presen\u00e7a.<\/p>\n<\/div>\n<\/div>\n\n\n\n<div style=\"height:50px\" aria-hidden=\"true\" class=\"wp-block-spacer\"><\/div>\n\n\n\n<hr class=\"wp-block-separator\"\/>\n\n\n\n<div class=\"wp-block-columns has-2-columns is-layout-flex wp-container-core-columns-is-layout-28f84493 wp-block-columns-is-layout-flex\">\n<div class=\"wp-block-column is-layout-flow wp-block-column-is-layout-flow\">\n<p><strong>Nome do projeto: <\/strong>Todas Nela<br><strong>Proponente<\/strong>: Mariluce Rodrigues de Freitas<br><strong>Proposta:<\/strong> O projeto consiste em uma experimenta\u00e7\u00e3o c\u00eanica pensada nos tempos atuais totalmente para a transmiss\u00e3o on-line. Realizada por 5 mulheres diretamente ligadas a cria\u00e7\u00e3o de uma esquete\/mon\u00f3logo.<br><strong>Data:<\/strong> <strong>07 de Mar\u00e7o<\/strong><br><strong>Hor\u00e1rio: <\/strong>19h<br><strong>Local<\/strong>: Dispon\u00edvel no <a href=\"https:\/\/www.youtube.com\/watch?v=SSrSf3pcKGk&amp;ab_channel=RuthRodrigues\">YouTube<\/a><\/p>\n<\/div>\n\n\n\n<div class=\"wp-block-column is-layout-flow wp-block-column-is-layout-flow\">\n<figure class=\"wp-block-image is-resized\"><img loading=\"lazy\" decoding=\"async\" src=\"https:\/\/www.ficindaial.com.br\/fundacao\/wp-content\/uploads\/2021\/03\/Todos-Nela.png\" alt=\"\" class=\"wp-image-5991\" width=\"329\" height=\"329\" srcset=\"https:\/\/www.ficindaial.com.br\/fundacao\/wp-content\/uploads\/2021\/03\/Todos-Nela.png 431w, https:\/\/www.ficindaial.com.br\/fundacao\/wp-content\/uploads\/2021\/03\/Todos-Nela-150x150.png 150w, https:\/\/www.ficindaial.com.br\/fundacao\/wp-content\/uploads\/2021\/03\/Todos-Nela-300x300.png 300w, https:\/\/www.ficindaial.com.br\/fundacao\/wp-content\/uploads\/2021\/03\/Todos-Nela-270x270.png 270w, https:\/\/www.ficindaial.com.br\/fundacao\/wp-content\/uploads\/2021\/03\/Todos-Nela-230x230.png 230w\" sizes=\"(max-width: 329px) 100vw, 329px\" \/><\/figure>\n<\/div>\n<\/div>\n\n\n\n<div style=\"height:50px\" aria-hidden=\"true\" class=\"wp-block-spacer\"><\/div>\n\n\n\n<hr class=\"wp-block-separator\"\/>\n\n\n\n<div class=\"wp-block-columns has-2-columns is-layout-flex wp-container-core-columns-is-layout-28f84493 wp-block-columns-is-layout-flex\">\n<div class=\"wp-block-column is-layout-flow wp-block-column-is-layout-flow\">\n<figure class=\"wp-block-image\"><img loading=\"lazy\" decoding=\"async\" width=\"1024\" height=\"1024\" src=\"https:\/\/www.ficindaial.com.br\/fundacao\/wp-content\/uploads\/2021\/03\/Pa-Pum-Haicai-1024x1024.jpeg\" alt=\"\" class=\"wp-image-5931\" srcset=\"https:\/\/www.ficindaial.com.br\/fundacao\/wp-content\/uploads\/2021\/03\/Pa-Pum-Haicai-1024x1024.jpeg 1024w, https:\/\/www.ficindaial.com.br\/fundacao\/wp-content\/uploads\/2021\/03\/Pa-Pum-Haicai-150x150.jpeg 150w, https:\/\/www.ficindaial.com.br\/fundacao\/wp-content\/uploads\/2021\/03\/Pa-Pum-Haicai-300x300.jpeg 300w, https:\/\/www.ficindaial.com.br\/fundacao\/wp-content\/uploads\/2021\/03\/Pa-Pum-Haicai-768x768.jpeg 768w, https:\/\/www.ficindaial.com.br\/fundacao\/wp-content\/uploads\/2021\/03\/Pa-Pum-Haicai-270x270.jpeg 270w, https:\/\/www.ficindaial.com.br\/fundacao\/wp-content\/uploads\/2021\/03\/Pa-Pum-Haicai-230x230.jpeg 230w, https:\/\/www.ficindaial.com.br\/fundacao\/wp-content\/uploads\/2021\/03\/Pa-Pum-Haicai.jpeg 1080w\" sizes=\"(max-width: 1024px) 100vw, 1024px\" \/><\/figure>\n\n\n\n<p><strong>Nome do Projeto: <\/strong>P\u00c1! PUM! HAICAI!<br><strong>Proponente:<\/strong> Denise Patr\u00edcio<br><strong>Data: 11 de Mar\u00e7o<\/strong><br><strong>Hor\u00e1rio:<\/strong> 21h<br><strong>Local: <\/strong>Instagram @um.por.todos.arte<\/p>\n<\/div>\n\n\n\n<div class=\"wp-block-column is-layout-flow wp-block-column-is-layout-flow\">\n<p>Trajet\u00f3ria art\u00edstica do Z\u00e9, sobre as expedi\u00e7\u00f5es fotogr\u00e1ficas, os livros que ele j\u00e1 publicou e aprofundar na experi\u00eancia dele com a <br> fotografia contemplativa, com a medita\u00e7\u00e3o, e em especial com a exposi\u00e7\u00e3o \u201cO  somsil\u00eancio da imagem\u201d que bebe na fonte dos princ\u00edpios est\u00e9ticos japoneses e traz  para esse di\u00e1logo &#8211; entre imagem, som e sil\u00eancio &#8211; os poemas do mestre Matsuo Bash\u00f4.\u2727<\/p>\n<\/div>\n<\/div>\n\n\n\n<div style=\"height:50px\" aria-hidden=\"true\" class=\"wp-block-spacer\"><\/div>\n\n\n\n<hr class=\"wp-block-separator\"\/>\n\n\n\n<div class=\"wp-block-columns has-2-columns is-layout-flex wp-container-core-columns-is-layout-28f84493 wp-block-columns-is-layout-flex\">\n<div class=\"wp-block-column is-layout-flow wp-block-column-is-layout-flow\">\n<p><strong>Nome do projeto:<\/strong> &#8220;A linguagem po\u00e9tica dos beb\u00eas &#8211; apresenta\u00e7\u00e3o e oficina\u201d<br><strong>Proponente:<\/strong> Thais Weing\u00e4rtner.<br>Acess\u00edvel em Libras <br><strong>Proposta<\/strong>: Live com o Grupo do Ba\u00fa sobre o processo de montagem do espet\u00e1culo &#8220;Um Ba\u00fa de Achadouros&#8221;. <br><strong> Data: 13 de Mar\u00e7o<\/strong><br><strong> Hor\u00e1rio: 19h<\/strong><br> <strong>Local<\/strong>: <a href=\"https:\/\/www.youtube.com\/channel\/UCnB6ySwz4QXQKdDuOHRVv_w\">YouTube &#8211; Grupo do Ba\u00fa <\/a><\/p>\n<\/div>\n\n\n\n<div class=\"wp-block-column is-layout-flow wp-block-column-is-layout-flow\">\n<figure class=\"wp-block-image is-resized\"><img loading=\"lazy\" decoding=\"async\" src=\"https:\/\/www.ficindaial.com.br\/fundacao\/wp-content\/uploads\/2021\/03\/Thais-01-1024x1024.jpeg\" alt=\"\" class=\"wp-image-5944\" width=\"286\" height=\"286\" srcset=\"https:\/\/www.ficindaial.com.br\/fundacao\/wp-content\/uploads\/2021\/03\/Thais-01-1024x1024.jpeg 1024w, https:\/\/www.ficindaial.com.br\/fundacao\/wp-content\/uploads\/2021\/03\/Thais-01-150x150.jpeg 150w, https:\/\/www.ficindaial.com.br\/fundacao\/wp-content\/uploads\/2021\/03\/Thais-01-300x300.jpeg 300w, https:\/\/www.ficindaial.com.br\/fundacao\/wp-content\/uploads\/2021\/03\/Thais-01-768x767.jpeg 768w, https:\/\/www.ficindaial.com.br\/fundacao\/wp-content\/uploads\/2021\/03\/Thais-01-270x270.jpeg 270w, https:\/\/www.ficindaial.com.br\/fundacao\/wp-content\/uploads\/2021\/03\/Thais-01-230x230.jpeg 230w, https:\/\/www.ficindaial.com.br\/fundacao\/wp-content\/uploads\/2021\/03\/Thais-01.jpeg 1081w\" sizes=\"(max-width: 286px) 100vw, 286px\" \/><\/figure>\n\n\n\n<p> <\/p>\n<\/div>\n<\/div>\n\n\n\n<hr class=\"wp-block-separator\"\/>\n\n\n\n<div style=\"height:50px\" aria-hidden=\"true\" class=\"wp-block-spacer\"><\/div>\n\n\n\n<div class=\"wp-block-columns has-2-columns is-layout-flex wp-container-core-columns-is-layout-28f84493 wp-block-columns-is-layout-flex\">\n<div class=\"wp-block-column is-layout-flow wp-block-column-is-layout-flow\">\n<figure class=\"wp-block-image is-resized\"><img loading=\"lazy\" decoding=\"async\" src=\"https:\/\/www.ficindaial.com.br\/fundacao\/wp-content\/uploads\/2021\/03\/Thais-2-1024x1024.jpeg\" alt=\"\" class=\"wp-image-5945\" width=\"280\" height=\"280\" srcset=\"https:\/\/www.ficindaial.com.br\/fundacao\/wp-content\/uploads\/2021\/03\/Thais-2-1024x1024.jpeg 1024w, https:\/\/www.ficindaial.com.br\/fundacao\/wp-content\/uploads\/2021\/03\/Thais-2-150x150.jpeg 150w, https:\/\/www.ficindaial.com.br\/fundacao\/wp-content\/uploads\/2021\/03\/Thais-2-300x300.jpeg 300w, https:\/\/www.ficindaial.com.br\/fundacao\/wp-content\/uploads\/2021\/03\/Thais-2-768x768.jpeg 768w, https:\/\/www.ficindaial.com.br\/fundacao\/wp-content\/uploads\/2021\/03\/Thais-2-270x270.jpeg 270w, https:\/\/www.ficindaial.com.br\/fundacao\/wp-content\/uploads\/2021\/03\/Thais-2-230x230.jpeg 230w, https:\/\/www.ficindaial.com.br\/fundacao\/wp-content\/uploads\/2021\/03\/Thais-2.jpeg 1081w\" sizes=\"(max-width: 280px) 100vw, 280px\" \/><\/figure>\n\n\n\n<p><strong>Nome do projeto:<\/strong> &#8220;A linguagem po\u00e9tica dos beb\u00eas &#8211; apresenta\u00e7\u00e3o e oficina\u201d<br><strong>Proponente:<\/strong> Thais Weing\u00e4rtner.<br><strong>Proposta: <\/strong>Exibi\u00e7\u00e3o do espet\u00e1culo &#8220;Um Ba\u00fa de Achadouros&#8221;.<br>Acess\u00edvel em audiodescri\u00e7\u00e3o e em libras<br><strong>Data: 13 de Mar\u00e7o<\/strong><br><strong>Hor\u00e1rio: <\/strong>10h (posteriormente permanecer\u00e1 na plataforma)<br><strong>Local<\/strong>: <a href=\"https:\/\/www.youtube.com\/channel\/UCnB6ySwz4QXQKdDuOHRVv_w\">YouTube &#8211; Grupo do Ba\u00fa <\/a> <\/p>\n<\/div>\n\n\n\n<div class=\"wp-block-column is-layout-flow wp-block-column-is-layout-flow\">\n<p><strong>Sinopse:<br><\/strong>Achadouros<\/p>\n\n\n\n<p>Qual achadouro voc\u00ea tem guardado, ou melhor, vamos juntos colecionar novos Achadouros?<\/p>\n\n\n\n<p>Inspirado na poesia \u201cAchadouros\u201d de Manoel de Barros nosso espet\u00e1culo surge para contemplar as pequenas, grandes e desafiadoras descobertas feitas em um quintal.<br>\nConvidamos a todes a se juntarem a n\u00f3s para descobrir novos achadouros no nosso espet\u00e1culo.<\/p>\n\n\n\n<p>O espet\u00e1culo \u00e9 direcionado para o p\u00fablico da primeira inf\u00e2ncia (0 a 3 anos de idade) e seus pares adultos. Mas voc\u00ea tamb\u00e9m pode curtir a exibi\u00e7\u00e3o e conversar conosco depois!<\/p>\n\n\n\n<p>Temos a dire\u00e7\u00e3o e dramaturgia de Thais Weing\u00e4rtner, e atua\u00e7\u00e3o de Ester Graf e Cintia Daniela Galz.<\/p>\n<\/div>\n<\/div>\n\n\n\n<hr class=\"wp-block-separator\"\/>\n\n\n\n<div style=\"height:50px\" aria-hidden=\"true\" class=\"wp-block-spacer\"><\/div>\n\n\n\n<div class=\"wp-block-columns has-2-columns is-layout-flex wp-container-core-columns-is-layout-28f84493 wp-block-columns-is-layout-flex\">\n<div class=\"wp-block-column is-layout-flow wp-block-column-is-layout-flow\">\n<figure class=\"wp-block-image\"><img loading=\"lazy\" decoding=\"async\" width=\"1024\" height=\"1024\" src=\"https:\/\/www.ficindaial.com.br\/fundacao\/wp-content\/uploads\/2021\/03\/Thais-03-1024x1024.jpeg\" alt=\"\" class=\"wp-image-5948\" srcset=\"https:\/\/www.ficindaial.com.br\/fundacao\/wp-content\/uploads\/2021\/03\/Thais-03-1024x1024.jpeg 1024w, https:\/\/www.ficindaial.com.br\/fundacao\/wp-content\/uploads\/2021\/03\/Thais-03-150x150.jpeg 150w, https:\/\/www.ficindaial.com.br\/fundacao\/wp-content\/uploads\/2021\/03\/Thais-03-300x300.jpeg 300w, https:\/\/www.ficindaial.com.br\/fundacao\/wp-content\/uploads\/2021\/03\/Thais-03-768x768.jpeg 768w, https:\/\/www.ficindaial.com.br\/fundacao\/wp-content\/uploads\/2021\/03\/Thais-03-270x270.jpeg 270w, https:\/\/www.ficindaial.com.br\/fundacao\/wp-content\/uploads\/2021\/03\/Thais-03-230x230.jpeg 230w, https:\/\/www.ficindaial.com.br\/fundacao\/wp-content\/uploads\/2021\/03\/Thais-03.jpeg 1080w\" sizes=\"(max-width: 1024px) 100vw, 1024px\" \/><\/figure>\n\n\n\n<p><strong>Nome do projeto<\/strong>: &#8220;A linguagem po\u00e9tica dos beb\u00eas &#8211; apresenta\u00e7\u00e3o e oficina\u201d<br><strong> Proponente:<\/strong> Thais Weing\u00e4rtner.<br> Proposta: Arte-oficina: Teatro, literatura e inf\u00e2ncias. Com Caroline Carvalho.<br><strong>Data: 14 de Mar\u00e7o<\/strong><br><strong>Hor\u00e1rio: <\/strong>8h30 \u00e1s 11h30<br><strong>Local: <\/strong>Google Meet<br><strong>Informa\u00e7\u00f5es: <\/strong>20 vagas. Preenchimento das vagas no Instagram do grupo no dia 10\/03 \u00e0s 9h. Certifica\u00e7\u00e3o para participantes. <strong>Acess\u00edvel em libras<\/strong><\/p>\n\n\n\n<p><strong>Link Instagram: <\/strong><a href=\"https:\/\/www.instagram.com\/grupodobau\/\">https:\/\/www.instagram.com\/grupodobau\/<\/a> <br><br><\/p>\n<\/div>\n\n\n\n<div class=\"wp-block-column is-layout-flow wp-block-column-is-layout-flow\">\n<p><strong>A oficina: <\/strong>Teatro, Literatura e Inf\u00e2ncias: palavra, corpo, gesto, movimento, imagem, som, inf\u00e2ncias. O que pode a palavra? O que pode o corpo na rela\u00e7\u00e3o com a palavra? O que pode o sil\u00eancio? O que pode a literatura? O que pode o teatro? O que pode a rela\u00e7\u00e3o entre a leitura, o teatro e as inf\u00e2ncias? Envolvidos em muitas quest\u00f5es que permeiam compreender essa rela\u00e7\u00e3o entre o Teatro, a Literatura e as Inf\u00e2ncias, a oficina pretende dialogar sobre a pot\u00eancia da arte na rela\u00e7\u00e3o com a inf\u00e2ncia, e como esse encontro oportuniza a forma\u00e7\u00e3o est\u00e9tica e sens\u00edvel de beb\u00eas, crian\u00e7as e seus pares.<br><br><\/p>\n<\/div>\n<\/div>\n\n\n\n<div style=\"height:50px\" aria-hidden=\"true\" class=\"wp-block-spacer\"><\/div>\n\n\n\n<hr class=\"wp-block-separator\"\/>\n\n\n\n<div class=\"wp-block-columns has-2-columns is-layout-flex wp-container-core-columns-is-layout-28f84493 wp-block-columns-is-layout-flex\">\n<div class=\"wp-block-column is-layout-flow wp-block-column-is-layout-flow\">\n<figure class=\"wp-block-image\"><img loading=\"lazy\" decoding=\"async\" width=\"1000\" height=\"1000\" src=\"https:\/\/www.ficindaial.com.br\/fundacao\/wp-content\/uploads\/2021\/03\/Vocalle.jpeg\" alt=\"\" class=\"wp-image-5951\" srcset=\"https:\/\/www.ficindaial.com.br\/fundacao\/wp-content\/uploads\/2021\/03\/Vocalle.jpeg 1000w, https:\/\/www.ficindaial.com.br\/fundacao\/wp-content\/uploads\/2021\/03\/Vocalle-150x150.jpeg 150w, https:\/\/www.ficindaial.com.br\/fundacao\/wp-content\/uploads\/2021\/03\/Vocalle-300x300.jpeg 300w, https:\/\/www.ficindaial.com.br\/fundacao\/wp-content\/uploads\/2021\/03\/Vocalle-768x768.jpeg 768w, https:\/\/www.ficindaial.com.br\/fundacao\/wp-content\/uploads\/2021\/03\/Vocalle-270x270.jpeg 270w, https:\/\/www.ficindaial.com.br\/fundacao\/wp-content\/uploads\/2021\/03\/Vocalle-230x230.jpeg 230w\" sizes=\"(max-width: 1000px) 100vw, 1000px\" \/><\/figure>\n\n\n\n<p><\/p>\n<\/div>\n\n\n\n<div class=\"wp-block-column is-layout-flow wp-block-column-is-layout-flow\">\n<p> <strong>Nome do Projeto: <\/strong>EnCantos<br><strong>Proponente<\/strong>: Paula Tessarolo<br><strong>Data: 14 de Mar\u00e7o<\/strong><br><strong>Local: <\/strong><a href=\"https:\/\/youtube.com\/channel\/UCN9r6k9NT0js9eTxOfQ_UIg\">YouTube<\/a>, Facebook, Instagram <\/p>\n\n\n\n<p>O Projeto busca levar a m\u00fasica at\u00e9 sua casa atrav\u00e9s de v\u00eddeos que ser\u00e3o postados no canal do YouTube do QU4RTETTO VOC4LLE, ser\u00e3o 5 v\u00eddeos de m\u00fasicas rom\u00e2nticas e esperamos levar mais amor at\u00e9 voc\u00ea neste tempo de  pandemia. <\/p>\n<\/div>\n<\/div>\n\n\n\n<div style=\"height:50px\" aria-hidden=\"true\" class=\"wp-block-spacer\"><\/div>\n\n\n\n<hr class=\"wp-block-separator\"\/>\n\n\n\n<div class=\"wp-block-columns has-2-columns is-layout-flex wp-container-core-columns-is-layout-28f84493 wp-block-columns-is-layout-flex\">\n<div class=\"wp-block-column is-layout-flow wp-block-column-is-layout-flow\">\n<p><strong>Nome do projeto: <\/strong>Expans\u00e3o Digital em Tempos de Crise<br><strong>Proponente:<\/strong> Sidineia Rieg<br><strong>Proposta<\/strong>: Cria\u00e7\u00e3o de um site e investimento em marketing digital.<br><strong>Data: 15\/03<\/strong><br><strong>Hor\u00e1rio: <\/strong>08h<br><strong>Local: <\/strong><a href=\"https:\/\/www.instagram.com\/p\/CMcadu2sBXS\/?utm_source=ig_web_copy_link\">Instagram |<\/a><strong> <\/strong><a href=\"https:\/\/vimeo.com\/523779894\">Vimeo<\/a><\/p>\n<\/div>\n\n\n\n<div class=\"wp-block-column is-layout-flow wp-block-column-is-layout-flow\">\n<figure class=\"wp-block-image\"><img loading=\"lazy\" decoding=\"async\" width=\"1024\" height=\"926\" src=\"https:\/\/www.ficindaial.com.br\/fundacao\/wp-content\/uploads\/2021\/04\/WhatsApp-Image-2021-04-05-at-10.34.44-1-1024x926.jpeg\" alt=\"\" class=\"wp-image-6041\" srcset=\"https:\/\/www.ficindaial.com.br\/fundacao\/wp-content\/uploads\/2021\/04\/WhatsApp-Image-2021-04-05-at-10.34.44-1-1024x926.jpeg 1024w, https:\/\/www.ficindaial.com.br\/fundacao\/wp-content\/uploads\/2021\/04\/WhatsApp-Image-2021-04-05-at-10.34.44-1-300x271.jpeg 300w, https:\/\/www.ficindaial.com.br\/fundacao\/wp-content\/uploads\/2021\/04\/WhatsApp-Image-2021-04-05-at-10.34.44-1-768x694.jpeg 768w, https:\/\/www.ficindaial.com.br\/fundacao\/wp-content\/uploads\/2021\/04\/WhatsApp-Image-2021-04-05-at-10.34.44-1.jpeg 1074w\" sizes=\"(max-width: 1024px) 100vw, 1024px\" \/><\/figure>\n<\/div>\n<\/div>\n\n\n\n<div style=\"height:25px\" aria-hidden=\"true\" class=\"wp-block-spacer\"><\/div>\n\n\n\n<hr class=\"wp-block-separator\"\/>\n\n\n\n<div class=\"wp-block-columns has-2-columns is-layout-flex wp-container-core-columns-is-layout-28f84493 wp-block-columns-is-layout-flex\">\n<div class=\"wp-block-column is-layout-flow wp-block-column-is-layout-flow\">\n<figure class=\"wp-block-image\"><img loading=\"lazy\" decoding=\"async\" width=\"1024\" height=\"1024\" src=\"https:\/\/www.ficindaial.com.br\/fundacao\/wp-content\/uploads\/2021\/03\/WhatsApp-Image-2021-03-16-at-15.52.27-1024x1024.jpeg\" alt=\"\" class=\"wp-image-5959\" srcset=\"https:\/\/www.ficindaial.com.br\/fundacao\/wp-content\/uploads\/2021\/03\/WhatsApp-Image-2021-03-16-at-15.52.27-1024x1024.jpeg 1024w, https:\/\/www.ficindaial.com.br\/fundacao\/wp-content\/uploads\/2021\/03\/WhatsApp-Image-2021-03-16-at-15.52.27-150x150.jpeg 150w, https:\/\/www.ficindaial.com.br\/fundacao\/wp-content\/uploads\/2021\/03\/WhatsApp-Image-2021-03-16-at-15.52.27-300x300.jpeg 300w, https:\/\/www.ficindaial.com.br\/fundacao\/wp-content\/uploads\/2021\/03\/WhatsApp-Image-2021-03-16-at-15.52.27-768x768.jpeg 768w, https:\/\/www.ficindaial.com.br\/fundacao\/wp-content\/uploads\/2021\/03\/WhatsApp-Image-2021-03-16-at-15.52.27-270x270.jpeg 270w, https:\/\/www.ficindaial.com.br\/fundacao\/wp-content\/uploads\/2021\/03\/WhatsApp-Image-2021-03-16-at-15.52.27-230x230.jpeg 230w, https:\/\/www.ficindaial.com.br\/fundacao\/wp-content\/uploads\/2021\/03\/WhatsApp-Image-2021-03-16-at-15.52.27.jpeg 1080w\" sizes=\"(max-width: 1024px) 100vw, 1024px\" \/><\/figure>\n\n\n\n<p><\/p>\n<\/div>\n\n\n\n<div class=\"wp-block-column is-layout-flow wp-block-column-is-layout-flow\">\n<p><strong>Nome do Projeto:<\/strong> Curso On-line de Artesanato<br><strong>Proponente:<\/strong> Rosa Machado Paul<br>Proposta: Curso On-line gratu\u00edto de artesanato em tr\u00eas m\u00f3dulos, ensinando t\u00e9cnicas especiais de artesanato em madeira.<br>Local: <a href=\"https:\/\/www.youtube.com\/user\/Rosa5132\">Canal Rosa5132 no Youtube<\/a><br><strong>Data: <\/strong> 18 de mar\u00e7o <br><strong>Hor\u00e1rio:<\/strong> 21h (posteriormente permanecer\u00e1 na plataforma) <\/p>\n<\/div>\n<\/div>\n\n\n\n<div style=\"height:50px\" aria-hidden=\"true\" class=\"wp-block-spacer\"><\/div>\n\n\n\n<hr class=\"wp-block-separator\"\/>\n\n\n\n<div class=\"wp-block-columns has-2-columns is-layout-flex wp-container-core-columns-is-layout-28f84493 wp-block-columns-is-layout-flex\">\n<div class=\"wp-block-column is-layout-flow wp-block-column-is-layout-flow\">\n<p> <strong>Nome do Projeto:<\/strong> TIMELINE \u2013 uma trajet\u00f3ria da linha <\/p>\n\n\n\n<p>Quando a artista Denise Patr\u00edcio toma contato com o seu pr\u00f3prio arquivo \u2013 acumulado pelos retos e os rastros do tempo \u2013 ela percebe no seu presente, uma trajet\u00f3ria de mais de duas d\u00e9cadas marcada pela linha. A aproxima\u00e7\u00e3o com o arquivo amplia sua capacidade narrativa sobre si mesma atrav\u00e9s das fotografias, desenhos, textos cr\u00edticos, mat\u00e9rias de jornais, cat\u00e1logos e convites de exposi\u00e7\u00f5es, negativos de fotos n\u00e3o reveladas e muitos outros fragmentos que constituem seu percurso. Tamb\u00e9m as conversas durante as filmagens, contribu\u00edram para que a pr\u00f3pria artista acessasse o arquivo imaterial de sua mem\u00f3ria <br><br><\/p>\n<\/div>\n\n\n\n<div class=\"wp-block-column is-layout-flow wp-block-column-is-layout-flow\">\n<figure class=\"wp-block-image\"><img loading=\"lazy\" decoding=\"async\" width=\"1024\" height=\"1024\" src=\"https:\/\/www.ficindaial.com.br\/fundacao\/wp-content\/uploads\/2021\/03\/Denise-1024x1024.jpeg\" alt=\"\" class=\"wp-image-5994\" srcset=\"https:\/\/www.ficindaial.com.br\/fundacao\/wp-content\/uploads\/2021\/03\/Denise-1024x1024.jpeg 1024w, https:\/\/www.ficindaial.com.br\/fundacao\/wp-content\/uploads\/2021\/03\/Denise-150x150.jpeg 150w, https:\/\/www.ficindaial.com.br\/fundacao\/wp-content\/uploads\/2021\/03\/Denise-300x300.jpeg 300w, https:\/\/www.ficindaial.com.br\/fundacao\/wp-content\/uploads\/2021\/03\/Denise-768x768.jpeg 768w, https:\/\/www.ficindaial.com.br\/fundacao\/wp-content\/uploads\/2021\/03\/Denise-270x270.jpeg 270w, https:\/\/www.ficindaial.com.br\/fundacao\/wp-content\/uploads\/2021\/03\/Denise-230x230.jpeg 230w, https:\/\/www.ficindaial.com.br\/fundacao\/wp-content\/uploads\/2021\/03\/Denise.jpeg 1080w\" sizes=\"(max-width: 1024px) 100vw, 1024px\" \/><\/figure>\n\n\n\n<p><strong>Confira atrav\u00e9s da p\u00e1gina da artista: <\/strong><a href=\"https:\/\/www.denisepatricio.com\/timeline-uma-trajet%C3%B3ria-da-linha\">https:\/\/www.denisepatricio.com\/<\/a><\/p>\n<\/div>\n<\/div>\n\n\n\n<div style=\"height:50px\" aria-hidden=\"true\" class=\"wp-block-spacer\"><\/div>\n\n\n\n<hr class=\"wp-block-separator\"\/>\n\n\n\n<div class=\"wp-block-columns has-2-columns is-layout-flex wp-container-core-columns-is-layout-28f84493 wp-block-columns-is-layout-flex\">\n<div class=\"wp-block-column is-layout-flow wp-block-column-is-layout-flow\">\n<figure class=\"wp-block-image\"><img loading=\"lazy\" decoding=\"async\" width=\"1024\" height=\"1024\" src=\"https:\/\/www.ficindaial.com.br\/fundacao\/wp-content\/uploads\/2021\/03\/Design-sem-nome-1024x1024.jpg\" alt=\"\" class=\"wp-image-6004\" srcset=\"https:\/\/www.ficindaial.com.br\/fundacao\/wp-content\/uploads\/2021\/03\/Design-sem-nome-1024x1024.jpg 1024w, https:\/\/www.ficindaial.com.br\/fundacao\/wp-content\/uploads\/2021\/03\/Design-sem-nome-150x150.jpg 150w, https:\/\/www.ficindaial.com.br\/fundacao\/wp-content\/uploads\/2021\/03\/Design-sem-nome-300x300.jpg 300w, https:\/\/www.ficindaial.com.br\/fundacao\/wp-content\/uploads\/2021\/03\/Design-sem-nome-768x768.jpg 768w, https:\/\/www.ficindaial.com.br\/fundacao\/wp-content\/uploads\/2021\/03\/Design-sem-nome-270x270.jpg 270w, https:\/\/www.ficindaial.com.br\/fundacao\/wp-content\/uploads\/2021\/03\/Design-sem-nome-230x230.jpg 230w, https:\/\/www.ficindaial.com.br\/fundacao\/wp-content\/uploads\/2021\/03\/Design-sem-nome.jpg 1620w\" sizes=\"(max-width: 1024px) 100vw, 1024px\" \/><\/figure>\n<\/div>\n\n\n\n<div class=\"wp-block-column is-layout-flow wp-block-column-is-layout-flow\">\n<p><strong>Nome do Projeto: <\/strong>Curso online gratuito de Viol\u00e3o <br><strong>Proponente<\/strong>: Volnei Stolf<br><strong>Local: <\/strong>Canal <a href=\"https:\/\/www.youtube.com\/channel\/UC31hCNbKnkTv4BEOw_TTr8g\">BOBBY STOLF<\/a> no Youtube <\/p>\n<\/div>\n<\/div>\n\n\n\n<div style=\"height:50px\" aria-hidden=\"true\" class=\"wp-block-spacer\"><\/div>\n\n\n\n<hr class=\"wp-block-separator\"\/>\n\n\n\n<div class=\"wp-block-columns has-2-columns is-layout-flex wp-container-core-columns-is-layout-28f84493 wp-block-columns-is-layout-flex\">\n<div class=\"wp-block-column is-layout-flow wp-block-column-is-layout-flow\">\n<p><strong>Nome do Projeto:<\/strong> Arte em Vidro do Nietsche<br><strong>Proposta<\/strong>: Apresenta\u00e7\u00e3o em v\u00eddeo,  gravada no Atelier do Artista J\u00f6rg Nietsche, onde o artista ensina a t\u00e9cnica da lapida\u00e7\u00e3o do Vidro,<br><strong>Proponente:<\/strong> J\u00f6rg Nietsche<br><strong>Local: <\/strong>Canal <a href=\"https:\/\/www.youtube.com\/channel\/UCk-2HsIULNkGjwJprzlRvFw\">Espelharia Art\u00edstica Nietsche<\/a> no YouTube<\/p>\n<\/div>\n\n\n\n<div class=\"wp-block-column is-layout-flow wp-block-column-is-layout-flow\">\n<figure class=\"wp-block-image\"><img loading=\"lazy\" decoding=\"async\" width=\"1024\" height=\"1024\" src=\"https:\/\/www.ficindaial.com.br\/fundacao\/wp-content\/uploads\/2021\/03\/Design-sem-nome-1-1-1024x1024.png\" alt=\"\" class=\"wp-image-5999\" srcset=\"https:\/\/www.ficindaial.com.br\/fundacao\/wp-content\/uploads\/2021\/03\/Design-sem-nome-1-1-1024x1024.png 1024w, https:\/\/www.ficindaial.com.br\/fundacao\/wp-content\/uploads\/2021\/03\/Design-sem-nome-1-1-150x150.png 150w, https:\/\/www.ficindaial.com.br\/fundacao\/wp-content\/uploads\/2021\/03\/Design-sem-nome-1-1-300x300.png 300w, https:\/\/www.ficindaial.com.br\/fundacao\/wp-content\/uploads\/2021\/03\/Design-sem-nome-1-1-768x768.png 768w, https:\/\/www.ficindaial.com.br\/fundacao\/wp-content\/uploads\/2021\/03\/Design-sem-nome-1-1-270x270.png 270w, https:\/\/www.ficindaial.com.br\/fundacao\/wp-content\/uploads\/2021\/03\/Design-sem-nome-1-1-230x230.png 230w, https:\/\/www.ficindaial.com.br\/fundacao\/wp-content\/uploads\/2021\/03\/Design-sem-nome-1-1.png 1080w\" sizes=\"(max-width: 1024px) 100vw, 1024px\" \/><\/figure>\n<\/div>\n<\/div>\n\n\n\n<div style=\"height:50px\" aria-hidden=\"true\" class=\"wp-block-spacer\"><\/div>\n\n\n\n<hr class=\"wp-block-separator\"\/>\n\n\n\n<div class=\"wp-block-columns has-2-columns is-layout-flex wp-container-core-columns-is-layout-28f84493 wp-block-columns-is-layout-flex\">\n<div class=\"wp-block-column is-layout-flow wp-block-column-is-layout-flow\">\n<p><strong>Nome do Projeto:<\/strong> Grava\u00e7\u00f5es de M\u00fasicas e V\u00eddeo Clipe<br><strong>Proposta: <\/strong>Alex e Willian<br><strong>Proponente:<\/strong> Alex Junior da Roza<br><strong>Local:<\/strong> Canal<a href=\"https:\/\/www.youtube.com\/watch?v=ACXBpf-tzh8&amp;ab_channel=alexewillian \"> alexewillian<\/a> no YouTube<\/p>\n<\/div>\n\n\n\n<div class=\"wp-block-column is-layout-flow wp-block-column-is-layout-flow\">\n<figure class=\"wp-block-image\"><img loading=\"lazy\" decoding=\"async\" width=\"1024\" height=\"1024\" src=\"https:\/\/www.ficindaial.com.br\/fundacao\/wp-content\/uploads\/2021\/03\/Design-sem-nome-1-2-1024x1024.png\" alt=\"\" class=\"wp-image-6000\" srcset=\"https:\/\/www.ficindaial.com.br\/fundacao\/wp-content\/uploads\/2021\/03\/Design-sem-nome-1-2-1024x1024.png 1024w, https:\/\/www.ficindaial.com.br\/fundacao\/wp-content\/uploads\/2021\/03\/Design-sem-nome-1-2-150x150.png 150w, https:\/\/www.ficindaial.com.br\/fundacao\/wp-content\/uploads\/2021\/03\/Design-sem-nome-1-2-300x300.png 300w, https:\/\/www.ficindaial.com.br\/fundacao\/wp-content\/uploads\/2021\/03\/Design-sem-nome-1-2-768x768.png 768w, https:\/\/www.ficindaial.com.br\/fundacao\/wp-content\/uploads\/2021\/03\/Design-sem-nome-1-2-270x270.png 270w, https:\/\/www.ficindaial.com.br\/fundacao\/wp-content\/uploads\/2021\/03\/Design-sem-nome-1-2-230x230.png 230w, https:\/\/www.ficindaial.com.br\/fundacao\/wp-content\/uploads\/2021\/03\/Design-sem-nome-1-2.png 1080w\" sizes=\"(max-width: 1024px) 100vw, 1024px\" \/><\/figure>\n<\/div>\n<\/div>\n\n\n\n<hr class=\"wp-block-separator\"\/>\n\n\n\n<div class=\"wp-block-columns has-2-columns is-layout-flex wp-container-core-columns-is-layout-28f84493 wp-block-columns-is-layout-flex\">\n<div class=\"wp-block-column is-layout-flow wp-block-column-is-layout-flow\">\n<figure class=\"wp-block-image is-resized\"><img loading=\"lazy\" decoding=\"async\" src=\"https:\/\/www.ficindaial.com.br\/fundacao\/wp-content\/uploads\/2021\/03\/Design-sem-nome-1-3-1024x1024.png\" alt=\"\" class=\"wp-image-6014\" width=\"285\" height=\"285\" srcset=\"https:\/\/www.ficindaial.com.br\/fundacao\/wp-content\/uploads\/2021\/03\/Design-sem-nome-1-3-1024x1024.png 1024w, https:\/\/www.ficindaial.com.br\/fundacao\/wp-content\/uploads\/2021\/03\/Design-sem-nome-1-3-150x150.png 150w, https:\/\/www.ficindaial.com.br\/fundacao\/wp-content\/uploads\/2021\/03\/Design-sem-nome-1-3-300x300.png 300w, https:\/\/www.ficindaial.com.br\/fundacao\/wp-content\/uploads\/2021\/03\/Design-sem-nome-1-3-768x768.png 768w, https:\/\/www.ficindaial.com.br\/fundacao\/wp-content\/uploads\/2021\/03\/Design-sem-nome-1-3-270x270.png 270w, https:\/\/www.ficindaial.com.br\/fundacao\/wp-content\/uploads\/2021\/03\/Design-sem-nome-1-3-230x230.png 230w, https:\/\/www.ficindaial.com.br\/fundacao\/wp-content\/uploads\/2021\/03\/Design-sem-nome-1-3.png 1620w\" sizes=\"(max-width: 285px) 100vw, 285px\" \/><\/figure>\n<\/div>\n\n\n\n<div class=\"wp-block-column is-layout-flow wp-block-column-is-layout-flow\">\n<p><strong>Nome do Projeto:<\/strong> S\u00e9rie de 4 v\u00eddeos, produzidos para o YouTube <br><strong>Proponente:<\/strong> Michel Rodrigues Da Luz<br><strong>Local:<\/strong> Canal <a href=\"https:\/\/www.youtube.com\/watch?v=khsfG6nfX2I&amp;ab_channel=MicheldaLuz\">Michel da Luz<\/a> no YouTube<\/p>\n\n\n\n<div class=\"wp-block-columns has-2-columns is-layout-flex wp-container-core-columns-is-layout-28f84493 wp-block-columns-is-layout-flex\">\n<div class=\"wp-block-column is-layout-flow wp-block-column-is-layout-flow\">\n<p><\/p>\n<\/div>\n\n\n\n<div class=\"wp-block-column is-layout-flow wp-block-column-is-layout-flow\"><\/div>\n<\/div>\n<\/div>\n<\/div>\n\n\n\n<hr class=\"wp-block-separator\"\/>\n\n\n\n<div class=\"wp-block-columns has-2-columns is-layout-flex wp-container-core-columns-is-layout-28f84493 wp-block-columns-is-layout-flex\">\n<div class=\"wp-block-column is-layout-flow wp-block-column-is-layout-flow\">\n<p><strong>Nome do Projeto:<\/strong> Criando Bases R\u00edtmicas<br><strong>Proposta:<\/strong> Realiza\u00e7\u00e3o de uma s\u00e9rie de v\u00eddeos demonstrando como utilizar o software musical LMMS (Linux MultiMedia Software) para cria\u00e7\u00e3o de bases r\u00edtmicas. <br><strong>Proponente: <\/strong>Jonathas Woitowitz de Moura Dutra<br><strong>Local: <\/strong>Canal <a href=\"https:\/\/www.youtube.com\/channel\/UCys1_lGApf1_7Yo0P7wWdog\">Tutorial Lmms <\/a>no YouTube<\/p>\n<\/div>\n\n\n\n<div class=\"wp-block-column is-layout-flow wp-block-column-is-layout-flow\">\n<figure class=\"wp-block-image\"><img loading=\"lazy\" decoding=\"async\" width=\"1024\" height=\"1024\" src=\"https:\/\/www.ficindaial.com.br\/fundacao\/wp-content\/uploads\/2021\/03\/Design-sem-nome-1-1024x1024.jpg\" alt=\"\" class=\"wp-image-6019\" srcset=\"https:\/\/www.ficindaial.com.br\/fundacao\/wp-content\/uploads\/2021\/03\/Design-sem-nome-1-1024x1024.jpg 1024w, https:\/\/www.ficindaial.com.br\/fundacao\/wp-content\/uploads\/2021\/03\/Design-sem-nome-1-150x150.jpg 150w, https:\/\/www.ficindaial.com.br\/fundacao\/wp-content\/uploads\/2021\/03\/Design-sem-nome-1-300x300.jpg 300w, https:\/\/www.ficindaial.com.br\/fundacao\/wp-content\/uploads\/2021\/03\/Design-sem-nome-1-768x768.jpg 768w, https:\/\/www.ficindaial.com.br\/fundacao\/wp-content\/uploads\/2021\/03\/Design-sem-nome-1-270x270.jpg 270w, https:\/\/www.ficindaial.com.br\/fundacao\/wp-content\/uploads\/2021\/03\/Design-sem-nome-1-230x230.jpg 230w, https:\/\/www.ficindaial.com.br\/fundacao\/wp-content\/uploads\/2021\/03\/Design-sem-nome-1.jpg 1080w\" sizes=\"(max-width: 1024px) 100vw, 1024px\" \/><\/figure>\n<\/div>\n<\/div>\n\n\n\n<hr class=\"wp-block-separator\"\/>\n\n\n\n<div class=\"wp-block-columns has-2-columns is-layout-flex wp-container-core-columns-is-layout-28f84493 wp-block-columns-is-layout-flex\">\n<div class=\"wp-block-column is-layout-flow wp-block-column-is-layout-flow\">\n<figure class=\"wp-block-image\"><img loading=\"lazy\" decoding=\"async\" width=\"1000\" height=\"1000\" src=\"https:\/\/www.ficindaial.com.br\/fundacao\/wp-content\/uploads\/2021\/03\/WhatsApp-Image-2021-03-26-at-13.34.07.jpeg\" alt=\"\" class=\"wp-image-6030\" srcset=\"https:\/\/www.ficindaial.com.br\/fundacao\/wp-content\/uploads\/2021\/03\/WhatsApp-Image-2021-03-26-at-13.34.07.jpeg 1000w, https:\/\/www.ficindaial.com.br\/fundacao\/wp-content\/uploads\/2021\/03\/WhatsApp-Image-2021-03-26-at-13.34.07-150x150.jpeg 150w, https:\/\/www.ficindaial.com.br\/fundacao\/wp-content\/uploads\/2021\/03\/WhatsApp-Image-2021-03-26-at-13.34.07-300x300.jpeg 300w, https:\/\/www.ficindaial.com.br\/fundacao\/wp-content\/uploads\/2021\/03\/WhatsApp-Image-2021-03-26-at-13.34.07-768x768.jpeg 768w, https:\/\/www.ficindaial.com.br\/fundacao\/wp-content\/uploads\/2021\/03\/WhatsApp-Image-2021-03-26-at-13.34.07-270x270.jpeg 270w, https:\/\/www.ficindaial.com.br\/fundacao\/wp-content\/uploads\/2021\/03\/WhatsApp-Image-2021-03-26-at-13.34.07-230x230.jpeg 230w\" sizes=\"(max-width: 1000px) 100vw, 1000px\" \/><\/figure>\n<\/div>\n\n\n\n<div class=\"wp-block-column is-layout-flow wp-block-column-is-layout-flow\">\n<p><strong>Nome do Projeto:<\/strong> Projeto Urbes Ars &#8211; Retratos do Patrim\u00f4nio Cultural Edificado \u2013 do Bairro Encano do Norte em Indaial<br><strong>Proponente: <\/strong>Andr\u00e9 Giovanella<br><strong>Proposta: <\/strong>Produzir registros Fotogr\u00e1ficos do Patrim\u00f4nio Arquitet\u00f4nico de interesse hist\u00f3rico Cultural Edificado e paisag\u00edstico\/ecol\u00f3gico (paisagem \/ Flora \/ Fauna)<br> do Bairro Encano do Norte de Indaial afim de reservar sua Mem\u00f3ria. Exposi\u00e7\u00e3o dos Registros fotogr\u00e1ficos<br><strong>Data:  17\/03 a 17\/04<\/strong><br><strong>Local:<\/strong> Arquivo Hist\u00f3rico Municipal Theobaldo Costa Jamund\u00e1 <\/p>\n<\/div>\n<\/div>\n\n\n\n<div style=\"height:50px\" aria-hidden=\"true\" class=\"wp-block-spacer\"><\/div>\n\n\n\n<hr class=\"wp-block-separator\"\/>\n\n\n\n<div class=\"wp-block-columns has-2-columns is-layout-flex wp-container-core-columns-is-layout-28f84493 wp-block-columns-is-layout-flex\">\n<div class=\"wp-block-column is-layout-flow wp-block-column-is-layout-flow\">\n<p><strong>Nome do projeto: <\/strong>Show da Banda  ROTHENBURG<br><strong>Proponente:<\/strong> Eduardo Felipe Pecher Lima<br><strong>Proposta:<\/strong> Promover e divulgar o repert\u00f3rio musical germ\u00e2nico e suas vertentes;<br><strong>Data: <\/strong>26\/03\/2021<br><strong>Hor\u00e1rio: <\/strong>19h<br><strong>Local:<\/strong> Canal da <a href=\"https:\/\/www.youtube.com\/watch?v=KyVL-IZQtM0&amp;ab_channel=BandaRothenburg\">Banda Rothenburg<\/a><\/p>\n<\/div>\n\n\n\n<div class=\"wp-block-column is-layout-flow wp-block-column-is-layout-flow\">\n<figure class=\"wp-block-image is-resized\"><img loading=\"lazy\" decoding=\"async\" src=\"https:\/\/www.ficindaial.com.br\/fundacao\/wp-content\/uploads\/2021\/03\/Rothenburg-1024x1024.jpeg\" alt=\"\" class=\"wp-image-6028\" width=\"283\" height=\"283\" srcset=\"https:\/\/www.ficindaial.com.br\/fundacao\/wp-content\/uploads\/2021\/03\/Rothenburg-1024x1024.jpeg 1024w, https:\/\/www.ficindaial.com.br\/fundacao\/wp-content\/uploads\/2021\/03\/Rothenburg-150x150.jpeg 150w, https:\/\/www.ficindaial.com.br\/fundacao\/wp-content\/uploads\/2021\/03\/Rothenburg-300x300.jpeg 300w, https:\/\/www.ficindaial.com.br\/fundacao\/wp-content\/uploads\/2021\/03\/Rothenburg-768x768.jpeg 768w, https:\/\/www.ficindaial.com.br\/fundacao\/wp-content\/uploads\/2021\/03\/Rothenburg-270x270.jpeg 270w, https:\/\/www.ficindaial.com.br\/fundacao\/wp-content\/uploads\/2021\/03\/Rothenburg-230x230.jpeg 230w, https:\/\/www.ficindaial.com.br\/fundacao\/wp-content\/uploads\/2021\/03\/Rothenburg.jpeg 1080w\" sizes=\"(max-width: 283px) 100vw, 283px\" \/><\/figure>\n<\/div>\n<\/div>\n\n\n\n<div style=\"height:100px\" aria-hidden=\"true\" class=\"wp-block-spacer\"><\/div>\n\n\n\n<hr class=\"wp-block-separator\"\/>\n\n\n\n<div class=\"wp-block-columns has-2-columns is-layout-flex wp-container-core-columns-is-layout-28f84493 wp-block-columns-is-layout-flex\">\n<div class=\"wp-block-column is-layout-flow wp-block-column-is-layout-flow\">\n<figure class=\"wp-block-image is-resized\"><img loading=\"lazy\" decoding=\"async\" src=\"https:\/\/www.ficindaial.com.br\/fundacao\/wp-content\/uploads\/2021\/03\/WhatsApp-Image-2021-03-29-at-14.31.47-1024x622.jpeg\" alt=\"\" class=\"wp-image-6032\" width=\"300\" height=\"182\" srcset=\"https:\/\/www.ficindaial.com.br\/fundacao\/wp-content\/uploads\/2021\/03\/WhatsApp-Image-2021-03-29-at-14.31.47-1024x622.jpeg 1024w, https:\/\/www.ficindaial.com.br\/fundacao\/wp-content\/uploads\/2021\/03\/WhatsApp-Image-2021-03-29-at-14.31.47-300x182.jpeg 300w, https:\/\/www.ficindaial.com.br\/fundacao\/wp-content\/uploads\/2021\/03\/WhatsApp-Image-2021-03-29-at-14.31.47-768x466.jpeg 768w, https:\/\/www.ficindaial.com.br\/fundacao\/wp-content\/uploads\/2021\/03\/WhatsApp-Image-2021-03-29-at-14.31.47.jpeg 1280w\" sizes=\"(max-width: 300px) 100vw, 300px\" \/><\/figure>\n<\/div>\n\n\n\n<div class=\"wp-block-column is-layout-flow wp-block-column-is-layout-flow\">\n<p><strong>Nome do projeto:<\/strong> Pocket DVD Banda Circo Do Rock<br><strong>Proponente:<\/strong> Stefan Vargas<br><strong>Proposta: <\/strong>Realizar um pocket show ao vivo da Banda Circo do Rock em comemora\u00e7\u00e3o aos 10 anos de exist\u00eancia com m\u00fasicas autorais que representam o rock Indaialense e suas vertentes.<br><strong>Data: <\/strong>06\/02\/2021 <br><strong>Local:<\/strong> Canal do Youtube \u2013 <a href=\"https:\/\/www.youtube.com\/channel\/UC8aLIqy6NjTyTQZJ-qU3l3g\">Circo do Rock Oficial<\/a> \u2013 Instagram &#8211; <a href=\"https:\/\/www.instagram.com\/circodorockoficial\/\">@circodorockoficial<\/a> \u2013 Facebook &#8211; <a href=\"https:\/\/www.facebook.com\/circodorock\">@circodorock<\/a><br><\/p>\n<\/div>\n<\/div>\n\n\n\n<div style=\"height:50px\" aria-hidden=\"true\" class=\"wp-block-spacer\"><\/div>\n\n\n\n<hr class=\"wp-block-separator\"\/>\n\n\n\n<div class=\"wp-block-columns has-2-columns is-layout-flex wp-container-core-columns-is-layout-28f84493 wp-block-columns-is-layout-flex\">\n<div class=\"wp-block-column is-layout-flow wp-block-column-is-layout-flow\">\n<figure class=\"wp-block-image is-resized\"><img loading=\"lazy\" decoding=\"async\" src=\"https:\/\/www.ficindaial.com.br\/fundacao\/wp-content\/uploads\/2021\/04\/Design-sem-nome-2-1024x1024.png\" alt=\"\" class=\"wp-image-6052\" width=\"285\" height=\"285\" srcset=\"https:\/\/www.ficindaial.com.br\/fundacao\/wp-content\/uploads\/2021\/04\/Design-sem-nome-2-1024x1024.png 1024w, https:\/\/www.ficindaial.com.br\/fundacao\/wp-content\/uploads\/2021\/04\/Design-sem-nome-2-150x150.png 150w, https:\/\/www.ficindaial.com.br\/fundacao\/wp-content\/uploads\/2021\/04\/Design-sem-nome-2-300x300.png 300w, https:\/\/www.ficindaial.com.br\/fundacao\/wp-content\/uploads\/2021\/04\/Design-sem-nome-2-768x768.png 768w, https:\/\/www.ficindaial.com.br\/fundacao\/wp-content\/uploads\/2021\/04\/Design-sem-nome-2-270x270.png 270w, https:\/\/www.ficindaial.com.br\/fundacao\/wp-content\/uploads\/2021\/04\/Design-sem-nome-2-230x230.png 230w, https:\/\/www.ficindaial.com.br\/fundacao\/wp-content\/uploads\/2021\/04\/Design-sem-nome-2.png 1080w\" sizes=\"(max-width: 285px) 100vw, 285px\" \/><\/figure>\n<\/div>\n\n\n\n<div class=\"wp-block-column is-layout-flow wp-block-column-is-layout-flow\">\n<p><strong>Nome do Projeto:<\/strong> Viola da Gente <br><strong>Proponente:<\/strong> Associa\u00e7\u00e3o Cultural Indaialense de Viola Caipira<br><strong>Proposta:<\/strong> Document\u00e1rio Audiovisual sobre o Grupo Indaialense de Viola Caipira e sua hist\u00f3ria <br><strong>Data:<\/strong> 31\/03\/2021<br><strong>Local: <\/strong>Canal do<a href=\"https:\/\/www.youtube.com\/channel\/UCrrhLdKPh9G1mAEVC_9LniA\"> <\/a><a href=\"https:\/\/www.youtube.com\/watch?v=s6OeB8zPdAc&amp;ab_channel=ProgramaVivaLaVida\">YouTube <\/a><\/p>\n<\/div>\n<\/div>\n\n\n\n<hr class=\"wp-block-separator\"\/>\n\n\n\n<div class=\"wp-block-columns has-2-columns is-layout-flex wp-container-core-columns-is-layout-28f84493 wp-block-columns-is-layout-flex\">\n<div class=\"wp-block-column is-layout-flow wp-block-column-is-layout-flow\">\n<p><strong>Nome do Projeto:<\/strong> Buscando Nossas Verdadeiras Origens <br><strong>Proponente:<\/strong> Associa\u00e7\u00e3o da Cultura Alem\u00e3 de Indaial &#8220;Bogenbr\u00fccke Volkstanzgruppe&#8221;<br><strong>Proposta:<\/strong> Lan\u00e7amento do novo Traje da regi\u00e3o de \u00d6sterten \u2013 Alemanha<br><strong>Data:<\/strong> 11\/04\/2021<br><strong>Hor\u00e1rio:<\/strong>18h<br><strong>Local: <\/strong>Canal do<a href=\"https:\/\/www.youtube.com\/channel\/UCrrhLdKPh9G1mAEVC_9LniA\"> YouTube &#8211; Bogenbr\u00fccke &#8211; A Dan\u00e7a Alem\u00e3 de Indaial<\/a><\/p>\n<\/div>\n\n\n\n<div class=\"wp-block-column is-layout-flow wp-block-column-is-layout-flow\">\n<figure class=\"wp-block-image\"><img loading=\"lazy\" decoding=\"async\" width=\"1024\" height=\"1024\" src=\"https:\/\/www.ficindaial.com.br\/fundacao\/wp-content\/uploads\/2021\/04\/Bogen-1024x1024.jpeg\" alt=\"\" class=\"wp-image-6035\" srcset=\"https:\/\/www.ficindaial.com.br\/fundacao\/wp-content\/uploads\/2021\/04\/Bogen-1024x1024.jpeg 1024w, https:\/\/www.ficindaial.com.br\/fundacao\/wp-content\/uploads\/2021\/04\/Bogen-150x150.jpeg 150w, https:\/\/www.ficindaial.com.br\/fundacao\/wp-content\/uploads\/2021\/04\/Bogen-300x300.jpeg 300w, https:\/\/www.ficindaial.com.br\/fundacao\/wp-content\/uploads\/2021\/04\/Bogen-768x768.jpeg 768w, https:\/\/www.ficindaial.com.br\/fundacao\/wp-content\/uploads\/2021\/04\/Bogen-270x270.jpeg 270w, https:\/\/www.ficindaial.com.br\/fundacao\/wp-content\/uploads\/2021\/04\/Bogen-230x230.jpeg 230w, https:\/\/www.ficindaial.com.br\/fundacao\/wp-content\/uploads\/2021\/04\/Bogen.jpeg 1280w\" sizes=\"(max-width: 1024px) 100vw, 1024px\" \/><\/figure>\n<\/div>\n<\/div>\n\n\n\n<hr class=\"wp-block-separator\"\/>\n\n\n\n<div style=\"height:50px\" aria-hidden=\"true\" class=\"wp-block-spacer\"><\/div>\n\n\n\n<div class=\"wp-block-columns has-2-columns is-layout-flex wp-container-core-columns-is-layout-28f84493 wp-block-columns-is-layout-flex\">\n<div class=\"wp-block-column is-layout-flow wp-block-column-is-layout-flow\">\n<figure class=\"wp-block-image is-resized\"><img loading=\"lazy\" decoding=\"async\" src=\"https:\/\/www.ficindaial.com.br\/fundacao\/wp-content\/uploads\/2021\/04\/WhatsApp-Image-2021-04-16-at-15.03.47-1024x1024.jpeg\" alt=\"\" class=\"wp-image-6068\" width=\"305\" height=\"305\" srcset=\"https:\/\/www.ficindaial.com.br\/fundacao\/wp-content\/uploads\/2021\/04\/WhatsApp-Image-2021-04-16-at-15.03.47-1024x1024.jpeg 1024w, https:\/\/www.ficindaial.com.br\/fundacao\/wp-content\/uploads\/2021\/04\/WhatsApp-Image-2021-04-16-at-15.03.47-150x150.jpeg 150w, https:\/\/www.ficindaial.com.br\/fundacao\/wp-content\/uploads\/2021\/04\/WhatsApp-Image-2021-04-16-at-15.03.47-300x300.jpeg 300w, https:\/\/www.ficindaial.com.br\/fundacao\/wp-content\/uploads\/2021\/04\/WhatsApp-Image-2021-04-16-at-15.03.47-768x768.jpeg 768w, https:\/\/www.ficindaial.com.br\/fundacao\/wp-content\/uploads\/2021\/04\/WhatsApp-Image-2021-04-16-at-15.03.47-270x270.jpeg 270w, https:\/\/www.ficindaial.com.br\/fundacao\/wp-content\/uploads\/2021\/04\/WhatsApp-Image-2021-04-16-at-15.03.47-230x230.jpeg 230w, https:\/\/www.ficindaial.com.br\/fundacao\/wp-content\/uploads\/2021\/04\/WhatsApp-Image-2021-04-16-at-15.03.47.jpeg 1280w\" sizes=\"(max-width: 305px) 100vw, 305px\" \/><\/figure>\n<\/div>\n\n\n\n<div class=\"wp-block-column is-layout-flow wp-block-column-is-layout-flow\">\n<p><strong>Mostra Virtual <\/strong><br><strong>Nome do Projeto: <\/strong>Flor.Ess\u00eancia &#8211; A Poesia como Caminho &#8211; Mostra Virtual<br><strong>Proponente:<\/strong> Denise Patr\u00edcio<br><strong>Local: <\/strong><a href=\"http:\/\/www.denisepatricio.com\">www.denisepatricio.com<\/a><\/p>\n<\/div>\n<\/div>\n\n\n\n<hr class=\"wp-block-separator\"\/>\n\n\n\n<div class=\"wp-block-columns has-2-columns is-layout-flex wp-container-core-columns-is-layout-28f84493 wp-block-columns-is-layout-flex\">\n<div class=\"wp-block-column is-layout-flow wp-block-column-is-layout-flow\">\n<p><strong>Nome do projeto<\/strong>: Difundindo a M\u00fasica Instrumental<br><strong> Proponente:<\/strong> Associa\u00e7\u00e3o da Banda Municipal de Indaial Prefeito Werner Pabst<br><strong>Proposta<\/strong>: Grava\u00e7\u00e3o de V\u00eddeos com m\u00fasicas instrumentais<br><strong>Data<\/strong>: 17\/04\/2021<br><strong>Local<\/strong>: Dispon\u00edvel nos Canais: <a href=\"https:\/\/www.youtube.com\/channel\/UCCG6-p0QfHyEQk2Rdi7Hbnw\">YouTube<\/a>, <a href=\"http:\/\/@orquestrawernerpabst\">Instagram<\/a>, <a href=\"https:\/\/www.facebook.com\/profile.php?id=100008682631245\">Facebook<\/a><\/p>\n<\/div>\n\n\n\n<div class=\"wp-block-column is-layout-flow wp-block-column-is-layout-flow\">\n<figure class=\"wp-block-image\"><img loading=\"lazy\" decoding=\"async\" width=\"1024\" height=\"1024\" src=\"https:\/\/www.ficindaial.com.br\/fundacao\/wp-content\/uploads\/2021\/04\/BANDA-MUNICIPAL-1024x1024.png\" alt=\"\" class=\"wp-image-6072\" srcset=\"https:\/\/www.ficindaial.com.br\/fundacao\/wp-content\/uploads\/2021\/04\/BANDA-MUNICIPAL-1024x1024.png 1024w, https:\/\/www.ficindaial.com.br\/fundacao\/wp-content\/uploads\/2021\/04\/BANDA-MUNICIPAL-150x150.png 150w, https:\/\/www.ficindaial.com.br\/fundacao\/wp-content\/uploads\/2021\/04\/BANDA-MUNICIPAL-300x300.png 300w, https:\/\/www.ficindaial.com.br\/fundacao\/wp-content\/uploads\/2021\/04\/BANDA-MUNICIPAL-768x768.png 768w, https:\/\/www.ficindaial.com.br\/fundacao\/wp-content\/uploads\/2021\/04\/BANDA-MUNICIPAL-270x270.png 270w, https:\/\/www.ficindaial.com.br\/fundacao\/wp-content\/uploads\/2021\/04\/BANDA-MUNICIPAL-230x230.png 230w, https:\/\/www.ficindaial.com.br\/fundacao\/wp-content\/uploads\/2021\/04\/BANDA-MUNICIPAL.png 1080w\" sizes=\"(max-width: 1024px) 100vw, 1024px\" \/><\/figure>\n<\/div>\n<\/div>\n\n\n\n<hr class=\"wp-block-separator\"\/>\n\n\n\n<div class=\"wp-block-columns has-2-columns is-layout-flex wp-container-core-columns-is-layout-28f84493 wp-block-columns-is-layout-flex\">\n<div class=\"wp-block-column is-layout-flow wp-block-column-is-layout-flow\">\n<figure class=\"wp-block-image\"><img loading=\"lazy\" decoding=\"async\" width=\"1024\" height=\"1024\" src=\"https:\/\/www.ficindaial.com.br\/fundacao\/wp-content\/uploads\/2021\/04\/SERENATA-PARA-INDAIAL-2-1024x1024.png\" alt=\"\" class=\"wp-image-6058\" srcset=\"https:\/\/www.ficindaial.com.br\/fundacao\/wp-content\/uploads\/2021\/04\/SERENATA-PARA-INDAIAL-2-1024x1024.png 1024w, https:\/\/www.ficindaial.com.br\/fundacao\/wp-content\/uploads\/2021\/04\/SERENATA-PARA-INDAIAL-2-150x150.png 150w, https:\/\/www.ficindaial.com.br\/fundacao\/wp-content\/uploads\/2021\/04\/SERENATA-PARA-INDAIAL-2-300x300.png 300w, https:\/\/www.ficindaial.com.br\/fundacao\/wp-content\/uploads\/2021\/04\/SERENATA-PARA-INDAIAL-2-768x768.png 768w, https:\/\/www.ficindaial.com.br\/fundacao\/wp-content\/uploads\/2021\/04\/SERENATA-PARA-INDAIAL-2-270x270.png 270w, https:\/\/www.ficindaial.com.br\/fundacao\/wp-content\/uploads\/2021\/04\/SERENATA-PARA-INDAIAL-2-230x230.png 230w, https:\/\/www.ficindaial.com.br\/fundacao\/wp-content\/uploads\/2021\/04\/SERENATA-PARA-INDAIAL-2.png 1080w\" sizes=\"(max-width: 1024px) 100vw, 1024px\" \/><\/figure>\n<\/div>\n\n\n\n<div class=\"wp-block-column is-layout-flow wp-block-column-is-layout-flow\">\n<p><strong>Nome do Projeto:<\/strong> Serenata para Indaial<br><strong>Proponente:<\/strong> Jean Carlos Gon\u00e7alves \u2013 Amigos Seresteiros de Indaial<br><strong>Proposta:<\/strong> V\u00eddeo com medley de m\u00fasicas em homenagem \u00e0 cidade de Indaial<br><strong>Data:<\/strong> 18\/04\/2021<br><strong>Hor\u00e1rio: <\/strong>15h<br><strong>Local: <\/strong>Redes sociais do grupo @AmigosSeresteirosIndaial: <a href=\"https:\/\/m.facebook.com\/AmigosSeresteirosIndaial\/\">Facebook,<\/a> <a href=\"https:\/\/instagram.com\/amigosseresteirosindaial?igshid=18dt8xahwit4j\">Instagram<\/a> e  <a href=\"https:\/\/youtu.be\/AcjVciIvGMo\">YouTube <\/a><\/p>\n<\/div>\n<\/div>\n\n\n\n<hr class=\"wp-block-separator\"\/>\n","protected":false},"excerpt":{"rendered":"<p>Projetos Contemplados com a Lei de Emerg\u00eancia Cultural Aldir Blanc Lei 14.017\/2020, Edital 001\/2020 no munic\u00edpio de Indaial. Nome do projeto: A Fada Sonhadora OnlineProponente: Mariluce Rodrigues de Freitas 07243976980Proposta: Apresentar Online, por meio de uma live, o espet\u00e1culo de<\/p>\n","protected":false},"author":1,"featured_media":737,"parent":0,"menu_order":0,"comment_status":"closed","ping_status":"closed","template":"","meta":{"saved_in_kubio":false,"ngg_post_thumbnail":0,"footnotes":""},"class_list":["post-720","page","type-page","status-publish","has-post-thumbnail","hentry"],"kubio_ai_page_context":{"short_desc":"","purpose":"general"},"_links":{"self":[{"href":"https:\/\/www.ficindaial.com.br\/fundacao\/wp-json\/wp\/v2\/pages\/720","targetHints":{"allow":["GET"]}}],"collection":[{"href":"https:\/\/www.ficindaial.com.br\/fundacao\/wp-json\/wp\/v2\/pages"}],"about":[{"href":"https:\/\/www.ficindaial.com.br\/fundacao\/wp-json\/wp\/v2\/types\/page"}],"author":[{"embeddable":true,"href":"https:\/\/www.ficindaial.com.br\/fundacao\/wp-json\/wp\/v2\/users\/1"}],"replies":[{"embeddable":true,"href":"https:\/\/www.ficindaial.com.br\/fundacao\/wp-json\/wp\/v2\/comments?post=720"}],"version-history":[{"count":400,"href":"https:\/\/www.ficindaial.com.br\/fundacao\/wp-json\/wp\/v2\/pages\/720\/revisions"}],"predecessor-version":[{"id":6162,"href":"https:\/\/www.ficindaial.com.br\/fundacao\/wp-json\/wp\/v2\/pages\/720\/revisions\/6162"}],"wp:featuredmedia":[{"embeddable":true,"href":"https:\/\/www.ficindaial.com.br\/fundacao\/wp-json\/wp\/v2\/media\/737"}],"wp:attachment":[{"href":"https:\/\/www.ficindaial.com.br\/fundacao\/wp-json\/wp\/v2\/media?parent=720"}],"curies":[{"name":"wp","href":"https:\/\/api.w.org\/{rel}","templated":true}]}}