{"id":7055,"date":"2021-11-11T08:15:41","date_gmt":"2021-11-11T11:15:41","guid":{"rendered":"https:\/\/www.ficindaial.com.br\/fundacao\/?page_id=7055"},"modified":"2021-12-20T12:00:44","modified_gmt":"2021-12-20T15:00:44","slug":"edital-010-2021","status":"publish","type":"page","link":"https:\/\/www.ficindaial.com.br\/fundacao\/edital-010-2021\/","title":{"rendered":"Edital 010\/2021"},"content":{"rendered":"\n<p>ANDR\u00c9 LUIZ MOSER, Prefeito Municipal, no uso de suas atribui\u00e7\u00f5es legais, torna p\u00fablica a realiza\u00e7\u00e3o de PROCESSO SELETIVO SIMPLIFICADO DE AN\u00c1LISE DOCUMENTAL E AUDI\u00c7\u00d5ES VIRTUAIS N\u00ba 010\/2021 para admiss\u00e3o em car\u00e1ter tempor\u00e1rio e forma\u00e7\u00e3o de cadastro de reserva para atender necessidade tempor\u00e1ria do Programa Bolsa Monitor Art\u00edstico no exerc\u00edcio do ano de 2022 de excepcional interesse p\u00fablico o Programa Sensibilizarte &#8211; Artes nos Bairros nas modalidades de <strong>CANTO E CORAL, VIOL\u00c3O, VIOLA CAIPIRA<\/strong> d\u00e1 outras provid\u00eancias. <\/p>\n\n\n\n<hr class=\"wp-block-separator\"\/>\n\n\n\n<div class=\"wp-block-image\"><figure class=\"alignleft is-resized\"><img loading=\"lazy\" decoding=\"async\" src=\"https:\/\/www.ficindaial.com.br\/fundacao\/wp-content\/uploads\/2021\/11\/Sensibilizarte-Inverno-Cultural-1024x1024.png\" alt=\"\" class=\"wp-image-7064\" width=\"324\" height=\"324\" srcset=\"https:\/\/www.ficindaial.com.br\/fundacao\/wp-content\/uploads\/2021\/11\/Sensibilizarte-Inverno-Cultural-1024x1024.png 1024w, https:\/\/www.ficindaial.com.br\/fundacao\/wp-content\/uploads\/2021\/11\/Sensibilizarte-Inverno-Cultural-150x150.png 150w, https:\/\/www.ficindaial.com.br\/fundacao\/wp-content\/uploads\/2021\/11\/Sensibilizarte-Inverno-Cultural-300x300.png 300w, https:\/\/www.ficindaial.com.br\/fundacao\/wp-content\/uploads\/2021\/11\/Sensibilizarte-Inverno-Cultural-768x768.png 768w, https:\/\/www.ficindaial.com.br\/fundacao\/wp-content\/uploads\/2021\/11\/Sensibilizarte-Inverno-Cultural-270x270.png 270w, https:\/\/www.ficindaial.com.br\/fundacao\/wp-content\/uploads\/2021\/11\/Sensibilizarte-Inverno-Cultural-230x230.png 230w, https:\/\/www.ficindaial.com.br\/fundacao\/wp-content\/uploads\/2021\/11\/Sensibilizarte-Inverno-Cultural.png 1080w\" sizes=\"(max-width: 324px) 100vw, 324px\" \/><\/figure><\/div>\n\n\n\n<h4 class=\"wp-block-heading\" id=\"mce_0\">ETAPAS DO PROCESSO<\/h4>\n\n\n\n<p>O processo Seletivo Simplificado para concess\u00e3o do Bolsa Monitor Art\u00edstico contar\u00e1 com as seguintes etapas:  <\/p>\n\n\n\n<p><strong>1\u00aa Etapa: <\/strong>Envio de inscri\u00e7\u00e3o e comprova\u00e7\u00e3o documental atrav\u00e9s de formul\u00e1rio online. \n\n<\/p>\n\n\n\n<p><strong>2\u00aa Etapa: <\/strong>Envio de v\u00eddeo-aula conforme tema&nbsp; estabelecido pela Comiss\u00e3o Executiva do Bolsa Monitor Art\u00edstico atrav\u00e9s de formul\u00e1rio online. \n\n<\/p>\n\n\n\n<div style=\"height:100px\" aria-hidden=\"true\" class=\"wp-block-spacer\"><\/div>\n\n\n\n<hr class=\"wp-block-separator\"\/>\n\n\n\n<p style=\"background-color:#f7e1e7\" class=\"has-background\"><strong>PER\u00cdODO DE INSCRI\u00c7\u00d5ES:<\/strong> 10 DE NOVEMBRO A 10 DE DEZEMBRO 2021<\/p>\n\n\n\n<hr class=\"wp-block-separator\"\/>\n\n\n\n<div style=\"height:50px\" aria-hidden=\"true\" class=\"wp-block-spacer\"><\/div>\n\n\n\n<h4 class=\"wp-block-heading\" id=\"mce_5\">REQUISITOS<\/h4>\n\n\n\n<p>\n\nPara se inscrever no Programa Bolsa Monitor Art\u00edstico o candidato dever\u00e1 se enquadrar em pelo menos, uma das al\u00edneas abaixo:\n\n<\/p>\n\n\n\n<p><em>I \u2013 contar, comprovadamente, com, no m\u00ednimo, 03 (tr\u00eas) anos de forma\u00e7\u00e3o art\u00edstica em uma das modalidades disponibilizadas e ter idade m\u00ednima de 16 anos, apresentando autoriza\u00e7\u00e3o do respons\u00e1vel quando menor de idade;<\/em><\/p>\n\n\n\n<p><em>II \u2013 estar regularmente matriculado, em uma das modalidades art\u00edsticas ofertadas pela Funda\u00e7\u00e3o Indaialense de Cultura ou ser integrante de grupo cultural reconhecido pelo munic\u00edpio por no m\u00ednimo 03 (tr\u00eas) anos;<\/em><\/p>\n\n\n\n<hr class=\"wp-block-separator\"\/>\n\n\n\n<h4 class=\"wp-block-heading\" id=\"mce_9\">BOLSAS DISPON\u00cdVEIS<\/h4>\n\n\n\n<p><strong><em>Modalidades:<\/em><\/strong><\/p>\n\n\n\n<ul class=\"wp-block-list\"><li>Bolsa Monitor Art\u00edstico &#8211; Canto e Coral;<\/li><li>Bolsa Monitor Art\u00edstico &#8211; Viol\u00e3o Popular;<\/li><li>Bolsa Monitor Art\u00edstico &#8211; Viola Caipira;<\/li><\/ul>\n\n\n\n<hr class=\"wp-block-separator\"\/>\n\n\n\n<h4 class=\"wp-block-heading\">CATEGORIAS<\/h4>\n\n\n\n<p>Os selecionados do Bolsa Monitor Art\u00edstico far\u00e3o a escolha de vagas ap\u00f3s a homologa\u00e7\u00e3o do resultado classificat\u00f3rio de acordo com a demanda de horas semanais dispon\u00edveis em cada modalidade organizadas pela Funda\u00e7\u00e3o Indaialense de Cultura conforme descrito abaixo: <\/p>\n\n\n\n<p><strong>Bolsa Monitor Art\u00edstico I:<\/strong> valor mensal unit\u00e1rio de R$ 500,00 (quinhentos reais) e ter disponibilidade <strong>para atuar 8 (oito) horas semanais<\/strong> como monitor art\u00edstico no <strong>Programa Sensibilizarte \u2013 Arte nos Bairros e, al\u00e9m da carga hor\u00e1ria citada dever\u00e1 participar de grupos art\u00edsticos quando existentes, dentro de sua \u00e1rea de atua\u00e7\u00e3o,<\/strong> sendo estes mantidos ou apoiados pela Funda\u00e7\u00e3o Indaialense de Cultura.<\/p>\n\n\n\n<p><strong>Bolsa Monitor Art\u00edstico II<\/strong>: valor mensal ser\u00e1 de R$ 1.000,00 (mil reais) e ter disponibilidade <strong>para atuar 16 (dezesseis) horas semanais<\/strong> como monitor art\u00edstico no <strong>Programa Sensibilizarte \u2013 Arte nos Bairros e, al\u00e9m da carga hor\u00e1ria citada dever\u00e1 participar de grupos art\u00edsticos quando existentes, dentro de sua \u00e1rea de atua\u00e7\u00e3o<\/strong>, sendo estes mantidos ou apoiados pela Funda\u00e7\u00e3o Indaialense de Cultura.<\/p>\n\n\n\n<p><strong>Bolsa Monitor Art\u00edstico III<\/strong>: valor mensal ser\u00e1 de R$ 1.500,00 (mil e quinhentos reais) e ter disponibilidade para <strong>atuar 24 (vinte e quatro) horas <\/strong>semanais como monitor art\u00edstico no <strong>Programa Sensibilizarte \u2013 Arte nos Bairros e, al\u00e9m da carga hor\u00e1ria citada dever\u00e1 participar de grupos art\u00edsticos quando existentes, dentro de sua \u00e1rea de atua\u00e7\u00e3o<\/strong>, sendo estes mantidos ou apoiados pela Funda\u00e7\u00e3o Indaialense de Cultura.<\/p>\n\n\n\n<hr class=\"wp-block-separator\"\/>\n\n\n\n<p><em>OBS: Para este edital n\u00e3o h\u00e1 taxa de inscri\u00e7\u00e3o<\/em><\/p>\n\n\n\n<hr class=\"wp-block-separator\"\/>\n\n\n\n<h4 class=\"wp-block-heading\" id=\"mce_19\">EDITAL<a href=\"https:\/\/www.ficindaial.com.br\/fundacao\/wp-content\/uploads\/2021\/08\/Decreto-3891-2021-Indaial-SC.pdf\"><\/a><\/h4>\n\n\n\n<div class=\"wp-block-file\"><a href=\"https:\/\/www.ficindaial.com.br\/fundacao\/wp-content\/uploads\/2021\/11\/2021_GABINETE_DECRETOS_4112.pdf\">EDITAL 010\/2021<\/a><a href=\"https:\/\/www.ficindaial.com.br\/fundacao\/wp-content\/uploads\/2021\/11\/2021_GABINETE_DECRETOS_4112.pdf\" class=\"wp-block-file__button\" download>Baixar<\/a><\/div>\n\n\n\n<hr class=\"wp-block-separator\"\/>\n\n\n\n<p><a href=\"https:\/\/forms.gle\/H6JhFvBCVD2EHxnM6\">INSCRI\u00c7\u00c3O 1\u00aa ETAPA<\/a><\/p>\n\n\n\n<p><a href=\"https:\/\/forms.gle\/ptt9mQ2B4UKMoyjN6\">INSCRI\u00c7\u00c3O 2\u00aa ETAPA <\/a><\/p>\n\n\n\n<p><em>As informa\u00e7\u00f5es para as aulas da 2\u00aa etapa ser\u00e3o ser\u00e3o informadas junto \u00e0 Homologa\u00e7\u00e3o dos inscritos da 1\u00aa etapa em 14\/12\/2021.<\/em><\/p>\n\n\n\n<hr class=\"wp-block-separator\"\/>\n\n\n\n<div class=\"wp-block-file\"><a href=\"https:\/\/www.ficindaial.com.br\/fundacao\/wp-content\/uploads\/2021\/11\/ANEXO-I.pdf\">ANEXO I &#8211; Cronograma<\/a><a href=\"https:\/\/www.ficindaial.com.br\/fundacao\/wp-content\/uploads\/2021\/11\/ANEXO-I.pdf\" class=\"wp-block-file__button\" download>Baixar<\/a><\/div>\n\n\n\n<div class=\"wp-block-file\"><a href=\"https:\/\/www.ficindaial.com.br\/fundacao\/wp-content\/uploads\/2021\/11\/ANEXO-II.pdf\">ANEXO II &#8211; Modalidade<\/a><a href=\"https:\/\/www.ficindaial.com.br\/fundacao\/wp-content\/uploads\/2021\/11\/ANEXO-II.pdf\" class=\"wp-block-file__button\" download>Baixar<\/a><\/div>\n\n\n\n<div class=\"wp-block-file\"><a href=\"https:\/\/www.ficindaial.com.br\/fundacao\/wp-content\/uploads\/2021\/11\/ANEXO-III.pdf\">ANEXO III &#8211; Atribui\u00e7\u00f5es<\/a><a href=\"https:\/\/www.ficindaial.com.br\/fundacao\/wp-content\/uploads\/2021\/11\/ANEXO-III.pdf\" class=\"wp-block-file__button\" download>Baixar<\/a><\/div>\n\n\n\n<div class=\"wp-block-file\"><a href=\"https:\/\/www.ficindaial.com.br\/fundacao\/wp-content\/uploads\/2021\/11\/ANEXO-IV.pdf\">ANEXO IV &#8211; Autoriza\u00e7\u00e3o para Participa\u00e7\u00e3o de Menor<br> <\/a><a href=\"https:\/\/www.ficindaial.com.br\/fundacao\/wp-content\/uploads\/2021\/11\/ANEXO-IV.pdf\" class=\"wp-block-file__button\" download>Baixar<\/a><\/div>\n\n\n\n<hr class=\"wp-block-separator\"\/>\n\n\n\n<p class=\"has-background has-very-light-gray-background-color\">HOMOLOGA\u00c7\u00d5ES<\/p>\n\n\n\n<div class=\"wp-block-file\"><a href=\"https:\/\/www.ficindaial.com.br\/fundacao\/wp-content\/uploads\/2021\/12\/010_2021-HOMOLOGA\u00c7\u00c3O-DOS-INSCRITOS-4.pdf\">010_2021 &#8211; HOMOLOGA\u00c7\u00c3O DOS INSCRITOS<\/a><a href=\"https:\/\/www.ficindaial.com.br\/fundacao\/wp-content\/uploads\/2021\/12\/010_2021-HOMOLOGA\u00c7\u00c3O-DOS-INSCRITOS-4.pdf\" class=\"wp-block-file__button\" download>Baixar<\/a><\/div>\n\n\n\n<div class=\"wp-block-file\"><a href=\"https:\/\/www.ficindaial.com.br\/fundacao\/wp-content\/uploads\/2021\/12\/010_2021-HOMOLOGA\u00c7\u00c3O-AN\u00c1LISE-DOCUMENTAL.pdf\">010_2021 &#8211; HOMOLOGA\u00c7\u00c3O AN\u00c1LISE DOCUMENTAL<\/a><a href=\"https:\/\/www.ficindaial.com.br\/fundacao\/wp-content\/uploads\/2021\/12\/010_2021-HOMOLOGA\u00c7\u00c3O-AN\u00c1LISE-DOCUMENTAL.pdf\" class=\"wp-block-file__button\" download>Baixar<\/a><\/div>\n\n\n\n<div class=\"wp-block-file\"><a href=\"https:\/\/www.ficindaial.com.br\/fundacao\/wp-content\/uploads\/2021\/12\/010_2021-HOMOLOGA\u00c7\u00c3O-DOS-APROVADOS.pdf\">010_2021 &#8211; HOMOLOGA\u00c7\u00c3O DOS APROVADOS<\/a><a href=\"https:\/\/www.ficindaial.com.br\/fundacao\/wp-content\/uploads\/2021\/12\/010_2021-HOMOLOGA\u00c7\u00c3O-DOS-APROVADOS.pdf\" class=\"wp-block-file__button\" download>Baixar<\/a><\/div>\n\n\n\n<div class=\"wp-block-file\"><a href=\"https:\/\/www.ficindaial.com.br\/fundacao\/wp-content\/uploads\/2021\/12\/010_2021-CONVOCA\u00c7\u00c3O-PARA-ESCOLHA-DE-CARGA-HOR\u00c1RIA.pdf\">010_2021 &#8211; CONVOCA\u00c7\u00c3O PARA ESCOLHA DE CARGA HOR\u00c1RIA<\/a><a href=\"https:\/\/www.ficindaial.com.br\/fundacao\/wp-content\/uploads\/2021\/12\/010_2021-CONVOCA\u00c7\u00c3O-PARA-ESCOLHA-DE-CARGA-HOR\u00c1RIA.pdf\" class=\"wp-block-file__button\" download>Baixar<\/a><\/div>\n\n\n\n<hr class=\"wp-block-separator\"\/>\n\n\n\n<p class=\"has-background has-very-light-gray-background-color\">CONFIRA OS TEMAS DAS AULAS<\/p>\n\n\n\n<p><strong>VIOL\u00c3O<\/strong><\/p>\n\n\n\n<div class=\"wp-block-file\"><a href=\"https:\/\/www.ficindaial.com.br\/fundacao\/wp-content\/uploads\/2021\/12\/VIOL\u00c3O.pdf\">AULA TEMA &#8211; VIOL\u00c3O<\/a><a href=\"https:\/\/www.ficindaial.com.br\/fundacao\/wp-content\/uploads\/2021\/12\/VIOL\u00c3O.pdf\" class=\"wp-block-file__button\" download>Baixar<\/a><\/div>\n\n\n\n<div class=\"wp-block-file\"><a href=\"https:\/\/www.ficindaial.com.br\/fundacao\/wp-content\/uploads\/2021\/12\/Se-Djavan.pdf\">PE\u00c7A PARA APRESENTA\u00c7\u00c3O &#8211; Se (Djavan)<\/a><a href=\"https:\/\/www.ficindaial.com.br\/fundacao\/wp-content\/uploads\/2021\/12\/Se-Djavan.pdf\" class=\"wp-block-file__button\" download>Baixar<\/a><\/div>\n\n\n\n<hr class=\"wp-block-separator\"\/>\n\n\n\n<p><strong>VIOLA CAIPIRA<\/strong><\/p>\n\n\n\n<div class=\"wp-block-file\"><a href=\"https:\/\/www.ficindaial.com.br\/fundacao\/wp-content\/uploads\/2021\/12\/VIOLA-CAIPIRA.pdf\">AULA TEMA &#8211; VIOLA CAIPIRA<\/a><a href=\"https:\/\/www.ficindaial.com.br\/fundacao\/wp-content\/uploads\/2021\/12\/VIOLA-CAIPIRA.pdf\" class=\"wp-block-file__button\" download>Baixar<\/a><\/div>\n\n\n\n<div class=\"wp-block-file\"><a href=\"https:\/\/www.ficindaial.com.br\/fundacao\/wp-content\/uploads\/2021\/12\/Viola-Caipira-1.pdf\">PE\u00c7A PARA APRESENTA\u00c7\u00c3O &#8211; Viola Caipira<\/a><a href=\"https:\/\/www.ficindaial.com.br\/fundacao\/wp-content\/uploads\/2021\/12\/Viola-Caipira-1.pdf\" class=\"wp-block-file__button\" download>Baixar<\/a><\/div>\n\n\n\n<hr class=\"wp-block-separator\"\/>\n\n\n\n<p><strong>CANTO CORAL<\/strong><\/p>\n\n\n\n<div class=\"wp-block-file\"><a href=\"https:\/\/www.ficindaial.com.br\/fundacao\/wp-content\/uploads\/2021\/12\/CANTO-CORAL_.pdf\">AULA TEMA &#8211; CANTO CORAL<\/a><a href=\"https:\/\/www.ficindaial.com.br\/fundacao\/wp-content\/uploads\/2021\/12\/CANTO-CORAL_.pdf\" class=\"wp-block-file__button\" download>Baixar<\/a><\/div>\n\n\n\n<div class=\"wp-block-file\"><a href=\"https:\/\/www.ficindaial.com.br\/fundacao\/wp-content\/uploads\/2021\/12\/Canto-Coral-Dona-Nobis.jpeg\">PE\u00c7A PARA APRESENTA\u00c7\u00c3O &#8211; Dona Nobis<\/a><a href=\"https:\/\/www.ficindaial.com.br\/fundacao\/wp-content\/uploads\/2021\/12\/Canto-Coral-Dona-Nobis.jpeg\" class=\"wp-block-file__button\" download>Baixar<\/a><\/div>\n\n\n\n<hr class=\"wp-block-separator\"\/>\n","protected":false},"excerpt":{"rendered":"<p>ANDR\u00c9 LUIZ MOSER, Prefeito Municipal, no uso de suas atribui\u00e7\u00f5es legais, torna p\u00fablica a realiza\u00e7\u00e3o de PROCESSO SELETIVO SIMPLIFICADO DE AN\u00c1LISE DOCUMENTAL E AUDI\u00c7\u00d5ES VIRTUAIS N\u00ba 010\/2021 para admiss\u00e3o em car\u00e1ter tempor\u00e1rio e forma\u00e7\u00e3o de cadastro de reserva para atender<\/p>\n","protected":false},"author":2,"featured_media":0,"parent":0,"menu_order":0,"comment_status":"closed","ping_status":"closed","template":"","meta":{"saved_in_kubio":false,"ngg_post_thumbnail":0,"footnotes":""},"class_list":["post-7055","page","type-page","status-publish","hentry"],"kubio_ai_page_context":{"short_desc":"","purpose":"general"},"_links":{"self":[{"href":"https:\/\/www.ficindaial.com.br\/fundacao\/wp-json\/wp\/v2\/pages\/7055","targetHints":{"allow":["GET"]}}],"collection":[{"href":"https:\/\/www.ficindaial.com.br\/fundacao\/wp-json\/wp\/v2\/pages"}],"about":[{"href":"https:\/\/www.ficindaial.com.br\/fundacao\/wp-json\/wp\/v2\/types\/page"}],"author":[{"embeddable":true,"href":"https:\/\/www.ficindaial.com.br\/fundacao\/wp-json\/wp\/v2\/users\/2"}],"replies":[{"embeddable":true,"href":"https:\/\/www.ficindaial.com.br\/fundacao\/wp-json\/wp\/v2\/comments?post=7055"}],"version-history":[{"count":13,"href":"https:\/\/www.ficindaial.com.br\/fundacao\/wp-json\/wp\/v2\/pages\/7055\/revisions"}],"predecessor-version":[{"id":7246,"href":"https:\/\/www.ficindaial.com.br\/fundacao\/wp-json\/wp\/v2\/pages\/7055\/revisions\/7246"}],"wp:attachment":[{"href":"https:\/\/www.ficindaial.com.br\/fundacao\/wp-json\/wp\/v2\/media?parent=7055"}],"curies":[{"name":"wp","href":"https:\/\/api.w.org\/{rel}","templated":true}]}}