{"id":6670,"date":"2021-09-03T15:43:16","date_gmt":"2021-09-03T18:43:16","guid":{"rendered":"https:\/\/www.ficindaial.com.br\/fundacao\/?page_id=6670"},"modified":"2021-11-23T17:07:35","modified_gmt":"2021-11-23T20:07:35","slug":"edital-006-2021-fic-concurso-fotografico-indaial-na-rota-da-natureza-2021","status":"publish","type":"page","link":"https:\/\/www.ficindaial.com.br\/fundacao\/edital-006-2021-fic-concurso-fotografico-indaial-na-rota-da-natureza-2021\/","title":{"rendered":"EDITAL 006\/2021\/FIC &#8211; Concurso Fotogr\u00e1fico \u201cINDAIAL NA ROTA DA NATUREZA &#8211; 2021."},"content":{"rendered":"\n<p>A PREFEITURA MUNICIPAL DE INDAIAL por meio da FUNDA\u00c7\u00c3O INDAIALENSE DE CULTURA PREFEITO VICTOR PETTERS E SETOR DE DESENVOLVIMENTO ECON\u00d4MICO, EVENTOS E TURISMO, torna p\u00fablico e abre inscri\u00e7\u00f5es para o Concurso Fotogr\u00e1fico \u201c Indaial na Rota da Natureza &#8211; 2021\u201d. <\/p>\n\n\n\n<hr class=\"wp-block-separator\"\/>\n\n\n\n<div class=\"wp-block-image\"><figure class=\"alignleft is-resized\"><img loading=\"lazy\" decoding=\"async\" src=\"https:\/\/www.ficindaial.com.br\/fundacao\/wp-content\/uploads\/2021\/09\/Concurso-Fotogr\u00e1fico-\u201cIndaial-na-Rota-da-Natureza-2021\u201d.png\" alt=\"\" class=\"wp-image-6671\" width=\"317\" height=\"265\" srcset=\"https:\/\/www.ficindaial.com.br\/fundacao\/wp-content\/uploads\/2021\/09\/Concurso-Fotogr\u00e1fico-\u201cIndaial-na-Rota-da-Natureza-2021\u201d.png 940w, https:\/\/www.ficindaial.com.br\/fundacao\/wp-content\/uploads\/2021\/09\/Concurso-Fotogr\u00e1fico-\u201cIndaial-na-Rota-da-Natureza-2021\u201d-300x251.png 300w, https:\/\/www.ficindaial.com.br\/fundacao\/wp-content\/uploads\/2021\/09\/Concurso-Fotogr\u00e1fico-\u201cIndaial-na-Rota-da-Natureza-2021\u201d-768x644.png 768w\" sizes=\"(max-width: 317px) 100vw, 317px\" \/><\/figure><\/div>\n\n\n\n<p>\n\nO tema do concurso \u201cIndaial na Rota da Natureza\u201d tem como objetivo fazer uma\nimers\u00e3o fotogr\u00e1fica atrav\u00e9s das lentes, buscando a introspec\u00e7\u00e3o e contempla\u00e7\u00e3o de nossas\npaisagens e pontos tur\u00edsticos e valoriza\u00e7\u00e3o dos nossos s\u00edmbolos, apresentando aquilo que o\nvisitante, turista e morador vislumbra quando passeia em nossa cidade. Podem ser utilizadas nas\nimagens, pessoas caracterizadas de turistas para representar o visitante vivenciando a\nexperi\u00eancia tur\u00edstica \u201cIndaial na Rota da Natureza\u201d, desde que o fot\u00f3grafo apresente a\nautoriza\u00e7\u00e3o de uso de imagem dos \u201cfigurantes\u201d. \n\n<\/p>\n\n\n\n<p>O concurso \u00e9 aberto a<strong> fot\u00f3grafos profissionais e amadores,<\/strong> brasileiros e estrangeiros radicados no Brasil, maiores de 18 anos, mediante a pr\u00e9via inscri\u00e7\u00e3o.    <\/p>\n\n\n\n<hr class=\"wp-block-separator\"\/>\n\n\n\n<p style=\"background-color:#d7e9e1\" class=\"has-background\"><strong>INSCRI\u00c7\u00d5ES PRORROGADAS AT\u00c9 16\/11\/2021<\/strong> <\/p>\n\n\n\n<hr class=\"wp-block-separator\"\/>\n\n\n\n<p><strong>PREMIA\u00c7\u00c3O<br><\/strong>As <strong>5 (cinco) fotos de maior pontua\u00e7\u00e3o<\/strong> ser\u00e3o adquiridas no valor de R$ 300,00 cada.<br>Em seguida, as <strong>20 (vinte) fotos com melhor pontua\u00e7\u00e3o<\/strong> ser\u00e3o adquiridas no valor de R$<br>100,00 cada. <br>Em seguida, as <strong>30 (trinta) fotos com melhor pontua\u00e7\u00e3o<\/strong> ser\u00e3o adquiridas no valor de R$<br> 50,00 cada.<\/p>\n\n\n\n<hr class=\"wp-block-separator\"\/>\n\n\n\n<p style=\"background-color:#ecf7e1\" class=\"has-background\"><strong>Antes de se inscrever Leia o Edital <\/strong><\/p>\n\n\n\n<div class=\"wp-block-file\"><a href=\"https:\/\/www.ficindaial.com.br\/fundacao\/wp-content\/uploads\/2021\/10\/2021_GABINETE_DECRETOS_4052.pdf\">EDITAL 006\/2021<\/a><a href=\"https:\/\/www.ficindaial.com.br\/fundacao\/wp-content\/uploads\/2021\/10\/2021_GABINETE_DECRETOS_4052.pdf\" class=\"wp-block-file__button\" download>Baixar<\/a><\/div>\n\n\n\n<p style=\"background-color:#ecf7e1\" class=\"has-background\"><a href=\"https:\/\/www.ficindaial.com.br\/fundacao\/anexo-i-termo-de-cessao-de-direito-de-imagem-e-autoria-1\/\"><strong>ANEXO I &#8211; Autoriza\u00e7\u00e3o de Uso de Imagem<\/strong><\/a><\/p>\n\n\n\n<p style=\"background-color:#e4f5c5\" class=\"has-background\"><a href=\"https:\/\/forms.gle\/ArCtBbW6PMRf41Xx7\">Fa\u00e7a Inscri\u00e7\u00e3o Aqui<\/a><\/p>\n\n\n\n<hr class=\"wp-block-separator\"\/>\n\n\n\n<p style=\"background-color:#b2c58f\" class=\"has-background\">RESULTADO FINAL<\/p>\n\n\n\n<div class=\"wp-block-file\"><a href=\"https:\/\/www.ficindaial.com.br\/fundacao\/wp-content\/uploads\/2021\/11\/006_2021-HOMOLOGA\u00c7\u00c3O-DA-CLASSIFICA\u00c7\u00c3O-FINAL-E-PREMIA\u00c7\u00c3O.pdf\">006_2021 &#8211; HOMOLOGA\u00c7\u00c3O DA CLASSIFICA\u00c7\u00c3O FINAL E PREMIA\u00c7\u00c3O<\/a><a href=\"https:\/\/www.ficindaial.com.br\/fundacao\/wp-content\/uploads\/2021\/11\/006_2021-HOMOLOGA\u00c7\u00c3O-DA-CLASSIFICA\u00c7\u00c3O-FINAL-E-PREMIA\u00c7\u00c3O.pdf\" class=\"wp-block-file__button\" download>Baixar<\/a><\/div>\n\n\n\n<hr class=\"wp-block-separator\"\/>\n\n\n\n<div style=\"position: relative; width: 100%; height: 0; padding-top: 75.0000%; padding-bottom: 48px; box-shadow: 0 2px 8px 0 rgba(63,69,81,0.16); margin-top: 1.6em; margin-bottom: 0.9em; overflow: hidden; border-radius: 8px; will-change: transform;\">  <iframe loading=\"lazy\" style=\"position: absolute; width: 100%; height: 100%; top: 0; left: 0; border: none; padding: 0;margin: 0;\" src=\"https:\/\/www.canva.com\/design\/DAEwi8M9N1o\/view?embed\">  <\/iframe><\/div><a href=\"https:\/\/www.canva.com\/design\/DAEwi8M9N1o\/view?utm_content=DAEwi8M9N1o&amp;utm_campaign=designshare&amp;utm_medium=embeds&amp;utm_source=link\" target=\"_blank\" rel=\"noopener noreferrer\">FOTOS SELECIONADAS<\/a> de Dayse Lang\n","protected":false},"excerpt":{"rendered":"<p>A PREFEITURA MUNICIPAL DE INDAIAL por meio da FUNDA\u00c7\u00c3O INDAIALENSE DE CULTURA PREFEITO VICTOR PETTERS E SETOR DE DESENVOLVIMENTO ECON\u00d4MICO, EVENTOS E TURISMO, torna p\u00fablico e abre inscri\u00e7\u00f5es para o Concurso Fotogr\u00e1fico \u201c Indaial na Rota da Natureza &#8211; 2021\u201d.<\/p>\n","protected":false},"author":2,"featured_media":0,"parent":0,"menu_order":0,"comment_status":"closed","ping_status":"closed","template":"","meta":{"saved_in_kubio":false,"ngg_post_thumbnail":0,"footnotes":""},"class_list":["post-6670","page","type-page","status-publish","hentry"],"kubio_ai_page_context":{"short_desc":"","purpose":"general"},"_links":{"self":[{"href":"https:\/\/www.ficindaial.com.br\/fundacao\/wp-json\/wp\/v2\/pages\/6670","targetHints":{"allow":["GET"]}}],"collection":[{"href":"https:\/\/www.ficindaial.com.br\/fundacao\/wp-json\/wp\/v2\/pages"}],"about":[{"href":"https:\/\/www.ficindaial.com.br\/fundacao\/wp-json\/wp\/v2\/types\/page"}],"author":[{"embeddable":true,"href":"https:\/\/www.ficindaial.com.br\/fundacao\/wp-json\/wp\/v2\/users\/2"}],"replies":[{"embeddable":true,"href":"https:\/\/www.ficindaial.com.br\/fundacao\/wp-json\/wp\/v2\/comments?post=6670"}],"version-history":[{"count":19,"href":"https:\/\/www.ficindaial.com.br\/fundacao\/wp-json\/wp\/v2\/pages\/6670\/revisions"}],"predecessor-version":[{"id":7154,"href":"https:\/\/www.ficindaial.com.br\/fundacao\/wp-json\/wp\/v2\/pages\/6670\/revisions\/7154"}],"wp:attachment":[{"href":"https:\/\/www.ficindaial.com.br\/fundacao\/wp-json\/wp\/v2\/media?parent=6670"}],"curies":[{"name":"wp","href":"https:\/\/api.w.org\/{rel}","templated":true}]}}