{"id":6446,"date":"2021-07-30T11:54:01","date_gmt":"2021-07-30T14:54:01","guid":{"rendered":"https:\/\/www.ficindaial.com.br\/fundacao\/?page_id=6446"},"modified":"2021-07-30T11:56:52","modified_gmt":"2021-07-30T14:56:52","slug":"1o-encontro-virtual-de-corais","status":"publish","type":"page","link":"https:\/\/www.ficindaial.com.br\/fundacao\/1o-encontro-virtual-de-corais\/","title":{"rendered":"1\u00ba Encontro Virtual de Corais"},"content":{"rendered":"\n<div class=\"wp-block-image\"><figure class=\"alignleft is-resized\"><img loading=\"lazy\" decoding=\"async\" src=\"https:\/\/www.ficindaial.com.br\/fundacao\/wp-content\/uploads\/2021\/07\/1\u00ba-Encontro-Virtual-de-Corais-2-1024x1024.png\" alt=\"\" class=\"wp-image-6447\" width=\"344\" height=\"344\" srcset=\"https:\/\/www.ficindaial.com.br\/fundacao\/wp-content\/uploads\/2021\/07\/1\u00ba-Encontro-Virtual-de-Corais-2-1024x1024.png 1024w, https:\/\/www.ficindaial.com.br\/fundacao\/wp-content\/uploads\/2021\/07\/1\u00ba-Encontro-Virtual-de-Corais-2-150x150.png 150w, https:\/\/www.ficindaial.com.br\/fundacao\/wp-content\/uploads\/2021\/07\/1\u00ba-Encontro-Virtual-de-Corais-2-300x300.png 300w, https:\/\/www.ficindaial.com.br\/fundacao\/wp-content\/uploads\/2021\/07\/1\u00ba-Encontro-Virtual-de-Corais-2-768x768.png 768w, https:\/\/www.ficindaial.com.br\/fundacao\/wp-content\/uploads\/2021\/07\/1\u00ba-Encontro-Virtual-de-Corais-2-270x270.png 270w, https:\/\/www.ficindaial.com.br\/fundacao\/wp-content\/uploads\/2021\/07\/1\u00ba-Encontro-Virtual-de-Corais-2-230x230.png 230w, https:\/\/www.ficindaial.com.br\/fundacao\/wp-content\/uploads\/2021\/07\/1\u00ba-Encontro-Virtual-de-Corais-2.png 1080w\" sizes=\"(max-width: 344px) 100vw, 344px\" \/><\/figure><\/div>\n\n\n\n<p>Neste s\u00e1bado, 31 de julho, a Funda\u00e7\u00e3o Indaialense de Cultura promover\u00e1 o 1\u00ba Encontro Virtual de Corais de Indaial. A apresenta\u00e7\u00e3o tem dura\u00e7\u00e3o aproximada de 1h30 e contar\u00e1 com a participa\u00e7\u00e3o de 19 grupos das cidades de Indaial, Blumenau, Botuver\u00e1, Cambori\u00fa, Joinville, Itaja\u00ed, Ibirama, Api\u00fana, Campinas, Curitiba e Londrina. O repert\u00f3rio varia da m\u00fasica sacra \u00e0 m\u00fasica popular.<\/p>\n\n\n\n<p>Os Encontros de Corais promovidos pela FIC s\u00e3o realizados anualmente, e neste ano estaria em sua 11\u00ba Edi\u00e7\u00e3o. Durante este per\u00edodo de restri\u00e7\u00f5es sanit\u00e1rias o 1\u00ba ENCONTRO VIRTUAL DE CORAIS DE INDAIAL vem a fim de poder proporcionar o interc\u00e2mbio cultural entre os grupos participantes. <\/p>\n\n\n\n<hr class=\"wp-block-separator\"\/>\n\n\n\n<p><strong>Confira os Corais e Grupos Vocais desta edi\u00e7\u00e3o:<\/strong><\/p>\n\n\n\n<ul class=\"wp-block-list\"><li>4rteto Maranata (Indaial\/SC)<\/li><li>Amigos Seresteiros de Indaial (Indaial\/SC)<\/li><li>Associa\u00e7\u00e3o Coral Villa Lobos de Itaja\u00ed (Itaja\u00ed\/SC)<\/li><li>Associa\u00e7\u00e3o Coral Vozes do Vale (Itaja\u00ed\/SC)<\/li><li>Coral Amigos em Cantos (Blumenau\/SC)<\/li><li>Coral da FIC (Indaial\/SC)<\/li><li>Coral da UDESC (Joinville\/SC)<\/li><li>Coral Giuseppe Verd\u00ec (Botuver\u00e1\/SC)<\/li><li>Coral Municipal de Api\u00fana (Api\u00fana-SC)<\/li><li>Coral Municipal Hansahoehe de Ibirama (Ibirama\/SC)<\/li><li>Coral Municipal Uni\u00e3o de Ibirama (Ibirama\/SC)<\/li><li>Coral Santa In\u00eas (Indaial\/SC)<\/li><li>Coral UNICAMP Ziper na Boca (Campinas\/SP)<\/li><li>Coral Vozes em Harmonia (Cambori\u00fa\/SC)<\/li><li>Grupo Vocal Entre N\u00f3s (Londrina\/PR)<\/li><li>Grupo Vocal Gog\u00f3 \u00e0 Brasileira (Curitiba\/PR)<\/li><li>Grupo Vocal Paran\u00e1 em Canto (Curitiba\/PR)<\/li><li>Madrigal Cantante Domino (Curitiba\/PR)<\/li><li>Vocalis Inday\u00e1 (Indaial\/SC)<\/li><\/ul>\n\n\n\n<hr class=\"wp-block-separator\"\/>\n\n\n\n<p><strong>Venha se emocionar conosco!<\/strong><br><\/p>\n\n\n\n<iframe loading=\"lazy\" width=\"560\" height=\"315\" src=\"https:\/\/www.youtube.com\/embed\/HcqLEtrX87c\" title=\"YouTube video player\" frameborder=\"0\" allow=\"accelerometer; autoplay; clipboard-write; encrypted-media; gyroscope; picture-in-picture\" allowfullscreen><\/iframe>\n\n\n\n<hr class=\"wp-block-separator\"\/>\n","protected":false},"excerpt":{"rendered":"<p>Neste s\u00e1bado, 31 de julho, a Funda\u00e7\u00e3o Indaialense de Cultura promover\u00e1 o 1\u00ba Encontro Virtual de Corais de Indaial. A apresenta\u00e7\u00e3o tem dura\u00e7\u00e3o aproximada de 1h30 e contar\u00e1 com a participa\u00e7\u00e3o de 19 grupos das cidades de Indaial, Blumenau, Botuver\u00e1,<\/p>\n","protected":false},"author":2,"featured_media":0,"parent":0,"menu_order":0,"comment_status":"closed","ping_status":"closed","template":"","meta":{"saved_in_kubio":false,"ngg_post_thumbnail":0,"footnotes":""},"class_list":["post-6446","page","type-page","status-publish","hentry"],"kubio_ai_page_context":{"short_desc":"","purpose":"general"},"_links":{"self":[{"href":"https:\/\/www.ficindaial.com.br\/fundacao\/wp-json\/wp\/v2\/pages\/6446","targetHints":{"allow":["GET"]}}],"collection":[{"href":"https:\/\/www.ficindaial.com.br\/fundacao\/wp-json\/wp\/v2\/pages"}],"about":[{"href":"https:\/\/www.ficindaial.com.br\/fundacao\/wp-json\/wp\/v2\/types\/page"}],"author":[{"embeddable":true,"href":"https:\/\/www.ficindaial.com.br\/fundacao\/wp-json\/wp\/v2\/users\/2"}],"replies":[{"embeddable":true,"href":"https:\/\/www.ficindaial.com.br\/fundacao\/wp-json\/wp\/v2\/comments?post=6446"}],"version-history":[{"count":5,"href":"https:\/\/www.ficindaial.com.br\/fundacao\/wp-json\/wp\/v2\/pages\/6446\/revisions"}],"predecessor-version":[{"id":6454,"href":"https:\/\/www.ficindaial.com.br\/fundacao\/wp-json\/wp\/v2\/pages\/6446\/revisions\/6454"}],"wp:attachment":[{"href":"https:\/\/www.ficindaial.com.br\/fundacao\/wp-json\/wp\/v2\/media?parent=6446"}],"curies":[{"name":"wp","href":"https:\/\/api.w.org\/{rel}","templated":true}]}}