{"id":6172,"date":"2021-06-14T13:18:10","date_gmt":"2021-06-14T16:18:10","guid":{"rendered":"https:\/\/www.ficindaial.com.br\/fundacao\/?page_id=6172"},"modified":"2026-03-18T15:31:14","modified_gmt":"2026-03-18T18:31:14","slug":"agenda-culturalfic","status":"publish","type":"page","link":"https:\/\/www.ficindaial.com.br\/fundacao\/agenda-culturalfic\/","title":{"rendered":"Agenda Cultural"},"content":{"rendered":"\n<hr class=\"wp-block-separator has-css-opacity\"\/>\n\n\n\n<p>A Funda\u00e7\u00e3o Indaialense de Cultura, anualmente prepara um calend\u00e1rio cultural especial repleto de atividades, abrangendo as \u00e1reas de Artes Visuais, Artesanato, M\u00fasica, Dan\u00e7a, Literatura,  Teatro e entre outras atividades presentes no munic\u00edpio. <br>Conferir as pr\u00f3ximas atividades, e venha prestigiar!<\/p>\n\n\n\n<hr class=\"wp-block-separator has-alpha-channel-opacity\"\/>\n\n\n\n<h2 class=\"wp-block-heading\"><strong>2026<\/strong><\/h2>\n\n\n\n<p><a href=\"https:\/\/www.ficindaial.com.br\/fundacao\/feira-de-rua-flor-e-ser-2026\/\">2026 &#8211; FEIRA DE RUA FLOR E SER<\/a><\/p>\n\n\n\n<p><a href=\"https:\/\/www.ficindaial.com.br\/fundacao\/%f0%9f%95%8a%ef%b8%8f-programacao-de-pascoa-2026\/\">2026 &#8211;  MAR\u00c7O &#8211; P\u00c1SCOA EM INDAIAL<\/a><\/p>\n\n\n\n<p><a href=\"https:\/\/www.ficindaial.com.br\/fundacao\/%f0%9f%8e%89-51a-fimi-celebra-os-92-anos-de-indaial-com-programacao-especial\/\">2026 &#8211; MAR\u00c7O &#8211; 51\u00aa FIMI<\/a><\/p>\n\n\n\n<hr class=\"wp-block-separator has-alpha-channel-opacity\"\/>\n\n\n\n<h1 class=\"wp-block-heading\"><strong>2025<\/strong><\/h1>\n\n\n\n<p><a href=\"https:\/\/www.ficindaial.com.br\/fundacao\/exposicoes-2025\/\">2025 &#8211; EXPOSI\u00c7\u00d5ES<\/a><\/p>\n\n\n\n<p><a href=\"https:\/\/www.ficindaial.com.br\/fundacao\/feira-de-rua-flor-e-ser-2025\/\">2025 &#8211; FEIRA DE RUA FLOR E SER<\/a><\/p>\n\n\n\n<p>2025 &#8211; MAR\u00c7O &#8211; Desfile FIMI<\/p>\n\n\n\n<p><a href=\"https:\/\/www.ficindaial.com.br\/fundacao\/pascoa-em-indaial\/\">2025 &#8211; ABRIL &#8211; P\u00c1SCOA EM INDAIAL<\/a><\/p>\n\n\n\n<p><a href=\"https:\/\/www.ficindaial.com.br\/fundacao\/lancamento-do-livro-indicador-de-artes-visuais-indaial-do-passado-ao-presente-valoriza-a-memoria-artistica-da-cidade\/\">2025 &#8211; ABRIL &#8211; Lan\u00e7amento de Livro &#8211; Indicador de Artes Visuais: Indaial do Passado ao Presente<\/a> &#8211; Arian Grasmuk, Lilian Ebert Haase e Marli Alves Bomtempo Peixe.&nbsp;<\/p>\n\n\n\n<p><a href=\"https:\/\/www.ficindaial.com.br\/fundacao\/audicoes-the-bulls-company\/\">2025 &#8211; MAIO &#8211; Seletiva The Bulls Company<\/a><\/p>\n\n\n\n<p><a href=\"https:\/\/www.ficindaial.com.br\/fundacao\/23a-semana-nacional-de-museus\/\">2025 &#8211; MAIO &#8211; 23\u00aa SEMANA NACIONAL DOS MUSEUS<\/a><\/p>\n\n\n\n<p><a href=\"https:\/\/www.ficindaial.com.br\/fundacao\/%f0%9f%93%9a-lancamento-do-livro-cal-da-terra-de-marcia-friggi\/\">2025 &#8211; MAIO &#8211; Lan\u00e7amento de Livro &#8211; Cal da Terra  &#8211; M\u00e1rcia Friggi<\/a><\/p>\n\n\n\n<p><a href=\"https:\/\/www.ficindaial.com.br\/fundacao\/%f0%9f%8e%bb%e2%9c%a8concerto-de-aniversario-orquestra-experimental-sensibilizarte\/\">2025 &#8211; MAIO | Concerto de Anivers\u00e1rio &#8211; Orquestra Experimental SensibilizArte<\/a><\/p>\n\n\n\n<p><a href=\"https:\/\/www.ficindaial.com.br\/fundacao\/%f0%9f%8e%adcomedia-teatral-da-familia-santos\/\">2025 &#8211; MAIO | Com\u00e9dia Teatral da Fam\u00edlia Santos!<\/a><\/p>\n\n\n\n<p>2025 &#8211; JUNHO | Oficina Cores da Terra &#8211; Programa\u00e7\u00e3o Junho Verde &#8211; Marcos Alexandre de Liz<\/p>\n\n\n\n<p><a href=\"https:\/\/www.ficindaial.com.br\/fundacao\/06-06-%f0%9f%8e%aaespetaculo-le-cirque-de-pulgue%f0%9f%8e%aa\/\">2025 &#8211; JUNHO | Le Cirque de Pulgu\u00e9<\/a><\/p>\n\n\n\n<p><a href=\"https:\/\/www.ficindaial.com.br\/fundacao\/05-07-sarau-inverno-cultural-%e2%9d%84%ef%b8%8f%f0%9f%8e%b6\/\">2025 &#8211; JULHO | Sarau Cultural de Inverno<\/a><\/p>\n\n\n\n<p><a href=\"https:\/\/www.ficindaial.com.br\/fundacao\/%f0%9f%8e%bb-06-07-concerto-de-inverno-2025\/\">2025 &#8211; JULHO | Concerto de Inverno<\/a><\/p>\n\n\n\n<p><a href=\"https:\/\/www.ficindaial.com.br\/fundacao\/08-07-%f0%9f%8e%ad-espetaculo-historias-do-merini-grupo-trapos-e-farrapos\/\">2025 &#8211; JULHO | Espet\u00e1culo&nbsp;\u201cHist\u00f3rias do Merini\u201d<\/a><\/p>\n\n\n\n<p><a href=\"https:\/\/www.ficindaial.com.br\/fundacao\/%e2%9c%a8-mostra-de-danca-fic-movimento-e-expressao-%e2%9c%a8\/\">2025 &#8211; JULHO | Mostra de Dan\u00e7a &#8211; Cursos FIC e SensibilizArte<\/a><\/p>\n\n\n\n<p><a href=\"https:\/\/www.ficindaial.com.br\/fundacao\/%f0%9f%8d%bb%e2%9c%a8-conversa-de-botequim-%e2%9c%a8%f0%9f%8d%bb\/\">2025 &#8211; JULHO | Espet\u00e1culo Conversa de Botequim<\/a><\/p>\n\n\n\n<p><a href=\"https:\/\/www.ficindaial.com.br\/fundacao\/%f0%9f%8e%ad-mais-um-espetaculo-da-comedia-teatral-da-familia-santos\/\">2025 &#8211; AGOSTO | Mais um espet\u00e1culo da Com\u00e9dia Teatral da Fam\u00edlia Santos!<\/a><\/p>\n\n\n\n<p><a href=\"https:\/\/www.ficindaial.com.br\/fundacao\/%f0%9f%8e%ac-indaial-na-semana-vale-europeu-de-audiovisual\/\">2025 &#8211; AGOSTO | Semana Vale Europeu de Audiovisual<\/a><\/p>\n\n\n\n<p><a href=\"https:\/\/www.ficindaial.com.br\/fundacao\/%f0%9f%8c%b8-primavera-das-artes-indaial-em-movimento\/\"><strong>2025 | SETEMBRO | PRIMAVERA DAS ARTES<\/strong><\/a><\/p>\n\n\n\n<ul class=\"wp-block-list\">\n<li><a href=\"https:\/\/www.ficindaial.com.br\/fundacao\/%f0%9f%8c%b8-concerto-da-primavera\/\">Concerto da Primavera<\/a><\/li>\n\n\n\n<li><a href=\"https:\/\/www.ficindaial.com.br\/fundacao\/wp-content\/uploads\/2025\/08\/13o-Festival-de-Teatro-de-Indaial.pdf\">13\u00aa Festival de Teatro de Indaial<\/a><\/li>\n\n\n\n<li><a href=\"https:\/\/www.ficindaial.com.br\/fundacao\/wp-content\/uploads\/2025\/08\/10o-Festival-Estudantil-de-Esquetes-Teatrais.pdf\">10\u00ba Festival de Estudantil de Esquetes Teatrais<\/a><\/li>\n\n\n\n<li><a href=\"https:\/\/www.ficindaial.com.br\/fundacao\/1a-mostra-de-danca-de-indaial\/\">1\u00aa Mostra de Dan\u00e7a de Indaial<\/a><\/li>\n\n\n\n<li><a href=\"https:\/\/www.ficindaial.com.br\/fundacao\/13o-encontro-regional-de-corais-de-indaial-2025\/\">13\u00ba Encontro Regional de Corais<\/a><\/li>\n\n\n\n<li><strong>19\u00ba Primavera dos Museus<\/strong><\/li>\n\n\n\n<li><strong>Espet\u00e1culo:<\/strong>&nbsp;<em>Conversa de Botequim<\/em> (Coral da FIC e Curso de Teatro)<\/li>\n\n\n\n<li><strong>Festival Liter\u00e1rio<\/strong> (Secretaria de Educa\u00e7\u00e3o)<\/li>\n\n\n\n<li><a href=\"https:\/\/turismo.indaial.sc.gov.br\/eventos\/3o-encontro-internacional-de-literatura-infantil-indaial-com-laurent-cardon-e-dr-cleber-fabiano\/\">Encontro Internacional de Literatura Infantil<\/a>  (Secretaria de Educa\u00e7\u00e3o)<\/li>\n\n\n\n<li><strong>Festival Estudantil da Can\u00e7\u00e3o \u2013 Concurso<\/strong> (Secretaria de Educa\u00e7\u00e3o)<\/li>\n\n\n\n<li><strong>Festival de Bandas e Fanfarras<\/strong> &#8211; (Secretaria de Educa\u00e7\u00e3o)<\/li>\n\n\n\n<li><a href=\"https:\/\/turismo.indaial.sc.gov.br\/eventos\/encontro-de-gaiteiros\/\">Show de Gaitas<\/a> (Associa\u00e7\u00e3o Privada)<\/li>\n<\/ul>\n\n\n\n<p><a href=\"https:\/\/www.ficindaial.com.br\/fundacao\/projeto-teatral-familia-santos-vai-a-oktoberfest\/\">2025 &#8211; OUTUBRO | Projeto Teatral &#8211; Fam\u00edlia Santos vai \u00e0 Oktoberfest<\/a><\/p>\n\n\n\n<p><a href=\"https:\/\/www.ficindaial.com.br\/fundacao\/6a-conferencia-municipal-de-cultura\/\">2025 &#8211; OUTUBRO | 6\u00aa Confer\u00eancia Municipal de Cultura<\/a><\/p>\n\n\n\n<p><a href=\"https:\/\/www.ficindaial.com.br\/fundacao\/%f0%9f%8e%a8%f0%9f%8e%b6-a-mostra-didatica-2025-esta-no-ar\/\">2025 &#8211; OUTUBRO \/ NOVEMBRO &#8211; Mostra Did\u00e1tica<\/a><\/p>\n\n\n\n<p><a href=\"https:\/\/www.ficindaial.com.br\/fundacao\/o-natal-esta-chegando-em-indaial-e-a-magia-ja-toma-conta-da-cidade\/\">2025 &#8211; NOVEMBRO\/DEZEMBRO &#8211; NATAL EM INDAIAL<\/a><\/p>\n\n\n\n<hr class=\"wp-block-separator has-css-opacity\"\/>\n\n\n\n<p class=\"has-large-font-size\"><strong>2024<\/strong><\/p>\n\n\n\n<hr class=\"wp-block-separator has-alpha-channel-opacity\"\/>\n\n\n\n<p><a href=\"https:\/\/www.ficindaial.com.br\/fundacao\/2024-exposicoes\/\">2024 &#8211; EXPOSI\u00c7\u00d5ES<\/a><\/p>\n\n\n\n<p><a href=\"https:\/\/www.ficindaial.com.br\/fundacao\/feira-de-rua-florser-2024\/\">2024 &#8211; FEIRA DE RUA FLOR &amp; SER<\/a><\/p>\n\n\n\n<p><a href=\"https:\/\/indaial.atende.net\/cidadao\/noticia\/oficina-na-fic-ira-orientar-artistas-sobre-a-elaboracao-de-projetos-culturais\/\">2024 &#8211; FEVEREIRO | Capacita\u00e7\u00e3o Elabora\u00e7\u00e3o de Projetos e Presta\u00e7\u00e3o de Contas LPG<\/a><\/p>\n\n\n\n<p><a href=\"https:\/\/indaial.atende.net\/cidadao\/noticia\/fic-recebe-oficina-gratuita-sobre-tradicoes-e-folclore-polones-neste-sabado-24\/\">2024 &#8211; FEVEREIRO | Projeto La Polonaise &#8211; Oficina: Tradi\u00e7\u00f5es e Folclore de Lowicz (Projeto Edital LPG)<\/a><\/p>\n\n\n\n<p><a href=\"https:\/\/indaial.atende.net\/cidadao\/noticia\/arquivo-historico-celebra-30-anos-com-evento-na-fic-nesta-quarta-20\/\">2024 &#8211; MAR\u00c7O | 30 Anos Arquivo Hist\u00f3rico<\/a><\/p>\n\n\n\n<p><a href=\"https:\/\/www.ficindaial.com.br\/fundacao\/concerto-da-paixao-de-cristo-2024\/\">2024 &#8211; MAR\u00c7O | Concerto da Paix\u00e3o<\/a><\/p>\n\n\n\n<p>2024 &#8211; MAR\u00c7O | Auto de P\u00e1scoa &#8211; Messias (Projeto Edital LPG)<\/p>\n\n\n\n<p><a href=\"https:\/\/indaial.atende.net\/cidadao\/noticia\/evento-seja-heroi-da-sua-cidade-reforca-importancia-da-destinacao-do-ir-a-projetos-sociais-desportivos-e-culturais\/\">2024 &#8211; ABRIL | Evento &#8220;Seja her\u00f3i da sua cidade&#8221;<\/a><\/p>\n\n\n\n<p><a href=\"https:\/\/indaial.atende.net\/cidadao\/noticia\/museu-municipal-inicia-programacao-da-22-semana-nacional-de-museus\/\">2024 &#8211; MAIO | 22\u00aa Semana Nacional de Museus<\/a><\/p>\n\n\n\n<p><a href=\"https:\/\/www.ficindaial.com.br\/fundacao\/pnab-oitivas-escuta-publica\/\">2024 &#8211; MAIO | Oitivas PNAB<\/a><\/p>\n\n\n\n<p>2024 &#8211; MAIO |Projeto Cultural La Polonaise &#8211; apresenta a Oficina: DAN\u00c7A POLONESA &#8211; KUJAWIAK (Projeto Edital Paulo Gustavo)<\/p>\n\n\n\n<p><a href=\"https:\/\/indaial.atende.net\/cidadao\/noticia\/seletiva-do-grupo-de-danca-the-bulls-company-oficial-e-the-bulls-company-acesso\/\">2024 &#8211; MAIO | Seletiva Grupo The Bulls Company &#8211; FIC<\/a><\/p>\n\n\n\n<p><a href=\"https:\/\/turismo.indaial.sc.gov.br\/eventos\/peca-teatral-improvisos\/\">2024 &#8211; MAIO | Teatro FIC &#8220;Improrisos&#8221;<\/a><\/p>\n\n\n\n<p><a href=\"https:\/\/indaial.atende.net\/cidadao\/noticia\/fic-sedia-espetaculo-teatral-apareceu-a-margarida-no-domingo-26\/\">2024 &#8211; MAIO | Espet\u00e1culo Teatral &#8220;Apareceu a Margarida&#8221; &#8211; &nbsp;Grupo Elementos em Cena.&nbsp;<\/a><\/p>\n\n\n\n<p>2024 &#8211; JUNHO | CHLOPI &#8211; Oficina de tradi\u00e7\u00f5es do Casamento &#8211; Polon\u00eas | 09\/06 &#8211; 17h00 \u00e0s 19h30 | (Edital Paulo Gustavo)<\/p>\n\n\n\n<p><a href=\"https:\/\/www.ficindaial.com.br\/fundacao\/14o-concerto-de-inverno\/\">2024 &#8211; JUNHO | 14\u00ba Concerto de Inverno <\/a><\/p>\n\n\n\n<p><a href=\"https:\/\/indaial.atende.net\/cidadao\/noticia\/fic-sediou-evento-de-lancamento-de-produtos-artesanais-e-criativos-com-a-identidade-cultural-de-indaial\">2024 &#8211; JUNHO | Lan\u00e7amento Institucional Artesanato Ouro<\/a><\/p>\n\n\n\n<p><a href=\"https:\/\/www.ficindaial.com.br\/fundacao\/desfile-caipira-2024\/\">2024 &#8211; JULHO | Desfile Caipira &#8211; Apoio FIC<\/a><\/p>\n\n\n\n<p><a href=\"https:\/\/www.ficindaial.com.br\/fundacao\/sarau-cultural\/\">2024 &#8211; JULHO | Sarau Cultural <\/a><\/p>\n\n\n\n<p><a href=\"https:\/\/www.ficindaial.com.br\/fundacao\/sarau-cultural\/\">2024 &#8211; JULHO | Nostalgia do Rock -Coral da FIC e Grupo de Teatro Trapos e Farrapos <\/a><\/p>\n\n\n\n<p><a href=\"https:\/\/www.ficindaial.com.br\/fundacao\/9o-festival-estudantil-de-esquetes-teatrais\/\">2024 |AGOSTO | 9\u00ba Festival Estudantil de Esquetes Teatrais (FEET)<\/a> <\/p>\n\n\n\n<p><a href=\"https:\/\/www.ficindaial.com.br\/fundacao\/wp-content\/uploads\/2024\/06\/12o-Festival-de-Teatro-de-Indaial.pdf\">2024 | AGOSTO | 12\u00ba Festival de Teatro de Indaial <\/a><\/p>\n\n\n\n<p><a href=\"https:\/\/www.ficindaial.com.br\/fundacao\/12o-encontro-regional-de-corais-2024\/\">2024 &#8211; SETEMBRO | 12\u00ba Encontro Regional de Corais de Indaial <\/a><\/p>\n\n\n\n<p>2024 &#8211; SETEMBRO | Concerto da Primavera<\/p>\n\n\n\n<p><a href=\"https:\/\/www.ficindaial.com.br\/fundacao\/recitais-e-mostras-2024\/\">2024 &#8211; OUTUBRO e NOVEMBRO | Audi\u00e7\u00f5es e Mostras de Alunos<\/a><\/p>\n\n\n\n<p><a href=\"https:\/\/www.ficindaial.com.br\/fundacao\/wp-content\/uploads\/2024\/11\/2024-PROGRAMACAO-NATAL-.pdf\">2024 &#8211; NATAL EM INDAIAL<\/a><\/p>\n\n\n\n<hr class=\"wp-block-separator has-alpha-channel-opacity\"\/>\n\n\n\n<h2 class=\"wp-block-heading\">2023<\/h2>\n\n\n\n<p><a href=\"https:\/\/www.ficindaial.com.br\/fundacao\/2023-exposicoes\">2023 | EXPOSI\u00c7\u00d5ES<\/a><\/p>\n\n\n\n<p><a href=\"https:\/\/www.ficindaial.com.br\/fundacao\/feira-de-rua-florser\/\">2023 | FEIRA DE RUA FLOR&amp;SER<\/a><\/p>\n\n\n\n<p><a href=\"https:\/\/www.ficindaial.com.br\/fundacao\/encanta-pacientes\/\">2023 | ENCANTA PACIENTES<\/a><\/p>\n\n\n\n<p><a href=\"https:\/\/www.ficindaial.com.br\/fundacao\/concerto-da-paixao-de-cristo\/\">2023 | MAR\u00c7O | Concerto da Paix\u00e3o de Cristo<\/a><\/p>\n\n\n\n<p><a href=\"https:\/\/www.ficindaial.com.br\/fundacao\/jesus-o-povo-e-o-amor\/\">2023 | ABRIL | Jesus, o povo e o amor<\/a><\/p>\n\n\n\n<p><a href=\"https:\/\/www.ficindaial.com.br\/fundacao\/lei-paulo-gustavo\/\">2023 | MAIO| Oitivas &#8211; Consulta P\u00fablica &#8211; Lei Paulo Gustavo<\/a><\/p>\n\n\n\n<p><a href=\"https:\/\/indaial.atende.net\/cidadao\/noticia\/1-ano-da-orquestra-experimental-da-fic-sera-comemorado-com-apresentacao-especial\">2023 | MAIO | Concerto de Anivers\u00e1rio &#8211; Orquestra Experimental Sensibilizarte<\/a><\/p>\n\n\n\n<p><a href=\"https:\/\/www.ficindaial.com.br\/fundacao\/pedro-e-o-lobo\/\">2023 |JUNHO | Pedro e o Lobo<\/a><\/p>\n\n\n\n<p><a href=\"https:\/\/www.ficindaial.com.br\/fundacao\/sarau-cultural-meio-ambiente\">2023 | JUNHO | Sarau Cultural<\/a><\/p>\n\n\n\n<p><a href=\"https:\/\/www.ficindaial.com.br\/fundacao\/recitais-de-inverno\/\">2023 | JULHO | Recitais de Inverno (Cursos FIC e Programa SensibilizArte)<\/a><\/p>\n\n\n\n<p><a href=\"https:\/\/www.ficindaial.com.br\/fundacao\/desfile-caipira-2023\">2023 | JULHO | Desfile Caipira 2023<\/a><\/p>\n\n\n\n<p><a href=\"https:\/\/www.ficindaial.com.br\/fundacao\/recital-de-canto-studio-paula-tessarolo\/\">2023 | JULHO | Recital de Canto Studio Paula Tessarolo<\/a><\/p>\n\n\n\n<p><a href=\"https:\/\/m.facebook.com\/PrefeituraDeIndaial\/posts\/5050234001688297\/\">2023 | AGOSTO | Escuta P\u00fablica para Plano Museol\u00f3gico <\/a><\/p>\n\n\n\n<p><a href=\"https:\/\/www.ficindaial.com.br\/fundacao\/5o-conferencia-municipal-de-cultura\/\">2023 | AGOSTO | 5\u00aa Confer\u00eancia Municipal de Cultura<\/a><\/p>\n\n\n\n<p><a href=\"https:\/\/www.ficindaial.com.br\/fundacao\/13o-concerto-de-inverno\/\">2023 | AGOSTO | 13\u00ba Concerto de Inverno<\/a><\/p>\n\n\n\n<p><a href=\"https:\/\/www.ficindaial.com.br\/fundacao\/8o-festival-estudantil-de-esquetes-teatrais\/\">2023 |AGOSTO | 8\u00ba Festival Estudantil de Esquetes Teatrais (FEET)<\/a><br><a href=\"https:\/\/www.ficindaial.com.br\/fundacao\/wp-content\/uploads\/2023\/08\/11%C2%BA-Festival-de-Teatro-2.pdf\">2023 | AGOSTO | 11\u00ba Festival de Teatro de Indaial<\/a><\/p>\n\n\n\n<p><a href=\"https:\/\/www.ficindaial.com.br\/fundacao\/concerto-velho-mundo-coral-da-fic-e-coral-sensibilizarte\/\">2023| SETEMBRO|PRIMAVERA MUSICAL | Concerto da Primavera &#8211; Tema: Velho Mundo (Coral da FIC e Coral SensibilizArte)<\/a><\/p>\n\n\n\n<p>2023| SETEMBRO|PRIMAVERA MUSICAL | Concerto da Primavera &#8211; Tema: Am\u00e9ricas (Orquestra de C\u00e2mara de Indaial, Orquestra SensibilizArte e Grupo de Sopros da FIC)<\/p>\n\n\n\n<p><a href=\"https:\/\/www.ficindaial.com.br\/fundacao\/wp-content\/uploads\/2023\/09\/O-tema-Mem%C3%B3rias-e-Democracia-ind%C3%ADgenas-1.pdf\">2023 | SETEMBRO | 17\u00aa Primavera dos Museus<\/a><\/p>\n\n\n\n<p><a href=\"https:\/\/www.ficindaial.com.br\/fundacao\/12o-encontro-regional-de-corais\/\">2023 | OUTUBRO | PRIMAVERA MUSICAL | 12\u00ba Encontro Regional de Corais de Indaial &#8211; EVENTO CANCELADO<\/a><\/p>\n\n\n\n<p><a href=\"https:\/\/www.ficindaial.com.br\/fundacao\/receitas-e-mostras-fic-2023\/\">2023 | OUTUBRO E NOVEMBRO | Mostras e Recitais Alunos FIC e Projeto SensibilizArte<\/a><\/p>\n\n\n\n<hr class=\"wp-block-separator has-css-opacity\"\/>\n\n\n\n<h2 class=\"wp-block-heading\">2022<\/h2>\n\n\n\n<p><a href=\"https:\/\/www.ficindaial.com.br\/fundacao\/feira-de-rua-florser\/\">2022 &#8211; Feira de Rua Flor&amp;Ser<\/a><\/p>\n\n\n\n<p><a href=\"https:\/\/www.ficindaial.com.br\/fundacao\/exposicoes-fic-2022\/\">2022 &#8211; Exposi\u00e7\u00f5es<\/a><\/p>\n\n\n\n<p><a href=\"https:\/\/indaial.atende.net\/cidadao\/noticia\/fic-sedia-evento-com-exibicao-de-videoarte-mentira-ainda-nao-acabou-e-roda-de-conversa\">2022 | MAR\u00c7O |Exibi\u00e7\u00e3o gratuita da obra de videoarte &#8220;Mentira, Ainda N\u00e3o Acabou&#8221; <\/a><\/p>\n\n\n\n<p>2022 | ABRIL | Lan\u00e7amento Livro: Indayal, uma vila em Blumenau &#8211; 1860 -1934 (Werner Neuert \/ Marco Ant\u00f4nio Struve)<\/p>\n\n\n\n<p><a href=\"https:\/\/www.ficindaial.com.br\/fundacao\/concerto-da-paixao-2022\/\">2022 | ABRIL | Concerto da Paix\u00e3o de Cristo<\/a><\/p>\n\n\n\n<p><a href=\"https:\/\/indaial.atende.net\/cidadao\/noticia\/alunos-de-teatro-da-fic-apresentam-espetaculo-a-procura-de-emilia-na-ebm-anna-alves-dias\/\">2022 | ABRIL (05)| Alunos de Teatro do Programa Sensibilizarte apresentam a pe\u00e7a &#8220;\u00c0 procura de Em\u00edlia&#8221; na EBM Anna Alves Dias<\/a><\/p>\n\n\n\n<p><a href=\"https:\/\/www.ficindaial.com.br\/fundacao\/fic-disponibiliza-masterclass-violino-e-viola-de-arco-com-karoline-menezes\/\">2022 | ABRIL (30)| Masterclass  Violino e Viola de Arco <\/a><\/p>\n\n\n\n<p><a href=\"https:\/\/www.ficindaial.com.br\/fundacao\/evento-dia-de-teatro-reune-espetaculos-neste-sabado-21-na-fic\/\">2022 |MAIO (21)| Dia de Teatro na FIC<\/a><\/p>\n\n\n\n<p><a href=\"https:\/\/www.ficindaial.com.br\/fundacao\/novas-estreias-no-palco-da-fic\/\">2022 | Maio (22) Lan\u00e7amento Orquestra Experimental Sensibilizarte e Grupo de Sopros da FIC<\/a><\/p>\n\n\n\n<p><a href=\"https:\/\/www.ficindaial.com.br\/fundacao\/inverno-cultural-2022\/\">2002 | Junho 24 a 10 de Julho | Inverno Cultural<\/a><\/p>\n\n\n\n<p><a href=\"https:\/\/indaial.atende.net\/cidadao\/noticia\/fic-sedia-recital-do-quarteto-dos-arcos-no-dia-20-de-agosto\">2022 | 20 de Agosto | Recital Quarteto dos Arcos<\/a><\/p>\n\n\n\n<p><a href=\"https:\/\/www.ficindaial.com.br\/fundacao\/wp-content\/uploads\/2022\/08\/10-Festival-de-Teatro-3.pdf\">2022 | Agosto 23 a 28 &#8211; 10\u00ba Festival de Teatro de Indaial<\/a><\/p>\n\n\n\n<p><a href=\"https:\/\/www.ficindaial.com.br\/fundacao\/concerto-da-primavera-compositores-brasileiros\/\">2022 | 25 de Setembro | Concerto da Primavera<\/a><\/p>\n\n\n\n<p><a href=\"https:\/\/www.ficindaial.com.br\/fundacao\/11o-encontro-regional-de-corais-de-indaial\/\">2022 | 01 de Outubro | 11\u00ba Encontro Regional de Corais de Indaial<\/a><\/p>\n\n\n\n<p><a href=\"https:\/\/www.ficindaial.com.br\/fundacao\/wp-content\/uploads\/2022\/10\/S%C3%A1bado-Cultural.pdf\">2022 | 08 de Outubro |S\u00e1bado Cultural <\/a><\/p>\n\n\n\n<p><a href=\"https:\/\/indaial.atende.net\/cidadao\/noticia\/fic-promove-homenagem-a-escritora-edltraud-zimmermann-fonseca-e-sedia-lancamento-do-livro-outros-olhares-sobre-indaial\/\">2022 | 27 de Outubro |Homenagem \u00e0 escritora Edltraud Zimmermann Fonseca e sedia lan\u00e7amento do livro &#8220;Outros Olhares sobre Indaial&#8221;  <br>Lan\u00e7amento de Livro \u201cOutros Olhares sobre Indaial\u201d de Luiz Cl\u00e1udio Altenburg.<\/a><\/p>\n\n\n\n<p><a href=\"https:\/\/www.ficindaial.com.br\/fundacao\/wp-content\/uploads\/2022\/11\/Mostras-e-Recitais.pdf\">2022 | Outubro e Novembro | Primavera das Artes<\/a><\/p>\n\n\n\n<p><a href=\"https:\/\/www.ficindaial.com.br\/fundacao\/wp-content\/uploads\/2022\/11\/PROGRAMA%C3%87%C3%83O-NATAL-2022-2.pdf\">2022 | Dezembro | Natal em Indaial<\/a><\/p>\n\n\n\n<p><\/p>\n\n\n\n<hr class=\"wp-block-separator has-css-opacity\"\/>\n\n\n\n<h2 class=\"wp-block-heading\">2021<\/h2>\n\n\n\n<p><a href=\"https:\/\/www.ficindaial.com.br\/fundacao\/exposicoes-fic\/\"> 2021 &#8211; Exposi\u00e7\u00f5es Sal\u00e3o de Exposi\u00e7\u00e3o FIC <\/a><\/p>\n\n\n\n<p><a href=\"https:\/\/www.ficindaial.com.br\/fundacao\/exposicao-espaco-fic-casa-do-professor-espaco-educa\/\">2021 &#8211; Exposi\u00e7\u00e3o Espa\u00e7o FIC &#8211; Casa do Professor <\/a><\/p>\n\n\n\n<p><a href=\"https:\/\/www.ficindaial.com.br\/fundacao\/agenda-cultural-aldirblanc\/\">2021 &#8211; Projetos contemplados com a Lei de Emerg\u00eancia Cultural Aldir Blanc<\/a><\/p>\n\n\n\n<p><a href=\"https:\/\/www.ficindaial.com.br\/fundacao\/11o-concerto-de-inverno\/\">2021 &#8211; 11\u00ba Concerto de Inverno \u2013 Funda\u00e7\u00e3o Indaialense de Cultura <\/a><\/p>\n\n\n\n<p><a href=\"https:\/\/www.ficindaial.com.br\/fundacao\/1o-encontro-virtual-de-corais\/\">2021 &#8211; 1\u00ba Encontro Virtual de Corais de Indaial<\/a><\/p>\n\n\n\n<p><a href=\"https:\/\/www.ficindaial.com.br\/fundacao\/pre-conferencias\/\">2021 &#8211; 4\u00aa Confer\u00eancia Municipal de Cultura<\/a><\/p>\n\n\n\n<p><a href=\"https:\/\/www.ficindaial.com.br\/fundacao\/temporada-musical-estilos\/\">2021 &#8211; Temporada Musical Estilos<\/a><\/p>\n\n\n\n<p><a href=\"https:\/\/www.ficindaial.com.br\/fundacao\/natal-em-indaial-2021\/\">2021 &#8211; Natal em Indaial<\/a><\/p>\n\n\n\n<hr class=\"wp-block-separator has-css-opacity\"\/>\n","protected":false},"excerpt":{"rendered":"<p>A Funda\u00e7\u00e3o Indaialense de Cultura, anualmente prepara um calend\u00e1rio cultural especial repleto de atividades, abrangendo as \u00e1reas de Artes Visuais, Artesanato, M\u00fasica, Dan\u00e7a, Literatura, Teatro e entre outras atividades presentes no munic\u00edpio. Conferir as pr\u00f3ximas atividades, e venha prestigiar! 2026<\/p>\n","protected":false},"author":2,"featured_media":737,"parent":0,"menu_order":0,"comment_status":"closed","ping_status":"closed","template":"","meta":{"saved_in_kubio":true,"ngg_post_thumbnail":0,"footnotes":""},"class_list":["post-6172","page","type-page","status-publish","has-post-thumbnail","hentry"],"kubio_ai_page_context":{"short_desc":"","purpose":"general"},"_links":{"self":[{"href":"https:\/\/www.ficindaial.com.br\/fundacao\/wp-json\/wp\/v2\/pages\/6172","targetHints":{"allow":["GET"]}}],"collection":[{"href":"https:\/\/www.ficindaial.com.br\/fundacao\/wp-json\/wp\/v2\/pages"}],"about":[{"href":"https:\/\/www.ficindaial.com.br\/fundacao\/wp-json\/wp\/v2\/types\/page"}],"author":[{"embeddable":true,"href":"https:\/\/www.ficindaial.com.br\/fundacao\/wp-json\/wp\/v2\/users\/2"}],"replies":[{"embeddable":true,"href":"https:\/\/www.ficindaial.com.br\/fundacao\/wp-json\/wp\/v2\/comments?post=6172"}],"version-history":[{"count":100,"href":"https:\/\/www.ficindaial.com.br\/fundacao\/wp-json\/wp\/v2\/pages\/6172\/revisions"}],"predecessor-version":[{"id":13384,"href":"https:\/\/www.ficindaial.com.br\/fundacao\/wp-json\/wp\/v2\/pages\/6172\/revisions\/13384"}],"wp:featuredmedia":[{"embeddable":true,"href":"https:\/\/www.ficindaial.com.br\/fundacao\/wp-json\/wp\/v2\/media\/737"}],"wp:attachment":[{"href":"https:\/\/www.ficindaial.com.br\/fundacao\/wp-json\/wp\/v2\/media?parent=6172"}],"curies":[{"name":"wp","href":"https:\/\/api.w.org\/{rel}","templated":true}]}}