{"id":6163,"date":"2021-06-14T11:40:46","date_gmt":"2021-06-14T14:40:46","guid":{"rendered":"https:\/\/www.ficindaial.com.br\/fundacao\/?page_id=6163"},"modified":"2022-04-26T09:29:16","modified_gmt":"2022-04-26T12:29:16","slug":"exposicoes-fic","status":"publish","type":"page","link":"https:\/\/www.ficindaial.com.br\/fundacao\/exposicoes-fic\/","title":{"rendered":"EXPOSI\u00c7\u00d5ES &#8211; FIC 2021"},"content":{"rendered":"\n<hr class=\"wp-block-separator\"\/>\n\n\n\n<div class=\"wp-block-cover has-background-dim-60 has-background-dim is-layout-flow wp-block-cover-is-layout-flow\" style=\"background-image:url(https:\/\/www.ficindaial.com.br\/fundacao\/wp-content\/uploads\/2020\/01\/5.png)\"><p class=\"wp-block-cover-text\">CALEND\u00c1RIO DE EXPOSI\u00c7\u00d5ES  SAL\u00c3O DE EXPOSI\u00c7AO FIC<\/p><\/div>\n\n\n\n<h4 class=\"wp-block-heading\">SAL\u00c3O DE EXPOSI\u00c7\u00c3O FIC<\/h4>\n\n\n\n<hr class=\"wp-block-separator\"\/>\n\n\n\n<div class=\"wp-block-columns has-2-columns is-layout-flex wp-container-core-columns-is-layout-28f84493 wp-block-columns-is-layout-flex\">\n<div class=\"wp-block-column is-layout-flow wp-block-column-is-layout-flow\">\n<figure class=\"wp-block-image\"><img loading=\"lazy\" decoding=\"async\" width=\"1024\" height=\"1024\" src=\"https:\/\/www.ficindaial.com.br\/fundacao\/wp-content\/uploads\/2021\/03\/Florescencia-2-1024x1024.jpeg\" alt=\"\" class=\"wp-image-5933\" srcset=\"https:\/\/www.ficindaial.com.br\/fundacao\/wp-content\/uploads\/2021\/03\/Florescencia-2-1024x1024.jpeg 1024w, https:\/\/www.ficindaial.com.br\/fundacao\/wp-content\/uploads\/2021\/03\/Florescencia-2-150x150.jpeg 150w, https:\/\/www.ficindaial.com.br\/fundacao\/wp-content\/uploads\/2021\/03\/Florescencia-2-300x300.jpeg 300w, https:\/\/www.ficindaial.com.br\/fundacao\/wp-content\/uploads\/2021\/03\/Florescencia-2-768x768.jpeg 768w, https:\/\/www.ficindaial.com.br\/fundacao\/wp-content\/uploads\/2021\/03\/Florescencia-2-270x270.jpeg 270w, https:\/\/www.ficindaial.com.br\/fundacao\/wp-content\/uploads\/2021\/03\/Florescencia-2-230x230.jpeg 230w, https:\/\/www.ficindaial.com.br\/fundacao\/wp-content\/uploads\/2021\/03\/Florescencia-2.jpeg 1080w\" sizes=\"(max-width: 1024px) 100vw, 1024px\" \/><\/figure>\n<\/div>\n\n\n\n<div class=\"wp-block-column is-layout-flow wp-block-column-is-layout-flow\">\n<p><strong>Exposi\u00e7\u00e3o: Flor.Ess\u00eancia \u2013 A Poesia como Caminho <br>Artista: <\/strong>Denise Patr\u00edcio<br><strong>Data:<\/strong> 05 a 15 de Mar\u00e7o<br><strong>Hor\u00e1rio:<\/strong> 8h \u00e0s 12h | 13h30 \u00e0s 21h<br><strong>Local: <\/strong>Sal\u00e3o de Exposi\u00e7\u00f5es &#8211; FIC\n\n<\/p>\n<\/div>\n<\/div>\n\n\n\n<div style=\"height:50px\" aria-hidden=\"true\" class=\"wp-block-spacer\"><\/div>\n\n\n\n<hr class=\"wp-block-separator\"\/>\n\n\n\n<div class=\"wp-block-columns has-2-columns is-layout-flex wp-container-core-columns-is-layout-28f84493 wp-block-columns-is-layout-flex\">\n<div class=\"wp-block-column is-layout-flow wp-block-column-is-layout-flow\">\n<figure class=\"wp-block-image\"><img loading=\"lazy\" decoding=\"async\" width=\"940\" height=\"788\" src=\"https:\/\/www.ficindaial.com.br\/fundacao\/wp-content\/uploads\/2021\/06\/Ser-Vitae-EXPOSI\u00c7\u00c3O-Facebook-4.png\" alt=\"\" class=\"wp-image-6164\" srcset=\"https:\/\/www.ficindaial.com.br\/fundacao\/wp-content\/uploads\/2021\/06\/Ser-Vitae-EXPOSI\u00c7\u00c3O-Facebook-4.png 940w, https:\/\/www.ficindaial.com.br\/fundacao\/wp-content\/uploads\/2021\/06\/Ser-Vitae-EXPOSI\u00c7\u00c3O-Facebook-4-300x251.png 300w, https:\/\/www.ficindaial.com.br\/fundacao\/wp-content\/uploads\/2021\/06\/Ser-Vitae-EXPOSI\u00c7\u00c3O-Facebook-4-768x644.png 768w\" sizes=\"(max-width: 940px) 100vw, 940px\" \/><\/figure>\n<\/div>\n\n\n\n<div class=\"wp-block-column is-layout-flow wp-block-column-is-layout-flow\">\n<p><strong>Exposi\u00e7\u00e3o: Ser Vitae<\/strong><br>Artista: Elys Regina Zils<br>Data: 16 de Abril a 05 de Maio<br>Hor\u00e1rio: 8h \u00e0s 12h | 13h00 \u00e0s 17h00<br> Local: Sal\u00e3o de Exposi\u00e7\u00f5es &#8211; FIC<\/p>\n<\/div>\n<\/div>\n\n\n\n<ul class=\"wp-block-gallery columns-3 is-cropped wp-block-gallery-1 is-layout-flex wp-block-gallery-is-layout-flex\"><li class=\"blocks-gallery-item\"><figure><img loading=\"lazy\" decoding=\"async\" width=\"1024\" height=\"576\" src=\"https:\/\/www.ficindaial.com.br\/fundacao\/wp-content\/uploads\/2021\/06\/20210415_111111-1024x576.jpg\" alt=\"\" data-id=\"6179\" data-link=\"https:\/\/www.ficindaial.com.br\/fundacao\/exposicoes-fic\/20210415_111111\/\" class=\"wp-image-6179\" srcset=\"https:\/\/www.ficindaial.com.br\/fundacao\/wp-content\/uploads\/2021\/06\/20210415_111111-1024x576.jpg 1024w, https:\/\/www.ficindaial.com.br\/fundacao\/wp-content\/uploads\/2021\/06\/20210415_111111-300x169.jpg 300w, https:\/\/www.ficindaial.com.br\/fundacao\/wp-content\/uploads\/2021\/06\/20210415_111111-768x432.jpg 768w\" sizes=\"(max-width: 1024px) 100vw, 1024px\" \/><\/figure><\/li><li class=\"blocks-gallery-item\"><figure><img loading=\"lazy\" decoding=\"async\" width=\"1024\" height=\"576\" src=\"https:\/\/www.ficindaial.com.br\/fundacao\/wp-content\/uploads\/2021\/06\/20210415_111037-1024x576.jpg\" alt=\"\" data-id=\"6180\" data-link=\"https:\/\/www.ficindaial.com.br\/fundacao\/exposicoes-fic\/20210415_111037\/\" class=\"wp-image-6180\" srcset=\"https:\/\/www.ficindaial.com.br\/fundacao\/wp-content\/uploads\/2021\/06\/20210415_111037-1024x576.jpg 1024w, https:\/\/www.ficindaial.com.br\/fundacao\/wp-content\/uploads\/2021\/06\/20210415_111037-300x169.jpg 300w, https:\/\/www.ficindaial.com.br\/fundacao\/wp-content\/uploads\/2021\/06\/20210415_111037-768x432.jpg 768w\" sizes=\"(max-width: 1024px) 100vw, 1024px\" \/><\/figure><\/li><li class=\"blocks-gallery-item\"><figure><img loading=\"lazy\" decoding=\"async\" width=\"1024\" height=\"576\" src=\"https:\/\/www.ficindaial.com.br\/fundacao\/wp-content\/uploads\/2021\/06\/20210415_111053-1024x576.jpg\" alt=\"\" data-id=\"6181\" data-link=\"https:\/\/www.ficindaial.com.br\/fundacao\/exposicoes-fic\/20210415_111053\/\" class=\"wp-image-6181\" srcset=\"https:\/\/www.ficindaial.com.br\/fundacao\/wp-content\/uploads\/2021\/06\/20210415_111053-1024x576.jpg 1024w, https:\/\/www.ficindaial.com.br\/fundacao\/wp-content\/uploads\/2021\/06\/20210415_111053-300x169.jpg 300w, https:\/\/www.ficindaial.com.br\/fundacao\/wp-content\/uploads\/2021\/06\/20210415_111053-768x432.jpg 768w\" sizes=\"(max-width: 1024px) 100vw, 1024px\" \/><\/figure><\/li><\/ul>\n\n\n\n<div style=\"height:50px\" aria-hidden=\"true\" class=\"wp-block-spacer\"><\/div>\n\n\n\n<hr class=\"wp-block-separator\"\/>\n\n\n\n<div class=\"wp-block-columns has-2-columns is-layout-flex wp-container-core-columns-is-layout-28f84493 wp-block-columns-is-layout-flex\">\n<div class=\"wp-block-column is-layout-flow wp-block-column-is-layout-flow\">\n<figure class=\"wp-block-image\"><img loading=\"lazy\" decoding=\"async\" width=\"940\" height=\"788\" src=\"https:\/\/www.ficindaial.com.br\/fundacao\/wp-content\/uploads\/2021\/06\/FACEBOOK-C\u00f3pia-de-Grav...-Arte-1.png\" alt=\"\" class=\"wp-image-6165\" srcset=\"https:\/\/www.ficindaial.com.br\/fundacao\/wp-content\/uploads\/2021\/06\/FACEBOOK-C\u00f3pia-de-Grav...-Arte-1.png 940w, https:\/\/www.ficindaial.com.br\/fundacao\/wp-content\/uploads\/2021\/06\/FACEBOOK-C\u00f3pia-de-Grav...-Arte-1-300x251.png 300w, https:\/\/www.ficindaial.com.br\/fundacao\/wp-content\/uploads\/2021\/06\/FACEBOOK-C\u00f3pia-de-Grav...-Arte-1-768x644.png 768w\" sizes=\"(max-width: 940px) 100vw, 940px\" \/><\/figure>\n<\/div>\n\n\n\n<div class=\"wp-block-column is-layout-flow wp-block-column-is-layout-flow\">\n<p><strong>Exposi\u00e7\u00e3o: Grav&#8230;Arte!<\/strong><br>Artistas: <br>Juliana Pereira<br>Maria Adelina Costa<br>Marco Antonio Struve <br>Marcelo da Silva (Lelo)<br>Rita Rosangela Pieritz<br>Data: 07 a 28 de Maio<br>Hor\u00e1rio: das 8h \u00e0s 18h <br>Local: Sal\u00e3o de Exposi\u00e7\u00f5es &#8211; FIC <\/p>\n\n\n\n<p><\/p>\n<\/div>\n<\/div>\n\n\n\n<ul class=\"wp-block-gallery columns-3 is-cropped wp-block-gallery-2 is-layout-flex wp-block-gallery-is-layout-flex\"><li class=\"blocks-gallery-item\"><figure><img loading=\"lazy\" decoding=\"async\" width=\"1024\" height=\"576\" src=\"https:\/\/www.ficindaial.com.br\/fundacao\/wp-content\/uploads\/2021\/06\/20210528_155923-1024x576.jpg\" alt=\"\" data-id=\"6183\" data-link=\"https:\/\/www.ficindaial.com.br\/fundacao\/exposicoes-fic\/20210528_155923\/\" class=\"wp-image-6183\" srcset=\"https:\/\/www.ficindaial.com.br\/fundacao\/wp-content\/uploads\/2021\/06\/20210528_155923-1024x576.jpg 1024w, https:\/\/www.ficindaial.com.br\/fundacao\/wp-content\/uploads\/2021\/06\/20210528_155923-300x169.jpg 300w, https:\/\/www.ficindaial.com.br\/fundacao\/wp-content\/uploads\/2021\/06\/20210528_155923-768x432.jpg 768w\" sizes=\"(max-width: 1024px) 100vw, 1024px\" \/><\/figure><\/li><li class=\"blocks-gallery-item\"><figure><img loading=\"lazy\" decoding=\"async\" width=\"1024\" height=\"576\" src=\"https:\/\/www.ficindaial.com.br\/fundacao\/wp-content\/uploads\/2021\/06\/20210528_155951-1024x576.jpg\" alt=\"\" data-id=\"6184\" data-link=\"https:\/\/www.ficindaial.com.br\/fundacao\/exposicoes-fic\/20210528_155951\/\" class=\"wp-image-6184\" srcset=\"https:\/\/www.ficindaial.com.br\/fundacao\/wp-content\/uploads\/2021\/06\/20210528_155951-1024x576.jpg 1024w, https:\/\/www.ficindaial.com.br\/fundacao\/wp-content\/uploads\/2021\/06\/20210528_155951-300x169.jpg 300w, https:\/\/www.ficindaial.com.br\/fundacao\/wp-content\/uploads\/2021\/06\/20210528_155951-768x432.jpg 768w\" sizes=\"(max-width: 1024px) 100vw, 1024px\" \/><\/figure><\/li><li class=\"blocks-gallery-item\"><figure><img loading=\"lazy\" decoding=\"async\" width=\"1024\" height=\"576\" src=\"https:\/\/www.ficindaial.com.br\/fundacao\/wp-content\/uploads\/2021\/06\/20210528_155728-1024x576.jpg\" alt=\"\" data-id=\"6185\" data-link=\"https:\/\/www.ficindaial.com.br\/fundacao\/exposicoes-fic\/20210528_155728\/\" class=\"wp-image-6185\" srcset=\"https:\/\/www.ficindaial.com.br\/fundacao\/wp-content\/uploads\/2021\/06\/20210528_155728-1024x576.jpg 1024w, https:\/\/www.ficindaial.com.br\/fundacao\/wp-content\/uploads\/2021\/06\/20210528_155728-300x169.jpg 300w, https:\/\/www.ficindaial.com.br\/fundacao\/wp-content\/uploads\/2021\/06\/20210528_155728-768x432.jpg 768w\" sizes=\"(max-width: 1024px) 100vw, 1024px\" \/><\/figure><\/li><\/ul>\n\n\n\n<div style=\"height:50px\" aria-hidden=\"true\" class=\"wp-block-spacer\"><\/div>\n\n\n\n<hr class=\"wp-block-separator\"\/>\n\n\n\n<div class=\"wp-block-columns has-2-columns is-layout-flex wp-container-core-columns-is-layout-28f84493 wp-block-columns-is-layout-flex\">\n<div class=\"wp-block-column is-layout-flow wp-block-column-is-layout-flow\">\n<figure class=\"wp-block-image\"><img loading=\"lazy\" decoding=\"async\" width=\"1024\" height=\"1024\" src=\"https:\/\/www.ficindaial.com.br\/fundacao\/wp-content\/uploads\/2021\/06\/Madeira-Viva-Redes-Sociais-1-1024x1024.png\" alt=\"\" class=\"wp-image-6166\" srcset=\"https:\/\/www.ficindaial.com.br\/fundacao\/wp-content\/uploads\/2021\/06\/Madeira-Viva-Redes-Sociais-1-1024x1024.png 1024w, https:\/\/www.ficindaial.com.br\/fundacao\/wp-content\/uploads\/2021\/06\/Madeira-Viva-Redes-Sociais-1-150x150.png 150w, https:\/\/www.ficindaial.com.br\/fundacao\/wp-content\/uploads\/2021\/06\/Madeira-Viva-Redes-Sociais-1-300x300.png 300w, https:\/\/www.ficindaial.com.br\/fundacao\/wp-content\/uploads\/2021\/06\/Madeira-Viva-Redes-Sociais-1-768x768.png 768w, https:\/\/www.ficindaial.com.br\/fundacao\/wp-content\/uploads\/2021\/06\/Madeira-Viva-Redes-Sociais-1-270x270.png 270w, https:\/\/www.ficindaial.com.br\/fundacao\/wp-content\/uploads\/2021\/06\/Madeira-Viva-Redes-Sociais-1-230x230.png 230w, https:\/\/www.ficindaial.com.br\/fundacao\/wp-content\/uploads\/2021\/06\/Madeira-Viva-Redes-Sociais-1.png 1080w\" sizes=\"(max-width: 1024px) 100vw, 1024px\" \/><\/figure>\n<\/div>\n\n\n\n<div class=\"wp-block-column is-layout-flow wp-block-column-is-layout-flow\">\n<p><strong>Exposi\u00e7\u00e3o: Madeira Viva<br><\/strong>Artista: Cosme dos Santos<br>Data: 07 a 28 de Junho<br>Hor\u00e1rio: 8h \u00e0s 17h00<br>Local: Sal\u00e3o de Exposi\u00e7\u00f5es &#8211; FIC<\/p>\n<\/div>\n<\/div>\n\n\n\n<ul class=\"wp-block-gallery columns-3 is-cropped wp-block-gallery-3 is-layout-flex wp-block-gallery-is-layout-flex\"><li class=\"blocks-gallery-item\"><figure><img loading=\"lazy\" decoding=\"async\" width=\"1024\" height=\"576\" src=\"https:\/\/www.ficindaial.com.br\/fundacao\/wp-content\/uploads\/2021\/06\/20210610_110610-1024x576.jpg\" alt=\"\" data-id=\"6194\" data-link=\"https:\/\/www.ficindaial.com.br\/fundacao\/exposicoes-fic\/20210610_110610\/\" class=\"wp-image-6194\" srcset=\"https:\/\/www.ficindaial.com.br\/fundacao\/wp-content\/uploads\/2021\/06\/20210610_110610-1024x576.jpg 1024w, https:\/\/www.ficindaial.com.br\/fundacao\/wp-content\/uploads\/2021\/06\/20210610_110610-300x169.jpg 300w, https:\/\/www.ficindaial.com.br\/fundacao\/wp-content\/uploads\/2021\/06\/20210610_110610-768x432.jpg 768w\" sizes=\"(max-width: 1024px) 100vw, 1024px\" \/><\/figure><\/li><li class=\"blocks-gallery-item\"><figure><img loading=\"lazy\" decoding=\"async\" width=\"1024\" height=\"576\" src=\"https:\/\/www.ficindaial.com.br\/fundacao\/wp-content\/uploads\/2021\/06\/20210609_134037-1-1024x576.jpg\" alt=\"\" data-id=\"6195\" data-link=\"https:\/\/www.ficindaial.com.br\/fundacao\/exposicoes-fic\/20210609_134037-2\/\" class=\"wp-image-6195\" srcset=\"https:\/\/www.ficindaial.com.br\/fundacao\/wp-content\/uploads\/2021\/06\/20210609_134037-1-1024x576.jpg 1024w, https:\/\/www.ficindaial.com.br\/fundacao\/wp-content\/uploads\/2021\/06\/20210609_134037-1-300x169.jpg 300w, https:\/\/www.ficindaial.com.br\/fundacao\/wp-content\/uploads\/2021\/06\/20210609_134037-1-768x432.jpg 768w\" sizes=\"(max-width: 1024px) 100vw, 1024px\" \/><\/figure><\/li><li class=\"blocks-gallery-item\"><figure><img loading=\"lazy\" decoding=\"async\" width=\"1024\" height=\"576\" src=\"https:\/\/www.ficindaial.com.br\/fundacao\/wp-content\/uploads\/2021\/06\/20210609_134022-1024x576.jpg\" alt=\"\" data-id=\"6197\" data-link=\"https:\/\/www.ficindaial.com.br\/fundacao\/exposicoes-fic\/20210609_134022\/\" class=\"wp-image-6197\" srcset=\"https:\/\/www.ficindaial.com.br\/fundacao\/wp-content\/uploads\/2021\/06\/20210609_134022-1024x576.jpg 1024w, https:\/\/www.ficindaial.com.br\/fundacao\/wp-content\/uploads\/2021\/06\/20210609_134022-300x169.jpg 300w, https:\/\/www.ficindaial.com.br\/fundacao\/wp-content\/uploads\/2021\/06\/20210609_134022-768x432.jpg 768w\" sizes=\"(max-width: 1024px) 100vw, 1024px\" \/><\/figure><\/li><\/ul>\n\n\n\n<div style=\"height:50px\" aria-hidden=\"true\" class=\"wp-block-spacer\"><\/div>\n\n\n\n<hr class=\"wp-block-separator\"\/>\n\n\n\n<div class=\"wp-block-columns has-2-columns is-layout-flex wp-container-core-columns-is-layout-28f84493 wp-block-columns-is-layout-flex\">\n<div class=\"wp-block-column is-layout-flow wp-block-column-is-layout-flow\">\n<figure class=\"wp-block-image\"><img loading=\"lazy\" decoding=\"async\" width=\"1024\" height=\"1024\" src=\"https:\/\/www.ficindaial.com.br\/fundacao\/wp-content\/uploads\/2021\/07\/5\u00aa-MOSTRA-PAP\u00c9IS-1024x1024.png\" alt=\"\" class=\"wp-image-6397\" srcset=\"https:\/\/www.ficindaial.com.br\/fundacao\/wp-content\/uploads\/2021\/07\/5\u00aa-MOSTRA-PAP\u00c9IS-1024x1024.png 1024w, https:\/\/www.ficindaial.com.br\/fundacao\/wp-content\/uploads\/2021\/07\/5\u00aa-MOSTRA-PAP\u00c9IS-150x150.png 150w, https:\/\/www.ficindaial.com.br\/fundacao\/wp-content\/uploads\/2021\/07\/5\u00aa-MOSTRA-PAP\u00c9IS-300x300.png 300w, https:\/\/www.ficindaial.com.br\/fundacao\/wp-content\/uploads\/2021\/07\/5\u00aa-MOSTRA-PAP\u00c9IS-768x768.png 768w, https:\/\/www.ficindaial.com.br\/fundacao\/wp-content\/uploads\/2021\/07\/5\u00aa-MOSTRA-PAP\u00c9IS-270x270.png 270w, https:\/\/www.ficindaial.com.br\/fundacao\/wp-content\/uploads\/2021\/07\/5\u00aa-MOSTRA-PAP\u00c9IS-230x230.png 230w, https:\/\/www.ficindaial.com.br\/fundacao\/wp-content\/uploads\/2021\/07\/5\u00aa-MOSTRA-PAP\u00c9IS.png 1080w\" sizes=\"(max-width: 1024px) 100vw, 1024px\" \/><\/figure>\n<\/div>\n\n\n\n<div class=\"wp-block-column is-layout-flow wp-block-column-is-layout-flow\">\n<p><strong>Exposi\u00e7\u00e3o: 5\u00aa Mostra Pap\u00e9is<br><\/strong>Alunos do Curso de Desenho da FIC<br>Data: 02 a 23de Julho<br>Hor\u00e1rio: 8h \u00e0s 17h00<br>Local: Sal\u00e3o de Exposi\u00e7\u00f5es &#8211; FIC <\/p>\n<\/div>\n<\/div>\n\n\n\n<ul class=\"wp-block-gallery columns-3 is-cropped wp-block-gallery-4 is-layout-flex wp-block-gallery-is-layout-flex\"><li class=\"blocks-gallery-item\"><figure><img loading=\"lazy\" decoding=\"async\" width=\"676\" height=\"1024\" src=\"https:\/\/www.ficindaial.com.br\/fundacao\/wp-content\/uploads\/2021\/07\/20210706_074354-676x1024.jpg\" alt=\"\" data-id=\"6409\" data-link=\"https:\/\/www.ficindaial.com.br\/fundacao\/exposicoes-fic\/20210706_074354\/\" class=\"wp-image-6409\" srcset=\"https:\/\/www.ficindaial.com.br\/fundacao\/wp-content\/uploads\/2021\/07\/20210706_074354-676x1024.jpg 676w, https:\/\/www.ficindaial.com.br\/fundacao\/wp-content\/uploads\/2021\/07\/20210706_074354-198x300.jpg 198w, https:\/\/www.ficindaial.com.br\/fundacao\/wp-content\/uploads\/2021\/07\/20210706_074354-768x1163.jpg 768w, https:\/\/www.ficindaial.com.br\/fundacao\/wp-content\/uploads\/2021\/07\/20210706_074354.jpg 1826w\" sizes=\"(max-width: 676px) 100vw, 676px\" \/><figcaption>Por Daniel Belino<\/figcaption><\/figure><\/li><li class=\"blocks-gallery-item\"><figure><img loading=\"lazy\" decoding=\"async\" width=\"835\" height=\"1024\" src=\"https:\/\/www.ficindaial.com.br\/fundacao\/wp-content\/uploads\/2021\/07\/20210706_074317-835x1024.jpg\" alt=\"\" data-id=\"6406\" data-link=\"https:\/\/www.ficindaial.com.br\/fundacao\/exposicoes-fic\/20210706_074317\/\" class=\"wp-image-6406\" srcset=\"https:\/\/www.ficindaial.com.br\/fundacao\/wp-content\/uploads\/2021\/07\/20210706_074317-835x1024.jpg 835w, https:\/\/www.ficindaial.com.br\/fundacao\/wp-content\/uploads\/2021\/07\/20210706_074317-245x300.jpg 245w, https:\/\/www.ficindaial.com.br\/fundacao\/wp-content\/uploads\/2021\/07\/20210706_074317-768x942.jpg 768w, https:\/\/www.ficindaial.com.br\/fundacao\/wp-content\/uploads\/2021\/07\/20210706_074317.jpg 1824w\" sizes=\"(max-width: 835px) 100vw, 835px\" \/><figcaption>Por Danieli Graciolli<\/figcaption><\/figure><\/li><li class=\"blocks-gallery-item\"><figure><img loading=\"lazy\" decoding=\"async\" width=\"1024\" height=\"901\" src=\"https:\/\/www.ficindaial.com.br\/fundacao\/wp-content\/uploads\/2021\/07\/20210706_073926-1024x901.jpg\" alt=\"\" data-id=\"6405\" data-link=\"https:\/\/www.ficindaial.com.br\/fundacao\/exposicoes-fic\/20210706_073926\/\" class=\"wp-image-6405\" srcset=\"https:\/\/www.ficindaial.com.br\/fundacao\/wp-content\/uploads\/2021\/07\/20210706_073926-1024x901.jpg 1024w, https:\/\/www.ficindaial.com.br\/fundacao\/wp-content\/uploads\/2021\/07\/20210706_073926-300x264.jpg 300w, https:\/\/www.ficindaial.com.br\/fundacao\/wp-content\/uploads\/2021\/07\/20210706_073926-768x675.jpg 768w\" sizes=\"(max-width: 1024px) 100vw, 1024px\" \/><\/figure><\/li><\/ul>\n\n\n\n<ul class=\"wp-block-gallery columns-0 is-cropped wp-block-gallery-5 is-layout-flex wp-block-gallery-is-layout-flex\"><\/ul>\n\n\n\n<div style=\"height:50px\" aria-hidden=\"true\" class=\"wp-block-spacer\"><\/div>\n\n\n\n<hr class=\"wp-block-separator\"\/>\n\n\n\n<div class=\"wp-block-columns has-2-columns is-layout-flex wp-container-core-columns-is-layout-28f84493 wp-block-columns-is-layout-flex\">\n<div class=\"wp-block-column is-layout-flow wp-block-column-is-layout-flow\">\n<figure class=\"wp-block-image\"><img loading=\"lazy\" decoding=\"async\" width=\"940\" height=\"788\" src=\"https:\/\/www.ficindaial.com.br\/fundacao\/wp-content\/uploads\/2021\/07\/C\u00f3pia-de-EXPOSI\u00c7\u00c3O.png\" alt=\"\" class=\"wp-image-6427\" srcset=\"https:\/\/www.ficindaial.com.br\/fundacao\/wp-content\/uploads\/2021\/07\/C\u00f3pia-de-EXPOSI\u00c7\u00c3O.png 940w, https:\/\/www.ficindaial.com.br\/fundacao\/wp-content\/uploads\/2021\/07\/C\u00f3pia-de-EXPOSI\u00c7\u00c3O-300x251.png 300w, https:\/\/www.ficindaial.com.br\/fundacao\/wp-content\/uploads\/2021\/07\/C\u00f3pia-de-EXPOSI\u00c7\u00c3O-768x644.png 768w\" sizes=\"(max-width: 940px) 100vw, 940px\" \/><\/figure>\n<\/div>\n\n\n\n<div class=\"wp-block-column is-layout-flow wp-block-column-is-layout-flow\">\n<p><strong>Exposi\u00e7\u00e3o: Grupo Folcl\u00f3rico <\/strong> <br><strong>Bogenbr\u00fccke Volkstanzsgruppe <br><\/strong>Data: 27 de Julho a 25 de Agosto<br>Hor\u00e1rio: 8h \u00e0s 17h00<br>Local: Sal\u00e3o de Exposi\u00e7\u00f5es &#8211; FIC  <\/p>\n<\/div>\n<\/div>\n\n\n\n<ul class=\"wp-block-gallery columns-3 is-cropped wp-block-gallery-6 is-layout-flex wp-block-gallery-is-layout-flex\"><li class=\"blocks-gallery-item\"><figure><img loading=\"lazy\" decoding=\"async\" width=\"1024\" height=\"576\" src=\"https:\/\/www.ficindaial.com.br\/fundacao\/wp-content\/uploads\/2021\/07\/WhatsApp-Image-2021-07-30-at-10.32.48-1024x576.jpeg\" alt=\"\" data-id=\"6430\" data-link=\"https:\/\/www.ficindaial.com.br\/fundacao\/exposicoes-fic\/whatsapp-image-2021-07-30-at-10-32-48\/\" class=\"wp-image-6430\" srcset=\"https:\/\/www.ficindaial.com.br\/fundacao\/wp-content\/uploads\/2021\/07\/WhatsApp-Image-2021-07-30-at-10.32.48-1024x576.jpeg 1024w, https:\/\/www.ficindaial.com.br\/fundacao\/wp-content\/uploads\/2021\/07\/WhatsApp-Image-2021-07-30-at-10.32.48-300x169.jpeg 300w, https:\/\/www.ficindaial.com.br\/fundacao\/wp-content\/uploads\/2021\/07\/WhatsApp-Image-2021-07-30-at-10.32.48-768x432.jpeg 768w, https:\/\/www.ficindaial.com.br\/fundacao\/wp-content\/uploads\/2021\/07\/WhatsApp-Image-2021-07-30-at-10.32.48.jpeg 1600w\" sizes=\"(max-width: 1024px) 100vw, 1024px\" \/><\/figure><\/li><li class=\"blocks-gallery-item\"><figure><img loading=\"lazy\" decoding=\"async\" width=\"1024\" height=\"576\" src=\"https:\/\/www.ficindaial.com.br\/fundacao\/wp-content\/uploads\/2021\/07\/WhatsApp-Image-2021-07-30-at-10.33.29-1024x576.jpeg\" alt=\"\" data-id=\"6431\" data-link=\"https:\/\/www.ficindaial.com.br\/fundacao\/exposicoes-fic\/whatsapp-image-2021-07-30-at-10-33-29\/\" class=\"wp-image-6431\" srcset=\"https:\/\/www.ficindaial.com.br\/fundacao\/wp-content\/uploads\/2021\/07\/WhatsApp-Image-2021-07-30-at-10.33.29-1024x576.jpeg 1024w, https:\/\/www.ficindaial.com.br\/fundacao\/wp-content\/uploads\/2021\/07\/WhatsApp-Image-2021-07-30-at-10.33.29-300x169.jpeg 300w, https:\/\/www.ficindaial.com.br\/fundacao\/wp-content\/uploads\/2021\/07\/WhatsApp-Image-2021-07-30-at-10.33.29-768x432.jpeg 768w, https:\/\/www.ficindaial.com.br\/fundacao\/wp-content\/uploads\/2021\/07\/WhatsApp-Image-2021-07-30-at-10.33.29.jpeg 1600w\" sizes=\"(max-width: 1024px) 100vw, 1024px\" \/><\/figure><\/li><li class=\"blocks-gallery-item\"><figure><img loading=\"lazy\" decoding=\"async\" width=\"1024\" height=\"576\" src=\"https:\/\/www.ficindaial.com.br\/fundacao\/wp-content\/uploads\/2021\/07\/WhatsApp-Image-2021-07-30-at-10.33.45-1-1024x576.jpeg\" alt=\"\" data-id=\"6432\" data-link=\"https:\/\/www.ficindaial.com.br\/fundacao\/exposicoes-fic\/whatsapp-image-2021-07-30-at-10-33-45-2\/\" class=\"wp-image-6432\" srcset=\"https:\/\/www.ficindaial.com.br\/fundacao\/wp-content\/uploads\/2021\/07\/WhatsApp-Image-2021-07-30-at-10.33.45-1-1024x576.jpeg 1024w, https:\/\/www.ficindaial.com.br\/fundacao\/wp-content\/uploads\/2021\/07\/WhatsApp-Image-2021-07-30-at-10.33.45-1-300x169.jpeg 300w, https:\/\/www.ficindaial.com.br\/fundacao\/wp-content\/uploads\/2021\/07\/WhatsApp-Image-2021-07-30-at-10.33.45-1-768x432.jpeg 768w, https:\/\/www.ficindaial.com.br\/fundacao\/wp-content\/uploads\/2021\/07\/WhatsApp-Image-2021-07-30-at-10.33.45-1.jpeg 1600w\" sizes=\"(max-width: 1024px) 100vw, 1024px\" \/><\/figure><\/li><\/ul>\n\n\n\n<div style=\"height:50px\" aria-hidden=\"true\" class=\"wp-block-spacer\"><\/div>\n\n\n\n<hr class=\"wp-block-separator\"\/>\n\n\n\n<div class=\"wp-block-columns has-2-columns is-layout-flex wp-container-core-columns-is-layout-28f84493 wp-block-columns-is-layout-flex\">\n<div class=\"wp-block-column is-layout-flow wp-block-column-is-layout-flow\">\n<figure class=\"wp-block-image\"><img loading=\"lazy\" decoding=\"async\" width=\"1024\" height=\"726\" src=\"https:\/\/www.ficindaial.com.br\/fundacao\/wp-content\/uploads\/2021\/08\/Obras-Iria-Bueno-1-1024x726.png\" alt=\"\" class=\"wp-image-6634\" srcset=\"https:\/\/www.ficindaial.com.br\/fundacao\/wp-content\/uploads\/2021\/08\/Obras-Iria-Bueno-1-1024x726.png 1024w, https:\/\/www.ficindaial.com.br\/fundacao\/wp-content\/uploads\/2021\/08\/Obras-Iria-Bueno-1-300x213.png 300w, https:\/\/www.ficindaial.com.br\/fundacao\/wp-content\/uploads\/2021\/08\/Obras-Iria-Bueno-1-768x545.png 768w, https:\/\/www.ficindaial.com.br\/fundacao\/wp-content\/uploads\/2021\/08\/Obras-Iria-Bueno-1.png 1748w\" sizes=\"(max-width: 1024px) 100vw, 1024px\" \/><\/figure>\n<\/div>\n\n\n\n<div class=\"wp-block-column is-layout-flow wp-block-column-is-layout-flow\">\n<p><strong>Exposi\u00e7\u00e3o: Exposi\u00e7\u00e3o Individual da artista Iria Bueno <br><\/strong>Data: 27 de Agosto a 22 de Setembro<br>Hor\u00e1rio: 8h \u00e0s 17h00<br>Local: Sal\u00e3o de Exposi\u00e7\u00f5es &#8211; FIC   <\/p>\n<\/div>\n<\/div>\n\n\n\n<ul class=\"wp-block-gallery columns-3 is-cropped wp-block-gallery-7 is-layout-flex wp-block-gallery-is-layout-flex\"><li class=\"blocks-gallery-item\"><figure><img loading=\"lazy\" decoding=\"async\" width=\"1024\" height=\"576\" src=\"https:\/\/www.ficindaial.com.br\/fundacao\/wp-content\/uploads\/2021\/08\/WhatsApp-Image-2021-08-27-at-15.32.31-1-1024x576.jpeg\" alt=\"\" data-id=\"6639\" data-link=\"https:\/\/www.ficindaial.com.br\/fundacao\/exposicoes-fic\/whatsapp-image-2021-08-27-at-15-32-31-1\/\" class=\"wp-image-6639\" srcset=\"https:\/\/www.ficindaial.com.br\/fundacao\/wp-content\/uploads\/2021\/08\/WhatsApp-Image-2021-08-27-at-15.32.31-1-1024x576.jpeg 1024w, https:\/\/www.ficindaial.com.br\/fundacao\/wp-content\/uploads\/2021\/08\/WhatsApp-Image-2021-08-27-at-15.32.31-1-300x169.jpeg 300w, https:\/\/www.ficindaial.com.br\/fundacao\/wp-content\/uploads\/2021\/08\/WhatsApp-Image-2021-08-27-at-15.32.31-1-768x432.jpeg 768w, https:\/\/www.ficindaial.com.br\/fundacao\/wp-content\/uploads\/2021\/08\/WhatsApp-Image-2021-08-27-at-15.32.31-1.jpeg 1600w\" sizes=\"(max-width: 1024px) 100vw, 1024px\" \/><\/figure><\/li><li class=\"blocks-gallery-item\"><figure><img loading=\"lazy\" decoding=\"async\" width=\"1024\" height=\"576\" src=\"https:\/\/www.ficindaial.com.br\/fundacao\/wp-content\/uploads\/2021\/08\/WhatsApp-Image-2021-08-27-at-15.32.31-1024x576.jpeg\" alt=\"\" data-id=\"6640\" data-link=\"https:\/\/www.ficindaial.com.br\/fundacao\/exposicoes-fic\/whatsapp-image-2021-08-27-at-15-32-31\/\" class=\"wp-image-6640\" srcset=\"https:\/\/www.ficindaial.com.br\/fundacao\/wp-content\/uploads\/2021\/08\/WhatsApp-Image-2021-08-27-at-15.32.31-1024x576.jpeg 1024w, https:\/\/www.ficindaial.com.br\/fundacao\/wp-content\/uploads\/2021\/08\/WhatsApp-Image-2021-08-27-at-15.32.31-300x169.jpeg 300w, https:\/\/www.ficindaial.com.br\/fundacao\/wp-content\/uploads\/2021\/08\/WhatsApp-Image-2021-08-27-at-15.32.31-768x432.jpeg 768w, https:\/\/www.ficindaial.com.br\/fundacao\/wp-content\/uploads\/2021\/08\/WhatsApp-Image-2021-08-27-at-15.32.31.jpeg 1600w\" sizes=\"(max-width: 1024px) 100vw, 1024px\" \/><\/figure><\/li><li class=\"blocks-gallery-item\"><figure><img loading=\"lazy\" decoding=\"async\" width=\"1024\" height=\"576\" src=\"https:\/\/www.ficindaial.com.br\/fundacao\/wp-content\/uploads\/2021\/08\/WhatsApp-Image-2021-08-27-at-15.32.29-1-1024x576.jpeg\" alt=\"\" data-id=\"6641\" data-link=\"https:\/\/www.ficindaial.com.br\/fundacao\/exposicoes-fic\/whatsapp-image-2021-08-27-at-15-32-29-1\/\" class=\"wp-image-6641\" srcset=\"https:\/\/www.ficindaial.com.br\/fundacao\/wp-content\/uploads\/2021\/08\/WhatsApp-Image-2021-08-27-at-15.32.29-1-1024x576.jpeg 1024w, https:\/\/www.ficindaial.com.br\/fundacao\/wp-content\/uploads\/2021\/08\/WhatsApp-Image-2021-08-27-at-15.32.29-1-300x169.jpeg 300w, https:\/\/www.ficindaial.com.br\/fundacao\/wp-content\/uploads\/2021\/08\/WhatsApp-Image-2021-08-27-at-15.32.29-1-768x432.jpeg 768w, https:\/\/www.ficindaial.com.br\/fundacao\/wp-content\/uploads\/2021\/08\/WhatsApp-Image-2021-08-27-at-15.32.29-1.jpeg 1600w\" sizes=\"(max-width: 1024px) 100vw, 1024px\" \/><\/figure><\/li><\/ul>\n\n\n\n<div style=\"height:50px\" aria-hidden=\"true\" class=\"wp-block-spacer\"><\/div>\n\n\n\n<hr class=\"wp-block-separator\"\/>\n\n\n\n<div class=\"wp-block-columns has-2-columns is-layout-flex wp-container-core-columns-is-layout-28f84493 wp-block-columns-is-layout-flex\">\n<div class=\"wp-block-column is-layout-flow wp-block-column-is-layout-flow\">\n<figure class=\"wp-block-image\"><img loading=\"lazy\" decoding=\"async\" width=\"1024\" height=\"1024\" src=\"https:\/\/www.ficindaial.com.br\/fundacao\/wp-content\/uploads\/2021\/09\/URBE-2020-1-1024x1024.png\" alt=\"\" class=\"wp-image-6832\" srcset=\"https:\/\/www.ficindaial.com.br\/fundacao\/wp-content\/uploads\/2021\/09\/URBE-2020-1-1024x1024.png 1024w, https:\/\/www.ficindaial.com.br\/fundacao\/wp-content\/uploads\/2021\/09\/URBE-2020-1-150x150.png 150w, https:\/\/www.ficindaial.com.br\/fundacao\/wp-content\/uploads\/2021\/09\/URBE-2020-1-300x300.png 300w, https:\/\/www.ficindaial.com.br\/fundacao\/wp-content\/uploads\/2021\/09\/URBE-2020-1-768x768.png 768w, https:\/\/www.ficindaial.com.br\/fundacao\/wp-content\/uploads\/2021\/09\/URBE-2020-1-270x270.png 270w, https:\/\/www.ficindaial.com.br\/fundacao\/wp-content\/uploads\/2021\/09\/URBE-2020-1-230x230.png 230w, https:\/\/www.ficindaial.com.br\/fundacao\/wp-content\/uploads\/2021\/09\/URBE-2020-1.png 1080w\" sizes=\"(max-width: 1024px) 100vw, 1024px\" \/><\/figure>\n<\/div>\n\n\n\n<div class=\"wp-block-column is-layout-flow wp-block-column-is-layout-flow\">\n<p><strong>Exposi\u00e7\u00e3o: Urbe Ars <\/strong><br><strong>Artistas: <\/strong>Alex Bauer, Camile Brick, Marcelo da Silva, Marco Struve, Maria Adelina Costa e N\u00fabia Regina Bernardes Marinho<br>Data: 23 de Setembro a 15 de Outubro<br>Hor\u00e1rio: 8h \u00e0s 17h00<br>Local: Sal\u00e3o de Exposi\u00e7\u00f5es &#8211; FIC   <\/p>\n\n\n\n<p>   <\/p>\n<\/div>\n<\/div>\n\n\n\n<ul class=\"wp-block-gallery columns-3 is-cropped wp-block-gallery-8 is-layout-flex wp-block-gallery-is-layout-flex\"><li class=\"blocks-gallery-item\"><figure><img loading=\"lazy\" decoding=\"async\" width=\"1024\" height=\"576\" src=\"https:\/\/www.ficindaial.com.br\/fundacao\/wp-content\/uploads\/2021\/09\/WhatsApp-Image-2021-09-29-at-13.55.22-1024x576.jpeg\" alt=\"\" data-id=\"6833\" data-link=\"https:\/\/www.ficindaial.com.br\/fundacao\/exposicoes-fic\/whatsapp-image-2021-09-29-at-13-55-22\/\" class=\"wp-image-6833\" srcset=\"https:\/\/www.ficindaial.com.br\/fundacao\/wp-content\/uploads\/2021\/09\/WhatsApp-Image-2021-09-29-at-13.55.22-1024x576.jpeg 1024w, https:\/\/www.ficindaial.com.br\/fundacao\/wp-content\/uploads\/2021\/09\/WhatsApp-Image-2021-09-29-at-13.55.22-300x169.jpeg 300w, https:\/\/www.ficindaial.com.br\/fundacao\/wp-content\/uploads\/2021\/09\/WhatsApp-Image-2021-09-29-at-13.55.22-768x432.jpeg 768w, https:\/\/www.ficindaial.com.br\/fundacao\/wp-content\/uploads\/2021\/09\/WhatsApp-Image-2021-09-29-at-13.55.22.jpeg 1280w\" sizes=\"(max-width: 1024px) 100vw, 1024px\" \/><\/figure><\/li><li class=\"blocks-gallery-item\"><figure><img decoding=\"async\" src=\"blob:http:\/\/www.ficindaial.com.br\/5d991752-7dd7-459f-bb98-7c1748ab52d6\"\/><\/figure><\/li><li class=\"blocks-gallery-item\"><figure><img loading=\"lazy\" decoding=\"async\" width=\"1024\" height=\"576\" src=\"https:\/\/www.ficindaial.com.br\/fundacao\/wp-content\/uploads\/2021\/09\/WhatsApp-Image-2021-09-29-at-13.55.22-3-1024x576.jpeg\" alt=\"\" data-id=\"6834\" data-link=\"https:\/\/www.ficindaial.com.br\/fundacao\/exposicoes-fic\/whatsapp-image-2021-09-29-at-13-55-22-3\/\" class=\"wp-image-6834\" srcset=\"https:\/\/www.ficindaial.com.br\/fundacao\/wp-content\/uploads\/2021\/09\/WhatsApp-Image-2021-09-29-at-13.55.22-3-1024x576.jpeg 1024w, https:\/\/www.ficindaial.com.br\/fundacao\/wp-content\/uploads\/2021\/09\/WhatsApp-Image-2021-09-29-at-13.55.22-3-300x169.jpeg 300w, https:\/\/www.ficindaial.com.br\/fundacao\/wp-content\/uploads\/2021\/09\/WhatsApp-Image-2021-09-29-at-13.55.22-3-768x432.jpeg 768w, https:\/\/www.ficindaial.com.br\/fundacao\/wp-content\/uploads\/2021\/09\/WhatsApp-Image-2021-09-29-at-13.55.22-3.jpeg 1280w\" sizes=\"(max-width: 1024px) 100vw, 1024px\" \/><\/figure><\/li><\/ul>\n\n\n\n<hr class=\"wp-block-separator\"\/>\n","protected":false},"excerpt":{"rendered":"<p>SAL\u00c3O DE EXPOSI\u00c7\u00c3O FIC Exposi\u00e7\u00e3o: Flor.Ess\u00eancia \u2013 A Poesia como Caminho Artista: Denise Patr\u00edcioData: 05 a 15 de Mar\u00e7oHor\u00e1rio: 8h \u00e0s 12h | 13h30 \u00e0s 21hLocal: Sal\u00e3o de Exposi\u00e7\u00f5es &#8211; FIC Exposi\u00e7\u00e3o: Ser VitaeArtista: Elys Regina ZilsData: 16 de Abril<\/p>\n","protected":false},"author":2,"featured_media":0,"parent":0,"menu_order":0,"comment_status":"closed","ping_status":"closed","template":"","meta":{"saved_in_kubio":false,"ngg_post_thumbnail":0,"footnotes":""},"class_list":["post-6163","page","type-page","status-publish","hentry"],"kubio_ai_page_context":{"short_desc":"","purpose":"general"},"_links":{"self":[{"href":"https:\/\/www.ficindaial.com.br\/fundacao\/wp-json\/wp\/v2\/pages\/6163","targetHints":{"allow":["GET"]}}],"collection":[{"href":"https:\/\/www.ficindaial.com.br\/fundacao\/wp-json\/wp\/v2\/pages"}],"about":[{"href":"https:\/\/www.ficindaial.com.br\/fundacao\/wp-json\/wp\/v2\/types\/page"}],"author":[{"embeddable":true,"href":"https:\/\/www.ficindaial.com.br\/fundacao\/wp-json\/wp\/v2\/users\/2"}],"replies":[{"embeddable":true,"href":"https:\/\/www.ficindaial.com.br\/fundacao\/wp-json\/wp\/v2\/comments?post=6163"}],"version-history":[{"count":14,"href":"https:\/\/www.ficindaial.com.br\/fundacao\/wp-json\/wp\/v2\/pages\/6163\/revisions"}],"predecessor-version":[{"id":7678,"href":"https:\/\/www.ficindaial.com.br\/fundacao\/wp-json\/wp\/v2\/pages\/6163\/revisions\/7678"}],"wp:attachment":[{"href":"https:\/\/www.ficindaial.com.br\/fundacao\/wp-json\/wp\/v2\/media?parent=6163"}],"curies":[{"name":"wp","href":"https:\/\/api.w.org\/{rel}","templated":true}]}}