{"id":12709,"date":"2025-10-07T10:29:47","date_gmt":"2025-10-07T13:29:47","guid":{"rendered":"https:\/\/www.ficindaial.com.br\/fundacao\/?page_id=12709"},"modified":"2025-11-19T07:04:58","modified_gmt":"2025-11-19T10:04:58","slug":"6a-conferencia-municipal-de-cultura","status":"publish","type":"page","link":"https:\/\/www.ficindaial.com.br\/fundacao\/6a-conferencia-municipal-de-cultura\/","title":{"rendered":"6\u00aa Conferencia Municipal de Cultura"},"content":{"rendered":"\n\n\n<p>A <strong>6\u00aa Confer\u00eancia Municipal de Cultura, <\/strong>ser\u00e1 realizada no dia 18 de Outubro de 2025, um espa\u00e7o aberto ao di\u00e1logo, participa\u00e7\u00e3o social e fortalecimento da cultura em nossa cidade.<\/p>\n\n\n\n<hr class=\"wp-block-separator has-alpha-channel-opacity\"\/>\n\n\n\n<p>Com o tema <strong>\u201cIndaial Cultura Presente e Planos para o Futuro\u201d<\/strong>, a Funda\u00e7\u00e3o Indaialense de Cultura atrav\u00e9s do Conselho Municipal de Cultura. convida a comunidade, artistas, gestores, representantes do poder p\u00fablico e convidados especiais para debater as pol\u00edticas culturais locais, refletir sobre os avan\u00e7os j\u00e1 alcan\u00e7ados e construir juntos novas propostas para os pr\u00f3ximos anos.<\/p>\n\n\n\n<hr class=\"wp-block-separator has-alpha-channel-opacity\"\/>\n\n\n\n<h3 class=\"wp-block-heading\"><strong>Quem pode participar?<\/strong><\/h3>\n\n\n\n<ul class=\"wp-block-list\">\n<li>Profissionais convidados pela comiss\u00e3o organizadora.<\/li>\n\n\n\n<li>Todos os cidad\u00e3os de Indaial, maiores de 16 anos (com direito a voz e voto).<\/li>\n\n\n\n<li>Representantes do poder p\u00fablico do munic\u00edpio.<\/li>\n\n\n\n<li>Interessados de outras cidades (como observadores, com direito a voz).<\/li>\n<\/ul>\n\n\n\n<hr class=\"wp-block-separator has-alpha-channel-opacity\"\/>\n\n\n\n<h3 class=\"wp-block-heading\"><strong>Programa\u00e7\u00e3o do dia<\/strong><\/h3>\n\n\n\n<p><strong>07h30<\/strong> \u2013 Recep\u00e7\u00e3o, credenciamento e caf\u00e9 de boas-vindas<br><strong>08h00<\/strong> \u2013 Abertura oficial com autoridades<br><strong>08h30<\/strong> \u2013 Leitura e aprova\u00e7\u00e3o do Regimento Interno<br>0<strong>8h45<\/strong> \u2013 Palestra <em>Pol\u00edticas P\u00fablicas para Cultura e Sociedade<\/em>, com <strong>Catarina Kinas<\/strong> (Comit\u00ea de Cultura de Santa Catarina)<br><strong>10h45 &#8211;<\/strong> Apresenta\u00e7\u00e3o dos Eixos &#8211; Relat\u00f3rio dos Eixos 1, 2, 3 e 4 das metas de curto prazo<br><strong>11h00 &#8211; <\/strong>Discuss\u00e3o e aprova\u00e7\u00e3o do relat\u00f3rio dos Eixos Relat\u00f3rio dos Eixos 1, 2, 3 e 4 das metas de curto prazo<br><strong>11h30<\/strong> \u2013 Elei\u00e7\u00e3o dos novos membros do Conselho Municipal de Pol\u00edticas Culturais (Gest\u00e3o 2026\/2027)<br><strong>12h00<\/strong> \u2013 Encerramento<\/p>\n\n\n\n<p><img decoding=\"async\" draggable=\"false\" role=\"img\" class=\"emoji\" src=\"https:\/\/s.w.org\/images\/core\/emoji\/16.0.1\/svg\/1f539.svg\" alt=\"&#x1f539;\"> <strong>Media\u00e7\u00e3o da Confer\u00eancia:<\/strong><br><strong>Marcos Liz<\/strong>, coordenador de servi\u00e7os da cultura do <strong>CIMVI<\/strong>.<\/p>\n\n\n\n\n\n<hr class=\"wp-block-separator has-alpha-channel-opacity\"\/>\n\n\n\n<h3 class=\"wp-block-heading\"><strong>Por que participar?<\/strong><\/h3>\n\n\n\n<p><em><strong>A confer\u00eancia \u00e9 uma oportunidade de:<br><\/strong><\/em><img decoding=\"async\" draggable=\"false\" role=\"img\" class=\"emoji\" src=\"https:\/\/s.w.org\/images\/core\/emoji\/16.0.1\/svg\/2714.svg\" alt=\"&#x2714;&#xfe0f;\"> Contribuir ativamente para as pol\u00edticas p\u00fablicas de cultura em Indaial.<br><img decoding=\"async\" draggable=\"false\" role=\"img\" class=\"emoji\" src=\"https:\/\/s.w.org\/images\/core\/emoji\/16.0.1\/svg\/2714.svg\" alt=\"&#x2714;&#xfe0f;\"> Ampliar a participa\u00e7\u00e3o social e o di\u00e1logo entre comunidade e poder p\u00fablico.<br><img decoding=\"async\" draggable=\"false\" role=\"img\" class=\"emoji\" src=\"https:\/\/s.w.org\/images\/core\/emoji\/16.0.1\/svg\/2714.svg\" alt=\"&#x2714;&#xfe0f;\"> Eleger os representantes do Conselho Municipal de Pol\u00edticas Culturais para o pr\u00f3ximo bi\u00eanio.<br><img decoding=\"async\" draggable=\"false\" role=\"img\" class=\"emoji\" src=\"https:\/\/s.w.org\/images\/core\/emoji\/16.0.1\/svg\/2714.svg\" alt=\"&#x2714;&#xfe0f;\"> Fortalecer a cultura como direito de todos e como motor de desenvolvimento social.<\/p>\n\n\n\n<hr class=\"wp-block-separator has-alpha-channel-opacity\"\/>\n\n\n\n<figure class=\"wp-block-image size-large\"><img loading=\"lazy\" decoding=\"async\" width=\"1024\" height=\"166\" src=\"https:\/\/www.ficindaial.com.br\/fundacao\/wp-content\/uploads\/2025\/10\/BANNER-7-1024x166.png\" alt=\"\" class=\"wp-image-12721\" srcset=\"https:\/\/www.ficindaial.com.br\/fundacao\/wp-content\/uploads\/2025\/10\/BANNER-7-1024x166.png 1024w, https:\/\/www.ficindaial.com.br\/fundacao\/wp-content\/uploads\/2025\/10\/BANNER-7-300x49.png 300w, https:\/\/www.ficindaial.com.br\/fundacao\/wp-content\/uploads\/2025\/10\/BANNER-7-768x125.png 768w, https:\/\/www.ficindaial.com.br\/fundacao\/wp-content\/uploads\/2025\/10\/BANNER-7.png 1466w\" sizes=\"(max-width: 1024px) 100vw, 1024px\" \/><\/figure>\n\n\n\n<hr class=\"wp-block-separator has-alpha-channel-opacity\"\/>\n\n\n\n<p>O <strong>Conselho Municipal de Cultura<\/strong> est\u00e1 com inscri\u00e7\u00f5es abertas para a <strong>sele\u00e7\u00e3o de novos(as) conselheiros(as) representantes da sociedade civil<\/strong>. Esta \u00e9 a sua chance de fazer parte de um espa\u00e7o democr\u00e1tico, colaborativo e essencial para a constru\u00e7\u00e3o de pol\u00edticas p\u00fablicas culturais mais justas, inclusivas e representativas.<\/p>\n\n\n\n<h4 class=\"wp-block-heading\"><img decoding=\"async\" draggable=\"false\" role=\"img\" class=\"emoji\" src=\"https:\/\/s.w.org\/images\/core\/emoji\/16.0.1\/svg\/1f4cc.svg\" alt=\"&#x1f4cc;\"> Quem pode participar?<\/h4>\n\n\n\n<p>Artistas, produtores culturais, representantes de coletivos, grupos tradicionais, entidades culturais, institui\u00e7\u00f5es de ensino, agentes culturais independentes e demais cidad\u00e3os e cidad\u00e3s engajados com a cultura local.<\/p>\n\n\n\n<h4 class=\"wp-block-heading\"><img decoding=\"async\" draggable=\"false\" role=\"img\" class=\"emoji\" src=\"https:\/\/s.w.org\/images\/core\/emoji\/16.0.1\/svg\/1f3af.svg\" alt=\"&#x1f3af;\"> O que faz um(a) Conselheiro(a) de Cultura?<\/h4>\n\n\n\n<ul class=\"wp-block-list\">\n<li>Representa sua \u00e1rea ou segmento cultural no Conselho;<\/li>\n\n\n\n<li>Colabora na formula\u00e7\u00e3o e fiscaliza\u00e7\u00e3o de pol\u00edticas p\u00fablicas de cultura;<\/li>\n\n\n\n<li>Participa das decis\u00f5es sobre editais, fundos e a\u00e7\u00f5es culturais no munic\u00edpio;<\/li>\n\n\n\n<li>Atua como elo entre a comunidade cultural e o poder p\u00fablico.<\/li>\n<\/ul>\n\n\n\n<h4 class=\"wp-block-heading\">Vamos juntos fortalecer a cultura local!<\/h4>\n\n\n\n<p>A sua voz \u00e9 fundamental para garantir uma cultura viva, plural e acess\u00edvel a todos. Participe, represente e fa\u00e7a a diferen\u00e7a!<\/p>\n\n\n\n<p><strong>Quer fazer parte do evento e contribuir com a cultura da nossa cidade? Inscreva-se abaixo! Se tamb\u00e9m tiver interesse em ser Conselheiro(a) de Cultura, marque essa op\u00e7\u00e3o no formul\u00e1rio e venha construir conosco.<\/strong><\/p>\n\n\n\n\n\n<p><strong>DECRETO DE CONVOCA\u00c7\u00c3O<\/strong><\/p>\n\n\n\n<div data-wp-interactive=\"core\/file\" class=\"wp-block-file\"><object data-wp-bind--hidden=\"!state.hasPdfPreview\" hidden class=\"wp-block-file__embed\" data=\"https:\/\/www.ficindaial.com.br\/fundacao\/wp-content\/uploads\/2025\/10\/6a-CONFERENCIA-DE-CULTURA-CONVOCACAO-1.pdf\" type=\"application\/pdf\" style=\"width:100%;height:300px\" aria-label=\"Incorporado de 6\u00aa CONFER\u00caNCIA DE CULTURA - CONVOCA\u00c7\u00c3O.\"><\/object><a id=\"wp-block-file--media-063e89c7-8f82-4610-ac48-35218dacec5b\" href=\"https:\/\/www.ficindaial.com.br\/fundacao\/wp-content\/uploads\/2025\/10\/6a-CONFERENCIA-DE-CULTURA-CONVOCACAO-1.pdf\">6\u00aa CONFER\u00caNCIA DE CULTURA &#8211; CONVOCA\u00c7\u00c3O<\/a><a href=\"https:\/\/www.ficindaial.com.br\/fundacao\/wp-content\/uploads\/2025\/10\/6a-CONFERENCIA-DE-CULTURA-CONVOCACAO-1.pdf\" class=\"wp-block-file__button wp-element-button\" download aria-describedby=\"wp-block-file--media-063e89c7-8f82-4610-ac48-35218dacec5b\">Baixar<\/a><\/div>\n\n\n\n<hr class=\"wp-block-separator has-alpha-channel-opacity\"\/>\n\n\n\n<p><strong>REGIMENTO INTERNO<\/strong><\/p>\n\n\n\n<div data-wp-interactive=\"core\/file\" class=\"wp-block-file\"><object data-wp-bind--hidden=\"!state.hasPdfPreview\" hidden class=\"wp-block-file__embed\" data=\"https:\/\/www.ficindaial.com.br\/fundacao\/wp-content\/uploads\/2025\/10\/Regimento-Interno-6a-Conferencia-de-Cultura-de-Indaial-4.pdf\" type=\"application\/pdf\" style=\"width:100%;height:356px\" aria-label=\"Incorporado de Regimento Interno - 6\u00aa Confer\u00eancia de Cultura de Indaial (4).\"><\/object><a id=\"wp-block-file--media-31760f40-3f9b-4416-a0dd-3b8cde581b1a\" href=\"https:\/\/www.ficindaial.com.br\/fundacao\/wp-content\/uploads\/2025\/10\/Regimento-Interno-6a-Conferencia-de-Cultura-de-Indaial-4.pdf\">Regimento Interno &#8211; 6\u00aa Confer\u00eancia de Cultura de Indaial (4)<\/a><a href=\"https:\/\/www.ficindaial.com.br\/fundacao\/wp-content\/uploads\/2025\/10\/Regimento-Interno-6a-Conferencia-de-Cultura-de-Indaial-4.pdf\" class=\"wp-block-file__button wp-element-button\" download aria-describedby=\"wp-block-file--media-31760f40-3f9b-4416-a0dd-3b8cde581b1a\">Baixar<\/a><\/div>\n\n\n\n<hr class=\"wp-block-separator has-alpha-channel-opacity\"\/>\n\n\n\n<hr class=\"wp-block-separator has-alpha-channel-opacity\"\/>\n\n\n\n<p><strong>RELAT\u00d3RIO DE CUMPRIMENTO DOS EIXOS <\/strong><\/p>\n\n\n\n\n","protected":false},"excerpt":{"rendered":"<p>A 6\u00aa Confer\u00eancia Municipal de Cultura, ser\u00e1 realizada no dia 18 de Outubro de 2025, um espa\u00e7o aberto ao di\u00e1logo, participa\u00e7\u00e3o social e fortalecimento da cultura em nossa cidade. Com o tema \u201cIndaial Cultura Presente e Planos para o Futuro\u201d,<\/p>\n","protected":false},"author":2,"featured_media":0,"parent":0,"menu_order":0,"comment_status":"closed","ping_status":"closed","template":"","meta":{"saved_in_kubio":true,"ngg_post_thumbnail":0,"footnotes":""},"class_list":["post-12709","page","type-page","status-publish","hentry"],"kubio_ai_page_context":{"short_desc":"","purpose":"general"},"_links":{"self":[{"href":"https:\/\/www.ficindaial.com.br\/fundacao\/wp-json\/wp\/v2\/pages\/12709","targetHints":{"allow":["GET"]}}],"collection":[{"href":"https:\/\/www.ficindaial.com.br\/fundacao\/wp-json\/wp\/v2\/pages"}],"about":[{"href":"https:\/\/www.ficindaial.com.br\/fundacao\/wp-json\/wp\/v2\/types\/page"}],"author":[{"embeddable":true,"href":"https:\/\/www.ficindaial.com.br\/fundacao\/wp-json\/wp\/v2\/users\/2"}],"replies":[{"embeddable":true,"href":"https:\/\/www.ficindaial.com.br\/fundacao\/wp-json\/wp\/v2\/comments?post=12709"}],"version-history":[{"count":17,"href":"https:\/\/www.ficindaial.com.br\/fundacao\/wp-json\/wp\/v2\/pages\/12709\/revisions"}],"predecessor-version":[{"id":12837,"href":"https:\/\/www.ficindaial.com.br\/fundacao\/wp-json\/wp\/v2\/pages\/12709\/revisions\/12837"}],"wp:attachment":[{"href":"https:\/\/www.ficindaial.com.br\/fundacao\/wp-json\/wp\/v2\/media?parent=12709"}],"curies":[{"name":"wp","href":"https:\/\/api.w.org\/{rel}","templated":true}]}}