{"id":11217,"date":"2025-01-09T12:03:50","date_gmt":"2025-01-09T15:03:50","guid":{"rendered":"https:\/\/www.ficindaial.com.br\/fundacao\/?page_id=11217"},"modified":"2025-11-06T14:45:50","modified_gmt":"2025-11-06T17:45:50","slug":"feira-de-rua-flor-e-ser-2025","status":"publish","type":"page","link":"https:\/\/www.ficindaial.com.br\/fundacao\/feira-de-rua-flor-e-ser-2025\/","title":{"rendered":"Feira de Rua Flor e Ser 2025"},"content":{"rendered":"\n<figure class=\"wp-block-image size-large\"><img loading=\"lazy\" decoding=\"async\" width=\"1024\" height=\"215\" src=\"https:\/\/www.ficindaial.com.br\/fundacao\/wp-content\/uploads\/2025\/01\/BANNERS-SITE-44-1-1024x215.png\" alt=\"\" class=\"wp-image-11223\" srcset=\"https:\/\/www.ficindaial.com.br\/fundacao\/wp-content\/uploads\/2025\/01\/BANNERS-SITE-44-1-1024x215.png 1024w, https:\/\/www.ficindaial.com.br\/fundacao\/wp-content\/uploads\/2025\/01\/BANNERS-SITE-44-1-300x63.png 300w, https:\/\/www.ficindaial.com.br\/fundacao\/wp-content\/uploads\/2025\/01\/BANNERS-SITE-44-1-768x161.png 768w, https:\/\/www.ficindaial.com.br\/fundacao\/wp-content\/uploads\/2025\/01\/BANNERS-SITE-44-1-1536x322.png 1536w, https:\/\/www.ficindaial.com.br\/fundacao\/wp-content\/uploads\/2025\/01\/BANNERS-SITE-44-1-2048x429.png 2048w\" sizes=\"(max-width: 1024px) 100vw, 1024px\" \/><\/figure>\n\n\n\n<hr class=\"wp-block-separator has-alpha-channel-opacity\"\/>\n\n\n\n<p><strong>SOBRE<\/strong><\/p>\n\n\n\n<p>A&nbsp;<strong><em>Feira de<\/em><\/strong>&nbsp;<strong><em>Rua Flor&amp;Ser<\/em><\/strong>&nbsp;de Indaial visa movimentar a economia; fomentar a arte e a cultura; trazer trocas e viv\u00eancias entre as pessoas propiciando um ambiente de conv\u00edvio, viabilizando a exposi\u00e7\u00e3o e comercializa\u00e7\u00e3o de produtos que colaborem para a valoriza\u00e7\u00e3o da cultura Indaialense e do Vale Europeu.<\/p>\n\n\n\n<p><strong>Os produtos expostos e\/ou comercializados na Feira de Rua Flor &amp; Ser devem ter as seguintes caracter\u00edsticas:<\/strong><br>a) Produto resultante de trabalho artesanal;<br>b) Obras de arte produzidas por artistas pl\u00e1sticos;<br>c) Obras liter\u00e1rias;<br>d) Produtos de antiguidade e raridades;<br>e) Flores, plantas ornamentais e medicinais;<br>f) Preocupa\u00e7\u00e3o com a preserva\u00e7\u00e3o ambiental, inclus\u00e3o social e com os conceitos de sustentabilidade.<\/p>\n\n\n\n<p><strong>\u2014 LEMBRANDO QUE N\u00c3O S\u00c3O PERMITIDOS PRODUTOS DE REVENDA \u2014<\/strong><\/p>\n\n\n\n<p>LEIA O REGULAMENTO, E VERIFIQUE SE SEU PRODUTO ENT\u00c1 DENTRO DOS PAR\u00c2METROS DA FEIRA. <\/p>\n\n\n\n<hr class=\"wp-block-separator has-alpha-channel-opacity\"\/>\n\n\n\n<p><strong>EDI\u00c7\u00c3O 010 &#8211; FEIRA DE RUA FLOR E SER &#8211;  CDL NA PRA\u00c7A<br><\/strong><\/p>\n\n\n\n<p class=\"has-kubio-color-2-color has-text-color has-link-color wp-elements-952670cf2fd73fd33198dd5c7340043f\"><strong>A realiza\u00e7\u00e3o do evento depende a estabilidade clim\u00e1tica<\/strong><\/p>\n\n\n\n<p><strong>INFORMA\u00c7\u00d5ES:<\/strong><br><strong>08 DE NOVEMBRO DE 2025<br><\/strong>Local: Pra\u00e7a da Prefeitura<br>Hor\u00e1rio da Feira: 9h \u00e0s 17h<br>Montagem &#8211; das 7h30 \u00e0s 8h30 &#8211; Desmontagem ap\u00f3s 17h00.<br><strong><em>ATEN\u00c7\u00c3O: Ser\u00e3o disponibilizadas somente 25 vagas<\/em><\/strong><\/p>\n\n\n\n<p><strong><br><\/strong><\/p>\n\n\n\n<p><strong>PER\u00cdODO DE INSCRI\u00c7\u00c3O:<\/strong> 31 de Outubro a 05 de Novembro de 2025.<br><strong>PUBLICA\u00c7\u00c3O DOS SELECIONADOS<\/strong>: 06  de Novembro de 2025.<\/p>\n\n\n\n\n\n\n\n<p><br><\/p>\n\n\n\n<hr class=\"wp-block-separator has-alpha-channel-opacity\"\/>\n\n\n\n<div data-wp-interactive=\"core\/file\" class=\"wp-block-file\"><object data-wp-bind--hidden=\"!state.hasPdfPreview\" hidden class=\"wp-block-file__embed\" data=\"https:\/\/www.ficindaial.com.br\/fundacao\/wp-content\/uploads\/2025\/10\/013_2025-Regulamento-Feira-de-Rua-Flor-Ser-.pdf\" type=\"application\/pdf\" style=\"width:100%;height:600px\" aria-label=\"Incorporado de 013_2025 - Regulamento Feira de Rua Flor &amp; Ser.\"><\/object><a id=\"wp-block-file--media-fb13d457-030b-4a9d-bfcb-a6326eefdd5a\" href=\"https:\/\/www.ficindaial.com.br\/fundacao\/wp-content\/uploads\/2025\/10\/013_2025-Regulamento-Feira-de-Rua-Flor-Ser-.pdf\">013_2025 &#8211; Regulamento Feira de Rua Flor &amp; Ser<\/a><a href=\"https:\/\/www.ficindaial.com.br\/fundacao\/wp-content\/uploads\/2025\/10\/013_2025-Regulamento-Feira-de-Rua-Flor-Ser-.pdf\" class=\"wp-block-file__button wp-element-button\" download aria-describedby=\"wp-block-file--media-fb13d457-030b-4a9d-bfcb-a6326eefdd5a\">Baixar<\/a><\/div>\n\n\n\n<hr class=\"wp-block-separator has-alpha-channel-opacity\"\/>\n\n\n\n\n\n<hr class=\"wp-block-separator has-alpha-channel-opacity\"\/>\n\n\n\n\n\n<hr class=\"wp-block-separator has-alpha-channel-opacity\"\/>\n","protected":false},"excerpt":{"rendered":"<p>SOBRE A&nbsp;Feira de&nbsp;Rua Flor&amp;Ser&nbsp;de Indaial visa movimentar a economia; fomentar a arte e a cultura; trazer trocas e viv\u00eancias entre as pessoas propiciando um ambiente de conv\u00edvio, viabilizando a exposi\u00e7\u00e3o e comercializa\u00e7\u00e3o de produtos que colaborem para a valoriza\u00e7\u00e3o da<\/p>\n","protected":false},"author":2,"featured_media":0,"parent":0,"menu_order":0,"comment_status":"closed","ping_status":"closed","template":"","meta":{"saved_in_kubio":true,"ngg_post_thumbnail":0,"footnotes":""},"class_list":["post-11217","page","type-page","status-publish","hentry"],"kubio_ai_page_context":{"short_desc":"","purpose":"general"},"_links":{"self":[{"href":"https:\/\/www.ficindaial.com.br\/fundacao\/wp-json\/wp\/v2\/pages\/11217","targetHints":{"allow":["GET"]}}],"collection":[{"href":"https:\/\/www.ficindaial.com.br\/fundacao\/wp-json\/wp\/v2\/pages"}],"about":[{"href":"https:\/\/www.ficindaial.com.br\/fundacao\/wp-json\/wp\/v2\/types\/page"}],"author":[{"embeddable":true,"href":"https:\/\/www.ficindaial.com.br\/fundacao\/wp-json\/wp\/v2\/users\/2"}],"replies":[{"embeddable":true,"href":"https:\/\/www.ficindaial.com.br\/fundacao\/wp-json\/wp\/v2\/comments?post=11217"}],"version-history":[{"count":59,"href":"https:\/\/www.ficindaial.com.br\/fundacao\/wp-json\/wp\/v2\/pages\/11217\/revisions"}],"predecessor-version":[{"id":12800,"href":"https:\/\/www.ficindaial.com.br\/fundacao\/wp-json\/wp\/v2\/pages\/11217\/revisions\/12800"}],"wp:attachment":[{"href":"https:\/\/www.ficindaial.com.br\/fundacao\/wp-json\/wp\/v2\/media?parent=11217"}],"curies":[{"name":"wp","href":"https:\/\/api.w.org\/{rel}","templated":true}]}}