{"id":10559,"date":"2024-06-04T18:52:40","date_gmt":"2024-06-04T21:52:40","guid":{"rendered":"https:\/\/www.ficindaial.com.br\/fundacao\/?page_id=10559"},"modified":"2024-07-06T10:43:38","modified_gmt":"2024-07-06T13:43:38","slug":"desfile-caipira-2024","status":"publish","type":"page","link":"https:\/\/www.ficindaial.com.br\/fundacao\/desfile-caipira-2024\/","title":{"rendered":"Desfile Caipira &#8211; 2024"},"content":{"rendered":"\n<figure class=\"wp-block-image alignleft size-large is-resized\"><img loading=\"lazy\" decoding=\"async\" width=\"585\" height=\"1024\" src=\"https:\/\/www.ficindaial.com.br\/fundacao\/wp-content\/uploads\/2024\/06\/WhatsApp-Image-2024-06-05-at-10.19.17-585x1024.jpeg\" alt=\"\" class=\"wp-image-10578\" style=\"width:231px;height:auto\" srcset=\"https:\/\/www.ficindaial.com.br\/fundacao\/wp-content\/uploads\/2024\/06\/WhatsApp-Image-2024-06-05-at-10.19.17-585x1024.jpeg 585w, https:\/\/www.ficindaial.com.br\/fundacao\/wp-content\/uploads\/2024\/06\/WhatsApp-Image-2024-06-05-at-10.19.17-171x300.jpeg 171w, https:\/\/www.ficindaial.com.br\/fundacao\/wp-content\/uploads\/2024\/06\/WhatsApp-Image-2024-06-05-at-10.19.17.jpeg 731w\" sizes=\"(max-width: 585px) 100vw, 585px\" \/><\/figure>\n\n\n\n<p>O Tradicional<strong> Desfile Caipira de 2024<\/strong> est\u00e1 com<strong> inscri\u00e7\u00f5es abertas! <\/strong>Traga seus amigos e participe desta festa!<\/p>\n\n\n\n<p><br>Este desfile teve in\u00edcio em 1959, junto com o Baile Caipira da Sociedade Recreativa de Indaial, marcando a chegada dos foli\u00f5es ao &#8220;<em>Arrai\u00e1<\/em>&#8221; de forma espont\u00e2nea ao longo dos anos. Ser\u00e1 uma vibrante celebra\u00e7\u00e3o das tradi\u00e7\u00f5es e cultura caipira, com m\u00fasica, dan\u00e7a para alegrar a todos. Uma oportunidade \u00fanica para vivenciar a riqueza cultural da regi\u00e3o e fortalecer os la\u00e7os comunit\u00e1rios. Todos s\u00e3o bem-vindos a participar, como espectadores ou foli\u00f5es, tornando esta edi\u00e7\u00e3o ainda mais memor\u00e1vel.<\/p>\n\n\n\n<p>O evento \u00e9 uma colabora\u00e7\u00e3o entre a DCX Eventos, Sociedade Recreativa de Indaial e Prefeitura de Indaial, atrav\u00e9s de suas secretarias: Coordenadoria de Desenvolvimento Econ\u00f4mico, Eventos e Turismo, e Funda\u00e7\u00e3o Indaialense de Cultura.<\/p>\n\n\n\n<p>N\u00e3o perca a chance de fazer parte de uma tradi\u00e7\u00e3o transmitida de gera\u00e7\u00e3o em gera\u00e7\u00e3o, celebrando a alegria e uni\u00e3o do povo. <em><strong>Preparem seus trajes t\u00edpicos, aque\u00e7am os tambores e venham celebrar conosco no Desfile Caipira de 2024!<\/strong><\/em><\/p>\n\n\n\n<hr class=\"wp-block-separator has-alpha-channel-opacity\"\/>\n\n\n\n<p><strong>OBJETIVOS<\/strong><\/p>\n\n\n\n<h5 class=\"wp-block-heading\"><\/h5>\n\n\n\n<ul class=\"wp-block-list\">\n<li>Resgatar a originalidade das Tradi\u00e7\u00e3o das Festas Caipiras na Cidade;<\/li>\n\n\n\n<li>Divulgar a Cidade de Indaial Turisticamente.<\/li>\n\n\n\n<li>Organizar os Grupos de Foli\u00f5es Para a Chegada ao Baile;<\/li>\n\n\n\n<li>Proporcionar Entretenimento aos Foli\u00f5es, Comunidade e Visitantes;<\/li>\n\n\n\n<li>Melhorar o Fluxo de Foli\u00f5es no Centro da cidade.<\/li>\n<\/ul>\n\n\n\n<hr class=\"wp-block-separator has-alpha-channel-opacity\"\/>\n\n\n\n<p><strong>DATA E LOCAL DO DESFILE<\/strong><\/p>\n\n\n\n<p style=\"font-size:18px\"><strong>Data: 06 de Julho de 2024<br>Hor\u00e1rio<\/strong>: 20h30min<br><strong>Local<\/strong>: Av. Get\u00falio Vargas <br><em>(Veja o regulamento para informa\u00e7\u00f5es sobre hor\u00e1rio e local de concentra\u00e7\u00e3o e dispers\u00e3o)<\/em><\/p>\n\n\n\n<hr class=\"wp-block-separator has-alpha-channel-opacity\"\/>\n\n\n\n<p><strong>PARTICIPA\u00c7\u00c3O<\/strong><\/p>\n\n\n\n<p>A participa\u00e7\u00e3o estar\u00e1 organizada em grupos que formar\u00e3o pelot\u00f5es e seguir\u00e3o ordem definida pela Comiss\u00e3o Organizadora. O pelot\u00e3o dever\u00e1 ser formado de 12  a 50 integrantes.<\/p>\n\n\n\n<p><strong><em>\u00c9 obrigat\u00f3rio o uso de trajes caipiras, alusivos ao tema do desfile, a todos os integrantes que comp\u00f5em os pelot\u00f5es.<\/em><\/strong><\/p>\n\n\n\n<p><strong><em>Somente poder\u00e1 participar do desfile o grupo que realizar inscri\u00e7\u00e3o pr\u00e9via.<\/em><\/strong><\/p>\n\n\n\n<hr class=\"wp-block-separator has-alpha-channel-opacity\"\/>\n\n\n\n<p><strong>PREMIA\u00c7\u00c3O<\/strong><\/p>\n\n\n\n<p>Haver\u00e1 premia\u00e7\u00e3o para 03 grupos que ser\u00e3o avaliados por uma Comiss\u00e3o Avaliadora.<br>Os pr\u00eamios ser\u00e3o distribu\u00eddos da seguinte forma:<br>1\u00ba Lugar: R$ 1200,00 (mil e duzentos reais)<br>2\u00aa Lugar: R$ 700,00 (setecentos reais)<br>3\u00ba Lugar: R$ 300,00 (trezentos reais)<\/p>\n\n\n\n<p>Todas as equipes que participarem do desfile ganhar\u00e3o 10 ingressos para o Baile.<\/p>\n\n\n\n<hr class=\"wp-block-separator has-alpha-channel-opacity\"\/>\n\n\n\n<p><strong>CARROS NO DESFILE<\/strong><\/p>\n\n\n\n<p>Cada pelot\u00e3o poder\u00e1 ter no m\u00e1ximo 3 (tr\u00eas) ve\u00edculos no percurso do desfile, poder\u00e3o ser utilizados os ve\u00edculos: camionetes, ve\u00edculos de passeio, tratores, carro\u00e7as puxadas por trator ou similar, lambretas e bicicletas. Por motivo de seguran\u00e7a fica expressamente proibido o uso de CAMINH\u00d5ES e subir na cabine e cap\u00f4 dos ve\u00edculos.<\/p>\n\n\n\n<hr class=\"wp-block-separator has-alpha-channel-opacity\"\/>\n\n\n\n<p><strong>REGULAMENTO<\/strong><\/p>\n\n\n\n<div class=\"wp-block-file\"><a id=\"wp-block-file--media-8bb98d51-9b52-436f-80f8-220a8dee801b\" href=\"https:\/\/www.ficindaial.com.br\/fundacao\/wp-content\/uploads\/2024\/06\/REGULAMENTO-DESFILE-CAIPIRA-2024.pdf\">REGULAMENTO-DESFILE-CAIPIRA-2024<\/a><a href=\"https:\/\/www.ficindaial.com.br\/fundacao\/wp-content\/uploads\/2024\/06\/REGULAMENTO-DESFILE-CAIPIRA-2024.pdf\" class=\"wp-block-file__button wp-element-button\" download aria-describedby=\"wp-block-file--media-8bb98d51-9b52-436f-80f8-220a8dee801b\">Baixar<\/a><\/div>\n\n\n\n<hr class=\"wp-block-separator has-alpha-channel-opacity\"\/>\n\n\n\n<p><strong>RETIFICA\u00c7\u00c3O DO REGULAMENTO (Comiss\u00e3o Avaliadora)<\/strong><\/p>\n\n\n\n<div data-wp-interactive=\"core\/file\" class=\"wp-block-file\"><object data-wp-bind--hidden=\"!state.hasPdfPreview\" hidden class=\"wp-block-file__embed\" data=\"https:\/\/www.ficindaial.com.br\/fundacao\/wp-content\/uploads\/2024\/07\/REGULAMENTO-DESFILE-CAIPIRA-2024-2.pdf\" type=\"application\/pdf\" style=\"width:100%;height:600px\" aria-label=\"Incorporado de REGULAMENTO-DESFILE-CAIPIRA-2024-2.\"><\/object><a id=\"wp-block-file--media-9e2e4f2b-3033-4e3d-8dd6-c8231cea819b\" href=\"https:\/\/www.ficindaial.com.br\/fundacao\/wp-content\/uploads\/2024\/07\/REGULAMENTO-DESFILE-CAIPIRA-2024-2.pdf\">REGULAMENTO-DESFILE-CAIPIRA-2024-2<\/a><a href=\"https:\/\/www.ficindaial.com.br\/fundacao\/wp-content\/uploads\/2024\/07\/REGULAMENTO-DESFILE-CAIPIRA-2024-2.pdf\" class=\"wp-block-file__button wp-element-button\" download aria-describedby=\"wp-block-file--media-9e2e4f2b-3033-4e3d-8dd6-c8231cea819b\">Baixar<\/a><\/div>\n\n\n\n<p>Antes de fazer a inscri\u00e7\u00e3o, leia atentamente o regulamento.<\/p>\n\n\n\n<p class=\"has-background\" style=\"background-color:#f7f0ff\"><strong><a href=\"https:\/\/forms.gle\/pPaEm4XfkmCDvq9BA\">INSCRI\u00c7\u00d5ES DE GRUPOS<\/a><\/strong> (PRORROGADAS AT\u00c9 04 DE JULHO)<\/p>\n\n\n\n<p class=\"has-background\" style=\"background-color:#f7f0ff\"><strong><a href=\"https:\/\/forms.gle\/ugGN4Get9YfZFdM27\">INSCRI\u00c7\u00c3O DE VE\u00cdCULOS<\/a><\/strong><\/p>\n\n\n\n<p class=\"has-background\" style=\"background-color:#eaeaea\"><a href=\"https:\/\/www.ficindaial.com.br\/fundacao\/wp-content\/uploads\/2024\/07\/INSCRICOES-DESFILE-CAIPIRA-2024.pdf\">RELA\u00c7\u00c3O DOS INSCRITOS<\/a><\/p>\n\n\n\n<hr class=\"wp-block-separator has-alpha-channel-opacity\"\/>\n\n\n\n<p class=\"has-medium-font-size\"><strong>INFORMA\u00c7\u00c3O DE CONCENTRA\u00c7\u00c3O, ORDEM DO DESFILE E DISPERS\u00c3O:<\/strong><\/p>\n\n\n\n<div data-wp-interactive=\"core\/file\" class=\"wp-block-file\"><object data-wp-bind--hidden=\"!state.hasPdfPreview\" hidden class=\"wp-block-file__embed\" data=\"https:\/\/www.ficindaial.com.br\/fundacao\/wp-content\/uploads\/2024\/07\/ORDEM-DO-DESFILE-DESFILE-CAIPIRA-2024-2.pdf\" type=\"application\/pdf\" style=\"width:100%;height:600px\" aria-label=\"Incorporado de ORDEM-DO-DESFILE-DESFILE-CAIPIRA-2024-2.\"><\/object><a id=\"wp-block-file--media-aea349ca-c8ac-45a1-ba43-08a9d7c60bf0\" href=\"https:\/\/www.ficindaial.com.br\/fundacao\/wp-content\/uploads\/2024\/07\/ORDEM-DO-DESFILE-DESFILE-CAIPIRA-2024-2.pdf\">ORDEM-DO-DESFILE-DESFILE-CAIPIRA-2024-2<\/a><a href=\"https:\/\/www.ficindaial.com.br\/fundacao\/wp-content\/uploads\/2024\/07\/ORDEM-DO-DESFILE-DESFILE-CAIPIRA-2024-2.pdf\" class=\"wp-block-file__button wp-element-button\" download aria-describedby=\"wp-block-file--media-aea349ca-c8ac-45a1-ba43-08a9d7c60bf0\">Baixar<\/a><\/div>\n\n\n\n<hr class=\"wp-block-separator has-alpha-channel-opacity\"\/>\n","protected":false},"excerpt":{"rendered":"<p>O Tradicional Desfile Caipira de 2024 est\u00e1 com inscri\u00e7\u00f5es abertas! Traga seus amigos e participe desta festa! Este desfile teve in\u00edcio em 1959, junto com o Baile Caipira da Sociedade Recreativa de Indaial, marcando a chegada dos foli\u00f5es ao &#8220;Arrai\u00e1&#8221;<\/p>\n","protected":false},"author":2,"featured_media":0,"parent":0,"menu_order":0,"comment_status":"closed","ping_status":"closed","template":"","meta":{"saved_in_kubio":false,"ngg_post_thumbnail":0,"footnotes":""},"class_list":["post-10559","page","type-page","status-publish","hentry"],"kubio_ai_page_context":{"short_desc":"","purpose":"general"},"_links":{"self":[{"href":"https:\/\/www.ficindaial.com.br\/fundacao\/wp-json\/wp\/v2\/pages\/10559","targetHints":{"allow":["GET"]}}],"collection":[{"href":"https:\/\/www.ficindaial.com.br\/fundacao\/wp-json\/wp\/v2\/pages"}],"about":[{"href":"https:\/\/www.ficindaial.com.br\/fundacao\/wp-json\/wp\/v2\/types\/page"}],"author":[{"embeddable":true,"href":"https:\/\/www.ficindaial.com.br\/fundacao\/wp-json\/wp\/v2\/users\/2"}],"replies":[{"embeddable":true,"href":"https:\/\/www.ficindaial.com.br\/fundacao\/wp-json\/wp\/v2\/comments?post=10559"}],"version-history":[{"count":18,"href":"https:\/\/www.ficindaial.com.br\/fundacao\/wp-json\/wp\/v2\/pages\/10559\/revisions"}],"predecessor-version":[{"id":10687,"href":"https:\/\/www.ficindaial.com.br\/fundacao\/wp-json\/wp\/v2\/pages\/10559\/revisions\/10687"}],"wp:attachment":[{"href":"https:\/\/www.ficindaial.com.br\/fundacao\/wp-json\/wp\/v2\/media?parent=10559"}],"curies":[{"name":"wp","href":"https:\/\/api.w.org\/{rel}","templated":true}]}}