{"id":10090,"date":"2024-01-09T16:39:55","date_gmt":"2024-01-09T19:39:55","guid":{"rendered":"https:\/\/www.ficindaial.com.br\/fundacao\/?page_id=10090"},"modified":"2024-12-02T16:42:23","modified_gmt":"2024-12-02T19:42:23","slug":"feira-de-rua-florser-2024","status":"publish","type":"page","link":"https:\/\/www.ficindaial.com.br\/fundacao\/feira-de-rua-florser-2024\/","title":{"rendered":"Feira de Rua &#8211; Flor&#038;Ser (2024)"},"content":{"rendered":"\n<hr class=\"wp-block-separator has-alpha-channel-opacity\"\/>\n\n\n\n<figure class=\"wp-block-image size-large is-resized\"><img loading=\"lazy\" decoding=\"async\" width=\"1024\" height=\"215\" src=\"https:\/\/www.ficindaial.com.br\/fundacao\/wp-content\/uploads\/2024\/11\/BANNERS-SITE-41-1024x215.png\" alt=\"\" class=\"wp-image-10908\" style=\"width:1215px;height:auto\" srcset=\"https:\/\/www.ficindaial.com.br\/fundacao\/wp-content\/uploads\/2024\/11\/BANNERS-SITE-41-1024x215.png 1024w, https:\/\/www.ficindaial.com.br\/fundacao\/wp-content\/uploads\/2024\/11\/BANNERS-SITE-41-300x63.png 300w, https:\/\/www.ficindaial.com.br\/fundacao\/wp-content\/uploads\/2024\/11\/BANNERS-SITE-41-768x161.png 768w, https:\/\/www.ficindaial.com.br\/fundacao\/wp-content\/uploads\/2024\/11\/BANNERS-SITE-41-1536x322.png 1536w, https:\/\/www.ficindaial.com.br\/fundacao\/wp-content\/uploads\/2024\/11\/BANNERS-SITE-41-2048x429.png 2048w\" sizes=\"(max-width: 1024px) 100vw, 1024px\" \/><\/figure>\n\n\n\n<p><strong>SOBRE<\/strong><\/p>\n\n\n\n<p>A&nbsp;<strong><em>Feira de<\/em><\/strong>&nbsp;<strong><em>Rua Flor&amp;Ser<\/em><\/strong>&nbsp;de Indaial visa movimentar a economia; fomentar a arte e a cultura; trazer trocas e viv\u00eancias entre as pessoas propiciando um ambiente de conv\u00edvio, viabilizando a exposi\u00e7\u00e3o e comercializa\u00e7\u00e3o de produtos que colaborem para a valoriza\u00e7\u00e3o da cultura Indaialense e do Vale Europeu.<\/p>\n\n\n\n<p><strong>Os produtos expostos e\/ou comercializados na Feira de Rua Flor &amp; Ser devem ter as seguintes caracter\u00edsticas:<\/strong><br>a) Produto resultante de trabalho artesanal;<br>b) Obras de arte produzidas por artistas pl\u00e1sticos;<br>c) Obras liter\u00e1rias;<br>d) Produtos de antiguidade e raridades;<br>e) Flores, plantas ornamentais e medicinais;<br>f) Preocupa\u00e7\u00e3o com a preserva\u00e7\u00e3o ambiental, inclus\u00e3o social e com os conceitos de sustentabilidade.<\/p>\n\n\n\n<p><strong>&#8212;  LEMBRANDO QUE N\u00c3O S\u00c3O PERMITIDOS PRODUTOS DE REVENDA &#8212;<\/strong><\/p>\n\n\n\n<hr class=\"wp-block-separator has-alpha-channel-opacity\"\/>\n\n\n\n<p class=\"has-background has-medium-font-size\" style=\"background-color:#f8f7f1\"><strong><mark style=\"background-color:#fcf9ed\" class=\"has-inline-color\">PR\u00d3XIMAS EDI\u00c7\u00d5ES: <\/mark><\/strong><br><\/p>\n\n\n\n<figure class=\"wp-block-table\"><table class=\"has-fixed-layout\"><tbody><tr><td><strong>Data<\/strong><\/td><td><strong>Hor\u00e1rio<\/strong><\/td><td><strong>Local<\/strong><\/td><\/tr><tr><td>06\/12\/2024<\/td><td>19h \u00e0s 22h<\/td><td>Prox. C\u00e2mara Municipal<\/td><\/tr><tr><td>07\/12\/2024<\/td><td>18h \u00e0s 22h<\/td><td>Pra\u00e7a da Prefeitura de Indaial<\/td><\/tr><tr><td>08\/12\/2024<\/td><td>18h \u00e0s 22h<\/td><td>Pra\u00e7a da Prefeitura de Indaial<\/td><\/tr><tr><td>14\/12\/2024<\/td><td>18h \u00e0s 22h<\/td><td>Pra\u00e7a da Prefeitura de Indaial<\/td><\/tr><tr><td>15\/12\/2024<\/td><td>18h \u00e0s 22h<\/td><td>Pra\u00e7a da Prefeitura de Indaial<\/td><\/tr><tr><td>21\/12\/2024<\/td><td>18h \u00e0s 22h<\/td><td>Pra\u00e7a da Prefeitura de Indaial<\/td><\/tr><tr><td>22\/12\/2024<\/td><td>18h \u00e0s 22h<\/td><td>Pra\u00e7a da Prefeitura de Indaial<\/td><\/tr><\/tbody><\/table><\/figure>\n\n\n\n<p class=\"has-medium-font-size\"><strong>Ser\u00e3o aceitos at\u00e9 20 expositores por dia, e caber\u00e1 a Comiss\u00e3o Gestora da Feira de Rua Flor e Ser a sele\u00e7\u00e3o desses participantes conforme inscri\u00e7\u00f5es.&nbsp;<br><\/strong><\/p>\n\n\n\n<p class=\"has-background has-medium-font-size\" style=\"background-color:#f8f7f1\"><strong>MONTAGEM:<\/strong> 01(uma) hora antes do in\u00edcio da Feira<\/p>\n\n\n\n<hr class=\"wp-block-separator has-alpha-channel-opacity\"\/>\n\n\n\n<p class=\"has-background\" style=\"background-color:#f8f7f1;font-size:18px\"><strong>PER\u00cdODO DE INSCRI\u00c7\u00c3O:<\/strong> 19\/11 a 30\/11<br><strong>PUBLICA\u00c7\u00c3O DOS SELECIONADOS:<\/strong> 02\/12\/2024<\/p>\n\n\n\n<p><\/p>\n\n\n\n<p class=\"has-background has-medium-font-size\" style=\"background-color:#ebe5e5\"><strong><a href=\"https:\/\/forms.gle\/v6rtapiF7WBDdXA4A\">FORMUL\u00c1RIO DE INSCRI\u00c7\u00c3O<\/a><\/strong><\/p>\n\n\n\n<hr class=\"wp-block-separator has-alpha-channel-opacity\"\/>\n\n\n\n<p><strong>REGULAMENTO<\/strong><\/p>\n\n\n\n<p><\/p>\n\n\n\n<div data-wp-interactive=\"core\/file\" class=\"wp-block-file\"><object data-wp-bind--hidden=\"!state.hasPdfPreview\" hidden class=\"wp-block-file__embed\" data=\"https:\/\/www.ficindaial.com.br\/fundacao\/wp-content\/uploads\/2024\/11\/013_2024-Regulamento-Feira-de-Rua-Flor-Ser-Natal-2.pdf\" type=\"application\/pdf\" style=\"width:100%;height:600px\" aria-label=\"Incorporado de 013_2024 - Regulamento Feira de Rua Flor &amp; Ser  - Natal (2).\"><\/object><a id=\"wp-block-file--media-9c8478b7-56da-43d0-b362-b7ab8771c847\" href=\"https:\/\/www.ficindaial.com.br\/fundacao\/wp-content\/uploads\/2024\/11\/013_2024-Regulamento-Feira-de-Rua-Flor-Ser-Natal-2.pdf\">013_2024 &#8211; Regulamento Feira de Rua Flor &amp; Ser  &#8211; Natal (2)<\/a><a href=\"https:\/\/www.ficindaial.com.br\/fundacao\/wp-content\/uploads\/2024\/11\/013_2024-Regulamento-Feira-de-Rua-Flor-Ser-Natal-2.pdf\" class=\"wp-block-file__button wp-element-button\" download aria-describedby=\"wp-block-file--media-9c8478b7-56da-43d0-b362-b7ab8771c847\">Baixar<\/a><\/div>\n\n\n\n<hr class=\"wp-block-separator has-alpha-channel-opacity\"\/>\n\n\n\n<p>EDITAL 013\/2024 &#8211; PROGRAMA\u00c7\u00c3O DE NATAL &#8211; LISTA DE FEIRANTES APROVADOS<\/p>\n\n\n\n<div data-wp-interactive=\"core\/file\" class=\"wp-block-file\"><object data-wp-bind--hidden=\"!state.hasPdfPreview\" hidden class=\"wp-block-file__embed\" data=\"https:\/\/www.ficindaial.com.br\/fundacao\/wp-content\/uploads\/2024\/12\/RELACAO-DE-APROVADOS-13_2024-FEIRA-DE-NATAL-1.pdf\" type=\"application\/pdf\" style=\"width:100%;height:600px\" aria-label=\"Incorporado de RELA\u00c7\u00c3O DE APROVADOS 13_2024 - FEIRA DE NATAL.\"><\/object><a id=\"wp-block-file--media-c5fae416-c965-422e-b72b-527085dbf1a4\" href=\"https:\/\/www.ficindaial.com.br\/fundacao\/wp-content\/uploads\/2024\/12\/RELACAO-DE-APROVADOS-13_2024-FEIRA-DE-NATAL-1.pdf\">RELA\u00c7\u00c3O DE APROVADOS 13_2024 &#8211; FEIRA DE NATAL<\/a><a href=\"https:\/\/www.ficindaial.com.br\/fundacao\/wp-content\/uploads\/2024\/12\/RELACAO-DE-APROVADOS-13_2024-FEIRA-DE-NATAL-1.pdf\" class=\"wp-block-file__button wp-element-button\" download aria-describedby=\"wp-block-file--media-c5fae416-c965-422e-b72b-527085dbf1a4\">Baixar<\/a><\/div>\n\n\n\n<hr class=\"wp-block-separator has-alpha-channel-opacity\"\/>\n\n\n\n<p>EDITAL 012\/2024 &#8211; 09 de Novembro de 2024 &#8211; Pra\u00e7a da Prefeitura<\/p>\n\n\n\n<div class=\"wp-block-file\"><a id=\"wp-block-file--media-3ec7b4b4-17e8-4472-a0c0-775661a1511f\" href=\"https:\/\/www.ficindaial.com.br\/fundacao\/wp-content\/uploads\/2024\/11\/RELACAO-DE-APROVADOS-12_2024.pdf\">RELA\u00c7\u00c3O DE APROVADOS 12_2024<\/a><a href=\"https:\/\/www.ficindaial.com.br\/fundacao\/wp-content\/uploads\/2024\/11\/RELACAO-DE-APROVADOS-12_2024.pdf\" class=\"wp-block-file__button wp-element-button\" download aria-describedby=\"wp-block-file--media-3ec7b4b4-17e8-4472-a0c0-775661a1511f\">Baixar<\/a><\/div>\n\n\n\n<hr class=\"wp-block-separator has-alpha-channel-opacity\"\/>\n\n\n\n<p>EDITAL 01\/2024 &#8211; 05 de Outubro de 2024 &#8211; Pra\u00e7a da Prefeitura &#8211; CANCELADA<\/p>\n\n\n\n<hr class=\"wp-block-separator has-alpha-channel-opacity\"\/>\n\n\n\n<p>EDITAL 010\/2024 &#8211; 22 de Setembro de 2024 &#8211; Inaugura\u00e7\u00e3o PONTE VICE-PREFEITO ZELIR NEZI &#8211; TIROL\u201d<\/p>\n\n\n\n<div class=\"wp-block-file\"><a id=\"wp-block-file--media-07473edd-ab11-4124-b046-ccaff72e42fb\" href=\"https:\/\/www.ficindaial.com.br\/fundacao\/wp-content\/uploads\/2024\/09\/RELACAO-DE-APROVADOS-10_2024-22_09.pdf\">RELA\u00c7\u00c3O DE APROVADOS 10_2024 &#8211; 22_09<\/a><a href=\"https:\/\/www.ficindaial.com.br\/fundacao\/wp-content\/uploads\/2024\/09\/RELACAO-DE-APROVADOS-10_2024-22_09.pdf\" class=\"wp-block-file__button wp-element-button\" download aria-describedby=\"wp-block-file--media-07473edd-ab11-4124-b046-ccaff72e42fb\">Baixar<\/a><\/div>\n\n\n\n<hr class=\"wp-block-separator has-alpha-channel-opacity\"\/>\n\n\n\n<p><strong>EDITAL 009\/2024 &#8211; 14 de Setembro de 2024 &#8211; Pra\u00e7a da Prefeitura <\/strong><br><\/p>\n\n\n\n<div class=\"wp-block-file\"><a id=\"wp-block-file--media-794adf6c-80a0-4b4f-9689-a936a002033d\" href=\"https:\/\/www.ficindaial.com.br\/fundacao\/wp-content\/uploads\/2024\/09\/RELACAO-DE-APROVADOS-09_2024-14_09-1.pdf\">RELA\u00c7\u00c3O DE APROVADOS 09_2024 &#8211; 14_09 (1)<\/a><a href=\"https:\/\/www.ficindaial.com.br\/fundacao\/wp-content\/uploads\/2024\/09\/RELACAO-DE-APROVADOS-09_2024-14_09-1.pdf\" class=\"wp-block-file__button wp-element-button\" download aria-describedby=\"wp-block-file--media-794adf6c-80a0-4b4f-9689-a936a002033d\">Baixar<\/a><\/div>\n\n\n\n<hr class=\"wp-block-separator has-alpha-channel-opacity\"\/>\n\n\n\n<p><strong>EDITAL 008\/2024 &#8211; 10 de Agosto de 2024 &#8211; Pra\u00e7a da Prefeitura <\/strong><\/p>\n\n\n\n<div class=\"wp-block-file\"><a id=\"wp-block-file--media-640983ca-df4c-4662-8b3b-d5ed52b4e466\" href=\"https:\/\/www.ficindaial.com.br\/fundacao\/wp-content\/uploads\/2024\/08\/RELACAO-DE-APROVADOS-08_2024-10_08.pdf\">RELA\u00c7\u00c3O DE APROVADOS 08_2024 &#8211; 10_08<\/a><a href=\"https:\/\/www.ficindaial.com.br\/fundacao\/wp-content\/uploads\/2024\/08\/RELACAO-DE-APROVADOS-08_2024-10_08.pdf\" class=\"wp-block-file__button wp-element-button\" download aria-describedby=\"wp-block-file--media-640983ca-df4c-4662-8b3b-d5ed52b4e466\">Baixar<\/a><\/div>\n\n\n\n<hr class=\"wp-block-separator has-alpha-channel-opacity\"\/>\n\n\n\n<p><strong>EDITAL 007\/2024 &#8211; 08 de Junho 2024 &#8211; Pra\u00e7a da Prefeitura<\/strong> &#8211; CANCELADO PREVIS\u00c3O DE CHUVA<\/p>\n\n\n\n<hr class=\"wp-block-separator has-alpha-channel-opacity\"\/>\n\n\n\n<p><strong>EDITAL 006\/2024 &#8211; 08 de Junho 2024 &#8211; Pra\u00e7a da Prefeitura<\/strong><\/p>\n\n\n\n<div class=\"wp-block-file\"><a id=\"wp-block-file--media-e38b3c84-02bd-4f24-9f58-532a56e784cc\" href=\"https:\/\/www.ficindaial.com.br\/fundacao\/wp-content\/uploads\/2024\/06\/RELACAO-DE-APROVADOS-06_2024-08_06.pdf\">RELACAO-DE-APROVADOS-06_2024-08_06<\/a><a href=\"https:\/\/www.ficindaial.com.br\/fundacao\/wp-content\/uploads\/2024\/06\/RELACAO-DE-APROVADOS-06_2024-08_06.pdf\" class=\"wp-block-file__button wp-element-button\" download aria-describedby=\"wp-block-file--media-e38b3c84-02bd-4f24-9f58-532a56e784cc\">Baixar<\/a><\/div>\n\n\n\n<hr class=\"wp-block-separator has-alpha-channel-opacity\"\/>\n\n\n\n<p><strong>EDITAL 005\/2024 &#8211; 11 de Maio 202<\/strong>4<strong> &#8211; Pra\u00e7a da Prefeitura<\/strong><\/p>\n\n\n\n<div class=\"wp-block-file\"><a id=\"wp-block-file--media-527ead6b-6a54-4c51-a43e-b1c56fb4175c\" href=\"https:\/\/www.ficindaial.com.br\/fundacao\/wp-content\/uploads\/2024\/05\/RELAA_A_O-DE-APROVADOS-05_2024-11_05.pdf\">RELAA\u0303_A\u0303_O DE APROVADOS 05_2024 &#8211; 11_05<\/a><a href=\"https:\/\/www.ficindaial.com.br\/fundacao\/wp-content\/uploads\/2024\/05\/RELAA_A_O-DE-APROVADOS-05_2024-11_05.pdf\" class=\"wp-block-file__button wp-element-button\" download aria-describedby=\"wp-block-file--media-527ead6b-6a54-4c51-a43e-b1c56fb4175c\">Baixar<\/a><\/div>\n\n\n\n<hr class=\"wp-block-separator has-alpha-channel-opacity\"\/>\n\n\n\n<p><strong>EDITAL 004\/2024 &#8211; 21 de Abril 2024 &#8211; Centro Esportivo Bernardo Pisetta<\/strong><br><\/p>\n\n\n\n<div class=\"wp-block-file\"><a id=\"wp-block-file--media-256bf50b-a7cd-428d-9d68-928b4c249cc6\" href=\"https:\/\/www.ficindaial.com.br\/fundacao\/wp-content\/uploads\/2024\/04\/RELACAO-DE-APROVADOS-04_2024-21_04.pdf\">RELACAO-DE-APROVADOS-04_2024-21_04<\/a><a href=\"https:\/\/www.ficindaial.com.br\/fundacao\/wp-content\/uploads\/2024\/04\/RELACAO-DE-APROVADOS-04_2024-21_04.pdf\" class=\"wp-block-file__button wp-element-button\" download aria-describedby=\"wp-block-file--media-256bf50b-a7cd-428d-9d68-928b4c249cc6\">Baixar<\/a><\/div>\n\n\n\n<hr class=\"wp-block-separator has-alpha-channel-opacity\"\/>\n\n\n\n<p><strong>EDITAL: 003\/2024 &#8211; 09 de Mar\u00e7o 2024 &#8211; Pra\u00e7a da Prefeitura<\/strong><br><\/p>\n\n\n\n<div class=\"wp-block-file\"><a id=\"wp-block-file--media-0fe60a49-6dcd-4978-8bb6-7193f5d1b904\" href=\"https:\/\/www.ficindaial.com.br\/fundacao\/wp-content\/uploads\/2024\/03\/RELACAO-DE-APROVADOS-03_2024-09_03.pdf\">RELACAO-DE-APROVADOS-03_2024-09_03<\/a><a href=\"https:\/\/www.ficindaial.com.br\/fundacao\/wp-content\/uploads\/2024\/03\/RELACAO-DE-APROVADOS-03_2024-09_03.pdf\" class=\"wp-block-file__button wp-element-button\" download aria-describedby=\"wp-block-file--media-0fe60a49-6dcd-4978-8bb6-7193f5d1b904\">Baixar<\/a><\/div>\n\n\n\n<hr class=\"wp-block-separator has-alpha-channel-opacity\"\/>\n\n\n\n<p><strong>EDITAL: 002\/2024 &#8211; 10 de Fevereiro 2024 &#8211; Pra\u00e7a da Prefeitura<\/strong><\/p>\n\n\n\n<div class=\"wp-block-file\"><a id=\"wp-block-file--media-8f9803f2-b30e-4d99-8d13-fc9f6b945a5e\" href=\"https:\/\/www.ficindaial.com.br\/fundacao\/wp-content\/uploads\/2024\/02\/RELACAO-DE-APROVADOS-002_2024-10_02.pdf\">RELACAO-DE-APROVADOS-002_2024-10_02<\/a><a href=\"https:\/\/www.ficindaial.com.br\/fundacao\/wp-content\/uploads\/2024\/02\/RELACAO-DE-APROVADOS-002_2024-10_02.pdf\" class=\"wp-block-file__button wp-element-button\" download aria-describedby=\"wp-block-file--media-8f9803f2-b30e-4d99-8d13-fc9f6b945a5e\">Baixar<\/a><\/div>\n\n\n\n<hr class=\"wp-block-separator has-alpha-channel-opacity\"\/>\n\n\n\n<p><strong>EDITAL: 001\/2024 &#8211; 13 de Janeiro 2024 &#8211; Pra\u00e7a da Prefeitura<\/strong><\/p>\n","protected":false},"excerpt":{"rendered":"<p>SOBRE A&nbsp;Feira de&nbsp;Rua Flor&amp;Ser&nbsp;de Indaial visa movimentar a economia; fomentar a arte e a cultura; trazer trocas e viv\u00eancias entre as pessoas propiciando um ambiente de conv\u00edvio, viabilizando a exposi\u00e7\u00e3o e comercializa\u00e7\u00e3o de produtos que colaborem para a valoriza\u00e7\u00e3o da<\/p>\n","protected":false},"author":2,"featured_media":0,"parent":0,"menu_order":0,"comment_status":"closed","ping_status":"closed","template":"","meta":{"saved_in_kubio":false,"ngg_post_thumbnail":0,"footnotes":""},"class_list":["post-10090","page","type-page","status-publish","hentry"],"kubio_ai_page_context":{"short_desc":"","purpose":"general"},"_links":{"self":[{"href":"https:\/\/www.ficindaial.com.br\/fundacao\/wp-json\/wp\/v2\/pages\/10090","targetHints":{"allow":["GET"]}}],"collection":[{"href":"https:\/\/www.ficindaial.com.br\/fundacao\/wp-json\/wp\/v2\/pages"}],"about":[{"href":"https:\/\/www.ficindaial.com.br\/fundacao\/wp-json\/wp\/v2\/types\/page"}],"author":[{"embeddable":true,"href":"https:\/\/www.ficindaial.com.br\/fundacao\/wp-json\/wp\/v2\/users\/2"}],"replies":[{"embeddable":true,"href":"https:\/\/www.ficindaial.com.br\/fundacao\/wp-json\/wp\/v2\/comments?post=10090"}],"version-history":[{"count":37,"href":"https:\/\/www.ficindaial.com.br\/fundacao\/wp-json\/wp\/v2\/pages\/10090\/revisions"}],"predecessor-version":[{"id":10983,"href":"https:\/\/www.ficindaial.com.br\/fundacao\/wp-json\/wp\/v2\/pages\/10090\/revisions\/10983"}],"wp:attachment":[{"href":"https:\/\/www.ficindaial.com.br\/fundacao\/wp-json\/wp\/v2\/media?parent=10090"}],"curies":[{"name":"wp","href":"https:\/\/api.w.org\/{rel}","templated":true}]}}